{"id":5838,"date":"2024-12-20T09:30:05","date_gmt":"2024-12-20T08:30:05","guid":{"rendered":"https:\/\/catalanfood.com\/de\/?page_id=5838"},"modified":"2025-03-07T12:32:27","modified_gmt":"2025-03-07T11:32:27","slug":"datenschutzerklarung","status":"publish","type":"page","link":"https:\/\/catalanfood.com\/de\/datenschutzerklarung\/","title":{"rendered":"Datenschutzerkl\u00e4rung"},"content":{"rendered":"\t\t<div data-elementor-type=\"wp-page\" data-elementor-id=\"5838\" class=\"elementor elementor-5838\" data-elementor-post-type=\"page\">\n\t\t\t\t<section class=\"elementor-element elementor-element-00b2976 e-flex e-con-boxed e-con e-parent\" data-id=\"00b2976\" data-element_type=\"container\" data-e-type=\"container\">\n\t\t\t\t\t<div class=\"e-con-inner\">\n\t\t<div class=\"elementor-element elementor-element-23f1371 e-grid e-con-full e-con e-child\" data-id=\"23f1371\" data-element_type=\"container\" data-e-type=\"container\">\n\t\t<div class=\"elementor-element elementor-element-cce2a9d e-con-full e-flex e-con e-child\" data-id=\"cce2a9d\" data-element_type=\"container\" data-e-type=\"container\">\n\t\t\t\t<div class=\"elementor-element elementor-element-8cbfccc elementor-widget elementor-widget-heading\" data-id=\"8cbfccc\" data-element_type=\"widget\" data-e-type=\"widget\" data-widget_type=\"heading.default\">\n\t\t\t\t<div class=\"elementor-widget-container\">\n\t\t\t\t\t<h2 class=\"elementor-heading-title elementor-size-default\">Datenschutzerkl\u00e4rung<\/h2>\t\t\t\t<\/div>\n\t\t\t\t<\/div>\n\t\t\t\t<div class=\"elementor-element elementor-element-6e47c45 elementor-widget-divider--view-line elementor-widget elementor-widget-divider\" data-id=\"6e47c45\" data-element_type=\"widget\" data-e-type=\"widget\" data-widget_type=\"divider.default\">\n\t\t\t\t<div class=\"elementor-widget-container\">\n\t\t\t\t\t\t\t<div class=\"elementor-divider\">\n\t\t\t<span class=\"elementor-divider-separator\">\n\t\t\t\t\t\t<\/span>\n\t\t<\/div>\n\t\t\t\t\t\t<\/div>\n\t\t\t\t<\/div>\n\t\t\t\t<div class=\"elementor-element elementor-element-bdeb1ab elementor-widget elementor-widget-text-editor\" data-id=\"bdeb1ab\" data-element_type=\"widget\" data-e-type=\"widget\" data-widget_type=\"text-editor.default\">\n\t\t\t\t<div class=\"elementor-widget-container\">\n\t\t\t\t\t\t\t\t\t<h3 class=\"p1\"><strong>Promotora de Exportaciones Catalanas SA<\/strong><\/h3><p class=\"p1\">(im Folgenden \u201ePRODECA\u201c), ist sich der Bedeutung der geltenden Vorschriften zum Datenschutz und zur Privatsph\u00e4re bewusst. In diesem Zusammenhang messen wir dem Schutz der Sicherheit, Integrit\u00e4t, Richtigkeit und Vertraulichkeit der von unseren Kunden und Nutzern bereitgestellten Daten eine hohe Bedeutung bei und handeln diesbez\u00fcglich verantwortungsbewusst und transparent.<\/p><p class=\"p1\">Diese Datenschutzerkl\u00e4rung (im Folgenden \u201eDie Richtlinie\u201c) entspricht der Verordnung (EU) 2016\/679 des Europ\u00e4ischen Parlaments und des Rates vom 27. April 2016 \u00fcber den Schutz nat\u00fcrlicher Personen bei der Verarbeitung personenbezogener Daten und \u00fcber den freien Verkehr dieser Daten (im Folgenden \u201eDatenschutz-Grundverordnung\u201c) sowie dem Gesetz 3\/2018 vom 5. Dezember zum Schutz personenbezogener Daten und zur Garantie digitaler Rechte (im Folgenden \u201eLOPD-GDD\u201c). Sie dient dazu, Sie dar\u00fcber zu informieren, wie wir personenbezogene Daten erheben, verarbeiten und sch\u00fctzen. Ebenso wird der Zweck der gesammelten Daten und die m\u00f6glichen Verwendungen durch Dritte spezifiziert, entweder \u00fcber die Plattform <a href=\"https:\/\/www.prodeca.cat\/\" target=\"_blank\" rel=\"noopener\">https:\/\/www.prodeca.cat\/<\/a> (im Folgenden \u201edie Plattform\u201c) oder andere Kommunikationsmittel wie Telefon, E-Mail oder Post.<\/p><p class=\"p1\">PRODECA gibt an, dass wir versucht haben, diese Richtlinie so einfach und klar wie m\u00f6glich zu formulieren. Wir sind uns sehr bewusst, dass Ihre Privatsph\u00e4re wichtig ist, weshalb wir Ihnen empfehlen, unsere Richtlinie zu lesen und uns zu kontaktieren, wenn Sie Fragen haben. Unsere Richtlinie gilt f\u00fcr alle von der Plattform angebotenen Dienste, jedoch mit Ausnahme der Dienste, die separaten Datenschutzerkl\u00e4rungen unterliegen, die nicht in diese Richtlinie aufgenommen sind.<\/p><p class=\"p1\">Unsere Richtlinie regelt nicht die Datenverarbeitungsaktivit\u00e4ten anderer Unternehmen und Organisationen, die unsere Dienste und\/oder Produkte bewerben und Cookies, Web-Beacons und andere Technologien verwenden, um relevante Werbung zu schalten und anzubieten.<\/p><h3 class=\"p1\"><strong>Geltungsbereich der Datenschutzerkl\u00e4rung<\/strong><\/h3><p class=\"p1\">Diese Datenschutzerkl\u00e4rung gilt f\u00fcr die von unseren Kunden oder Lieferanten, Personen, die Informationen anfordern, Nutzern der Plattform, Bewerbern oder Dritten, mit denen wir interagieren, bereitgestellten Daten, die f\u00fcr die Durchf\u00fchrung unserer Aktivit\u00e4ten erforderlich sind.<\/p><h3 class=\"p1\"><strong>Die verantwortliche Stelle f\u00fcr die Verarbeitung Ihrer Daten ist:<\/strong><\/h3><p class=\"p3\"><strong>Promotora de Exportaciones Catalanas SA<\/strong><br \/>NIF: A58241316<br \/>Adresse: Calle Doctor Roux 80, 08017 Barcelona, Spanien.<br \/>Telefon: 935 524 820<br \/>E-Mail:\u00a0<a href=\"mailto:contacte@prodeca.cat\">contacte@prodeca.cat<\/a><\/p><p><strong>Kontaktinformationen des Datenschutzbeauftragten (im Folgenden \u201eDPO\u201c):<\/strong><br \/>Telefon: 935524820<br \/>E-Mail:\u00a0<a href=\"mailto:contacte@prodeca.cat\" target=\"_blank\" rel=\"noopener\">contacte@prodeca.cat<\/a><\/p><h3 class=\"p1\"><b>Welche Informationen erheben wir?<\/b><\/h3><p class=\"p1\">Basierend auf Ihren Anfragen sammeln wir personenbezogene Daten wie Name, Nachname, Telefonnummer, E-Mail-Adresse, Adresse, Unternehmen, Position im Unternehmen oder in der Branche, wenn Sie Informationen anfordern. Ebenso sammeln wir \u00fcber das &#8220;Kontakt&#8221;-Formular Ihre Fragen und Beschwerden.<\/p><p class=\"p1\">Wir sammeln auch Informationen, die Ihr Webbrowser automatisch an uns sendet, wenn Sie eine unserer Webseiten besuchen (Cookies), um Ihre Benutzererfahrung und die allgemeine Qualit\u00e4t unserer Dienstleistungen zu verbessern. Weitere Informationen k\u00f6nnen Sie unter <a href=\"https:\/\/www.aepd.es\/sites\/default\/files\/2019-12\/guia-cookies_1.pdf\" target=\"_blank\" rel=\"noopener\">https:\/\/www.aepd.es\/sites\/default\/files\/2019-12\/guia-cookies_1.pdf<\/a> einsehen.<\/p><p class=\"p1\">Wenn der Nutzer sp\u00e4ter die gespeicherten Informationen, die seine Zustimmung erforderten, l\u00f6schen m\u00f6chte, kann er dies mithilfe der von seinem Browser bereitgestellten Tools tun.<\/p><h3 class=\"p1\"><b>Zu welchem Zweck verarbeiten wir Ihre Daten?<\/b><\/h3><p class=\"p1\">Die von Ihnen bereitgestellten Daten werden zu den folgenden Zwecken verarbeitet (es sei denn, es wird klar aus dem Kontext abgeleitet, dass wir Ihre personenbezogenen Daten nur zu einem bestimmten Zweck verarbeiten; beispielsweise bei Formularen wie &#8220;Newsletter abonnieren&#8221;):<\/p><p class=\"p1\">Verwaltung Ihrer Beziehung mit uns bez\u00fcglich der angebotenen Dienstleistungen;<\/p><p class=\"p1\">Sofern zutreffend (damit eines der F\u00e4lle, in denen die geltende Gesetzgebung dies erlaubt), senden wir Ihnen unseren elektronischen Newsletter und Informationen \u00fcber die Dienste von Prodeca sowie Informationen zu Au\u00dfenhandel, Agrar- und Ern\u00e4hrungswirtschaft und Internationalisierung von Unternehmen \u00fcber alle Kommunikationskan\u00e4le (Post, E-Mail oder Telefon).<\/p><p class=\"p1\">Antwort auf Ihre Informationsanfragen;<\/p><p class=\"p1\">Durchf\u00fchrung von Umfragen, Statistiken und Marktanalyse;<\/p><p class=\"p1\">Ermittlung Ihrer Browsing-Pr\u00e4ferenzen auf unseren Webseiten, um unsere Dienstleistungen zu personalisieren und die Sicherheit der Plattform zu gew\u00e4hrleisten;<\/p><p class=\"p1\">Bereitstellung des Zugriffs auf passwortgesch\u00fctzte Kundenbereiche;<\/p><h3 class=\"p1\"><b>Wie lange speichern wir Ihre Daten?<\/b><\/h3><p class=\"p1\">Wenn wir Ihnen Dienstleistungen anbieten, werden die von Ihnen f\u00fcr diesen Zweck bereitgestellten Daten so lange aufbewahrt, wie die Beziehung besteht und so lange, wie es erforderlich ist, um gesetzlichen Verpflichtungen nachzukommen oder solange wir m\u00f6glicherweise eine Verantwortung haben. Andernfalls werden Ihre Daten so lange aufbewahrt, wie Sie die Einstellung der Aktivit\u00e4t nicht anfordern.<\/p><p class=\"p1\">Die personenbezogenen Daten, die Sie zur Anfrage von Informationen bereitgestellt haben, werden aufbewahrt, bis die Anfrage bearbeitet und abgeschlossen ist, und nach Abschluss f\u00fcr eine angemessene Zeit, um m\u00f6gliche damit zusammenh\u00e4ngende Fragen zu kl\u00e4ren.<\/p><p class=\"p1\">Die personenbezogenen Daten, die Sie zur Anfrage von Informationen bereitgestellt haben, werden aufbewahrt, bis die Anfrage bearbeitet und abgeschlossen ist, und nach Abschluss f\u00fcr eine angemessene Zeit, um m\u00f6gliche damit zusammenh\u00e4ngende Fragen zu kl\u00e4ren.<\/p><p class=\"p1\">Die Kontaktinformationen f\u00fcr den Versand unseres Newsletters werden von dem Zeitpunkt an aufbewahrt, an dem Sie diese ausdr\u00fccklich angefordert haben, bis Sie uns mitteilen, dass Sie sich abmelden m\u00f6chten.<\/p><p class=\"p1\">Im Falle von Cookies werden diese w\u00e4hrend der Aufbewahrungsfrist je nach Cookie-Typ im Browser gespeichert, aber Sie k\u00f6nnen diese jederzeit \u00fcber die Browsereinstellungen l\u00f6schen.<\/p><h3 class=\"p1\"><b>Was ist die Legitimation f\u00fcr die Verarbeitung Ihrer Daten?<\/b><\/h3><p class=\"p1\">Wir sind legitimiert und befugt, die von Ihnen bereitgestellten Informationen zu behandeln und zu verarbeiten, wenn diese Informationen notwendig sind, um die angeforderten Informationen zu senden oder die Verwaltung der Plattform durchzuf\u00fchren, den Vertrag zu erf\u00fcllen, den Abonnementvertrag zu erf\u00fcllen, um Ihnen Informationen zu senden, die f\u00fcr Sie von Interesse sind, durch unsere Kommunikationskan\u00e4le, Ihre Zustimmung zu erhalten, um auf Ihre Anfragen \u00fcber unsere Kontakt- und Kommentarfelder zu antworten und, falls zutreffend, die gesetzlichen Verpflichtungen im Einklang mit der Union oder den Mitgliedstaaten einzuhalten.<\/p><p class=\"p1\">Solange Sie unser Kunde sind, sind wir auch berechtigt, Ihre Daten zu verwenden, um Ihnen Informationen zu Werbeaktionen, Dienstleistungen, Rundschreiben und Kampagnen zu senden, die f\u00fcr Sie von Interesse sein k\u00f6nnten, unter Ber\u00fccksichtigung der zuvor erbrachten Dienstleistungen, auch wenn Sie dieser Verarbeitung jederzeit widersprechen k\u00f6nnen.<\/p><p class=\"p1\">Au\u00dferhalb der oben genannten F\u00e4lle werden wir immer Ihre Zustimmung einholen, bevor wir Ihre Daten verarbeiten. Die Zustimmung wird die freie, spezifische, informierte und eindeutige Willensbekundung Ihrerseits sein. Sie haben das Recht, Ihre erteilte Zustimmung jederzeit zu widerrufen.<\/p><h3 class=\"p1\"><b>Wem geben wir Ihre Daten weiter?<\/b><\/h3><p class=\"p1\">Wir werden Ihre Daten nicht an Dritte weitergeben, au\u00dfer an Prodeca, es sei denn, es besteht eine gesetzliche Verpflichtung oder wir haben Ihre Zustimmung f\u00fcr diese Weitergaben erhalten.<\/p><h3 class=\"p1\"><b>Welche Rechte haben Sie im Hinblick auf die Verarbeitung Ihrer Daten?<\/b><\/h3><p class=\"p1\">Sie haben das Recht, Informationen \u00fcber die Verarbeitung Ihrer personenbezogenen Daten durch PRODECA zu erhalten. Im Detail:<\/p><p class=\"p1\">Sie haben das Recht, auf Ihre personenbezogenen Daten zuzugreifen, um zu erfahren, welche personenbezogenen Daten wir verarbeiten, die Sie betreffen, sowie die Berichtigung unrichtiger Daten zu verlangen oder, falls zutreffend, deren L\u00f6schung zu beantragen, wenn unter anderem die Daten f\u00fcr die Zwecke, f\u00fcr die sie erhoben wurden, nicht mehr erforderlich sind.<\/p><p class=\"p1\">Unter bestimmten Umst\u00e4nden k\u00f6nnen Sie die Einschr\u00e4nkung der Verarbeitung Ihrer Daten verlangen, in diesem Fall werden wir diese nur f\u00fcr die Aus\u00fcbung oder Verteidigung von Anspr\u00fcchen aufbewahren.<\/p><p class=\"p1\">Unter bestimmten Umst\u00e4nden und aus Gr\u00fcnden, die mit Ihrer besonderen Situation zusammenh\u00e4ngen, k\u00f6nnen Sie der Verarbeitung Ihrer Daten widersprechen. PRODECA wird die Verarbeitung Ihrer Daten einstellen, es sei denn, es liegen zwingende, berechtigte Gr\u00fcnde vor oder die Aus\u00fcbung oder Verteidigung m\u00f6glicher Anspr\u00fcche.<\/p><p class=\"p1\">Sie haben das Recht auf Daten\u00fcbertragbarkeit, das hei\u00dft, dass die personenbezogenen Daten, die Sie bereitgestellt haben, direkt an einen anderen Verantwortlichen in einem strukturierten, allgemein gebr\u00e4uchlichen und maschinenlesbaren Format \u00fcbermittelt werden, wenn dies technisch m\u00f6glich ist.<\/p><p class=\"p1\">Sie k\u00f6nnen die oben genannten Rechte aus\u00fcben, indem Sie eine E-Mail an die Adresse\u00a0<a href=\"mailto:contacte@prodeca.cat\">contacte@prodeca.cat<\/a> senden. Wir werden Ihre Anfragen so schnell wie m\u00f6glich beantworten und in allen F\u00e4llen innerhalb eines (1) Monats nach Erhalt Ihrer Anfrage. In bestimmten F\u00e4llen kann dieser Zeitraum um zwei (2) Monate verl\u00e4ngert werden, wir werden Sie jedoch rechtzeitig dar\u00fcber informieren, sp\u00e4testens innerhalb eines (1) Monats nach Erhalt Ihrer Anfrage.<\/p><p class=\"p1\">Wenn Sie der Ansicht sind, dass die Verarbeitung Ihrer personenbezogenen Daten gegen die Datenschutzbestimmungen verst\u00f6\u00dft oder wenn Sie der Meinung sind, dass wir Ihre Rechte nicht ordnungsgem\u00e4\u00df ausge\u00fcbt haben, k\u00f6nnen Sie eine Beschwerde bei der zust\u00e4ndigen Aufsichtsbeh\u00f6rde an Ihrem Wohnort einreichen. Sie k\u00f6nnen die verschiedenen Kontrollbeh\u00f6rden auf der Website der spanischen Datenschutzbeh\u00f6rde einsehen.<\/p><p class=\"p1\">In jedem Fall bitten wir Sie, uns vor der Einreichung einer Beschwerde \u00fcber\u00a0<a href=\"mailto:contacte@prodeca.cat\">contacte@prodeca.cat<\/a>\u00a0oder per Post an die Promotora de Exportaciones Catalanas SA, Calle Doctor Roux 80, 08017 Barcelona, \u200b\u200bSpanien zu kontaktieren, um zu versuchen, eventuelle Unstimmigkeiten auf freundliche Weise zu l\u00f6sen.<\/p><h3 class=\"p1\"><b>Haben Sie das Recht, Ihre Zustimmung zu widerrufen?<\/b><\/h3><p class=\"p1\">Ja, Sie k\u00f6nnen Ihre Zustimmung zur Verarbeitung Ihrer Daten f\u00fcr einen oder mehrere der oben genannten Zwecke, f\u00fcr die Sie Ihre Zustimmung gegeben haben, jederzeit widerrufen. Dies gilt nur f\u00fcr die Zwecke, deren Rechtsgrundlage die Zustimmung gem\u00e4\u00df den oben angegebenen Bestimmungen ist.<\/p><h3 class=\"p1\"><b>Kann diese Datenschutzerkl\u00e4rung ge\u00e4ndert werden?<\/b><\/h3><p class=\"p1\">Unsere Datenschutzerkl\u00e4rung kann jederzeit ge\u00e4ndert werden. Wir werden Ihre Rechte, die Ihnen aufgrund dieser Datenschutzerkl\u00e4rung zustehen, nicht einschr\u00e4nken und auch keine besonders relevanten \u00c4nderungen an der Datenschutzerkl\u00e4rung ohne Ihre ausdr\u00fcckliche Zustimmung vornehmen. Alle \u00c4nderungen an dieser Datenschutzerkl\u00e4rung werden wir auf dieser Seite ver\u00f6ffentlichen und, wenn sie von Bedeutung sind, eine auff\u00e4lligere Mitteilung bereitstellen (zum Beispiel, dass wir Sie per E-Mail benachrichtigen, wenn die \u00c4nderung bestimmte Aspekte betrifft, und in Einzelf\u00e4llen sogar eine erneute Zustimmung per E-Mail einholen). Au\u00dferdem werden wir fr\u00fchere Versionen dieser Datenschutzerkl\u00e4rung zu Ihrer Information archivieren.<\/p><p class=\"p3\"><strong>Promotora de Exportaciones Catalanas SA<\/strong><br \/>NIF: A58241316<br \/>Adresse: Calle Doctor Roux 80, 08017 Barcelona, Spanien.<br \/>Telefon: 935 524 820<br \/>E-Mail:\u00a0<a href=\"https:\/\/catalanfood.com\/privacy-policy\/contacte@prodeca.cat\">contacte@prodeca.cat<\/a><\/p><p class=\"p3\">Ihre Kontaktdaten k\u00f6nnen an die Organisationseinheiten der Messen und Veranstaltungen weitergegeben werden, an denen Sie teilnehmen, um die von Ihnen angeforderten Dienstleistungen zu verwalten.<\/p>\t\t\t\t\t\t\t\t<\/div>\n\t\t\t\t<\/div>\n\t\t\t\t<\/div>\n\t\t\t\t<\/div>\n\t\t\t\t\t<\/div>\n\t\t\t\t<\/section>\n\t\t\t\t<\/div>\n\t\t","protected":false},"excerpt":{"rendered":"<p>Datenschutzerkl\u00e4rung Promotora de Exportaciones Catalanas SA (im Folgenden \u201ePRODECA\u201c), ist sich der Bedeutung der geltenden Vorschriften zum Datenschutz und zur Privatsph\u00e4re bewusst. In diesem Zusammenhang messen wir dem Schutz der Sicherheit, Integrit\u00e4t, Richtigkeit und Vertraulichkeit der von unseren Kunden und Nutzern bereitgestellten Daten eine hohe Bedeutung bei und handeln diesbez\u00fcglich verantwortungsbewusst und transparent. Diese Datenschutzerkl\u00e4rung [&hellip;]<\/p>\n","protected":false},"author":1,"featured_media":0,"parent":0,"menu_order":0,"comment_status":"closed","ping_status":"closed","template":"","meta":{"_acf_changed":false,"footnotes":""},"class_list":["post-5838","page","type-page","status-publish","hentry"],"acf":[],"yoast_head":"<!-- This site is optimized with the Yoast SEO plugin v27.1.1 - https:\/\/yoast.com\/product\/yoast-seo-wordpress\/ -->\n<title>Datenschutzerkl\u00e4rung | Catalan Food DE<\/title>\n<meta name=\"robots\" content=\"index, follow, max-snippet:-1, max-image-preview:large, max-video-preview:-1\" \/>\n<link rel=\"canonical\" href=\"https:\/\/catalanfood.com\/de\/datenschutzerklarung\/\" \/>\n<meta property=\"og:locale\" content=\"en_GB\" \/>\n<meta property=\"og:type\" content=\"article\" \/>\n<meta property=\"og:title\" content=\"Datenschutzerkl\u00e4rung | Catalan Food DE\" \/>\n<meta property=\"og:description\" content=\"Datenschutzerkl\u00e4rung Promotora de Exportaciones Catalanas SA (im Folgenden \u201ePRODECA\u201c), ist sich der Bedeutung der geltenden Vorschriften zum Datenschutz und zur Privatsph\u00e4re bewusst. In diesem Zusammenhang messen wir dem Schutz der Sicherheit, Integrit\u00e4t, Richtigkeit und Vertraulichkeit der von unseren Kunden und Nutzern bereitgestellten Daten eine hohe Bedeutung bei und handeln diesbez\u00fcglich verantwortungsbewusst und transparent. Diese Datenschutzerkl\u00e4rung [&hellip;]\" \/>\n<meta property=\"og:url\" content=\"https:\/\/catalanfood.com\/de\/datenschutzerklarung\/\" \/>\n<meta property=\"og:site_name\" content=\"Catalan Food DE\" \/>\n<meta property=\"article:modified_time\" content=\"2025-03-07T11:32:27+00:00\" \/>\n<meta name=\"twitter:card\" content=\"summary_large_image\" \/>\n<meta name=\"twitter:label1\" content=\"Estimated reading time\" \/>\n\t<meta name=\"twitter:data1\" content=\"7 minutes\" \/>\n<script type=\"application\/ld+json\" class=\"yoast-schema-graph\">{\"@context\":\"https:\/\/schema.org\",\"@graph\":[{\"@type\":\"WebPage\",\"@id\":\"https:\/\/catalanfood.com\/de\/datenschutzerklarung\/\",\"url\":\"https:\/\/catalanfood.com\/de\/datenschutzerklarung\/\",\"name\":\"Datenschutzerkl\u00e4rung | Catalan Food DE\",\"isPartOf\":{\"@id\":\"https:\/\/catalanfood.com\/de\/#website\"},\"datePublished\":\"2024-12-20T08:30:05+00:00\",\"dateModified\":\"2025-03-07T11:32:27+00:00\",\"breadcrumb\":{\"@id\":\"https:\/\/catalanfood.com\/de\/datenschutzerklarung\/#breadcrumb\"},\"inLanguage\":\"en-GB\",\"potentialAction\":[{\"@type\":\"ReadAction\",\"target\":[\"https:\/\/catalanfood.com\/de\/datenschutzerklarung\/\"]}]},{\"@type\":\"BreadcrumbList\",\"@id\":\"https:\/\/catalanfood.com\/de\/datenschutzerklarung\/#breadcrumb\",\"itemListElement\":[{\"@type\":\"ListItem\",\"position\":1,\"name\":\"Home\",\"item\":\"https:\/\/catalanfood.com\/de\/\"},{\"@type\":\"ListItem\",\"position\":2,\"name\":\"Datenschutzerkl\u00e4rung\"}]},{\"@type\":\"WebSite\",\"@id\":\"https:\/\/catalanfood.com\/de\/#website\",\"url\":\"https:\/\/catalanfood.com\/de\/\",\"name\":\"Catalan Food DE\",\"description\":\"\",\"potentialAction\":[{\"@type\":\"SearchAction\",\"target\":{\"@type\":\"EntryPoint\",\"urlTemplate\":\"https:\/\/catalanfood.com\/de\/?s={search_term_string}\"},\"query-input\":{\"@type\":\"PropertyValueSpecification\",\"valueRequired\":true,\"valueName\":\"search_term_string\"}}],\"inLanguage\":\"en-GB\"}]}<\/script>\n<!-- \/ Yoast SEO plugin. -->","yoast_head_json":{"title":"Datenschutzerkl\u00e4rung | Catalan Food DE","robots":{"index":"index","follow":"follow","max-snippet":"max-snippet:-1","max-image-preview":"max-image-preview:large","max-video-preview":"max-video-preview:-1"},"canonical":"https:\/\/catalanfood.com\/de\/datenschutzerklarung\/","og_locale":"en_GB","og_type":"article","og_title":"Datenschutzerkl\u00e4rung | Catalan Food DE","og_description":"Datenschutzerkl\u00e4rung Promotora de Exportaciones Catalanas SA (im Folgenden \u201ePRODECA\u201c), ist sich der Bedeutung der geltenden Vorschriften zum Datenschutz und zur Privatsph\u00e4re bewusst. In diesem Zusammenhang messen wir dem Schutz der Sicherheit, Integrit\u00e4t, Richtigkeit und Vertraulichkeit der von unseren Kunden und Nutzern bereitgestellten Daten eine hohe Bedeutung bei und handeln diesbez\u00fcglich verantwortungsbewusst und transparent. Diese Datenschutzerkl\u00e4rung [&hellip;]","og_url":"https:\/\/catalanfood.com\/de\/datenschutzerklarung\/","og_site_name":"Catalan Food DE","article_modified_time":"2025-03-07T11:32:27+00:00","twitter_card":"summary_large_image","twitter_misc":{"Estimated reading time":"7 minutes"},"schema":{"@context":"https:\/\/schema.org","@graph":[{"@type":"WebPage","@id":"https:\/\/catalanfood.com\/de\/datenschutzerklarung\/","url":"https:\/\/catalanfood.com\/de\/datenschutzerklarung\/","name":"Datenschutzerkl\u00e4rung | Catalan Food DE","isPartOf":{"@id":"https:\/\/catalanfood.com\/de\/#website"},"datePublished":"2024-12-20T08:30:05+00:00","dateModified":"2025-03-07T11:32:27+00:00","breadcrumb":{"@id":"https:\/\/catalanfood.com\/de\/datenschutzerklarung\/#breadcrumb"},"inLanguage":"en-GB","potentialAction":[{"@type":"ReadAction","target":["https:\/\/catalanfood.com\/de\/datenschutzerklarung\/"]}]},{"@type":"BreadcrumbList","@id":"https:\/\/catalanfood.com\/de\/datenschutzerklarung\/#breadcrumb","itemListElement":[{"@type":"ListItem","position":1,"name":"Home","item":"https:\/\/catalanfood.com\/de\/"},{"@type":"ListItem","position":2,"name":"Datenschutzerkl\u00e4rung"}]},{"@type":"WebSite","@id":"https:\/\/catalanfood.com\/de\/#website","url":"https:\/\/catalanfood.com\/de\/","name":"Catalan Food DE","description":"","potentialAction":[{"@type":"SearchAction","target":{"@type":"EntryPoint","urlTemplate":"https:\/\/catalanfood.com\/de\/?s={search_term_string}"},"query-input":{"@type":"PropertyValueSpecification","valueRequired":true,"valueName":"search_term_string"}}],"inLanguage":"en-GB"}]}},"_links":{"self":[{"href":"https:\/\/catalanfood.com\/de\/wp-json\/wp\/v2\/pages\/5838","targetHints":{"allow":["GET"]}}],"collection":[{"href":"https:\/\/catalanfood.com\/de\/wp-json\/wp\/v2\/pages"}],"about":[{"href":"https:\/\/catalanfood.com\/de\/wp-json\/wp\/v2\/types\/page"}],"author":[{"embeddable":true,"href":"https:\/\/catalanfood.com\/de\/wp-json\/wp\/v2\/users\/1"}],"replies":[{"embeddable":true,"href":"https:\/\/catalanfood.com\/de\/wp-json\/wp\/v2\/comments?post=5838"}],"version-history":[{"count":8,"href":"https:\/\/catalanfood.com\/de\/wp-json\/wp\/v2\/pages\/5838\/revisions"}],"predecessor-version":[{"id":7382,"href":"https:\/\/catalanfood.com\/de\/wp-json\/wp\/v2\/pages\/5838\/revisions\/7382"}],"wp:attachment":[{"href":"https:\/\/catalanfood.com\/de\/wp-json\/wp\/v2\/media?parent=5838"}],"curies":[{"name":"wp","href":"https:\/\/api.w.org\/{rel}","templated":true}]}}