{"id":5567,"date":"2024-12-16T12:21:53","date_gmt":"2024-12-16T11:21:53","guid":{"rendered":"https:\/\/catalanfood.com\/latam\/?page_id=5567"},"modified":"2026-04-23T23:43:50","modified_gmt":"2026-04-23T21:43:50","slug":"cataluna","status":"publish","type":"page","link":"https:\/\/catalanfood.com\/latam\/cataluna\/","title":{"rendered":"Catalu\u00f1a"},"content":{"rendered":"\t\t<div data-elementor-type=\"wp-page\" data-elementor-id=\"5567\" class=\"elementor elementor-5567\" data-elementor-post-type=\"page\">\n\t\t\t\t<section class=\"elementor-element elementor-element-4785fb8 e-flex e-con-boxed e-con e-parent\" data-id=\"4785fb8\" data-element_type=\"container\" data-e-type=\"container\" data-settings=\"{&quot;background_background&quot;:&quot;classic&quot;}\">\n\t\t\t\t\t<div class=\"e-con-inner\">\n\t\t\t\t<div class=\"elementor-element elementor-element-124176b elementor-widget elementor-widget-image\" data-id=\"124176b\" data-element_type=\"widget\" data-e-type=\"widget\" data-widget_type=\"image.default\">\n\t\t\t\t<div class=\"elementor-widget-container\">\n\t\t\t\t\t\t\t\t\t\t\t\t\t\t\t<img decoding=\"async\" width=\"1\" height=\"1\" src=\"https:\/\/catalanfood.com\/latam\/wp-content\/uploads\/sites\/6\/2024\/11\/detail-07-ico.svg\" class=\"attachment-large size-large wp-image-153\" alt=\"\" \/>\t\t\t\t\t\t\t\t\t\t\t\t\t\t\t<\/div>\n\t\t\t\t<\/div>\n\t\t\t\t<div class=\"elementor-element elementor-element-0d8ef0b heading-blanc elementor-widget elementor-widget-heading\" data-id=\"0d8ef0b\" data-element_type=\"widget\" data-e-type=\"widget\" data-widget_type=\"heading.default\">\n\t\t\t\t<div class=\"elementor-widget-container\">\n\t\t\t\t\t<h1 class=\"elementor-heading-title elementor-size-default\">Catalu\u00f1a<\/h1>\t\t\t\t<\/div>\n\t\t\t\t<\/div>\n\t\t\t\t\t<\/div>\n\t\t\t\t<\/section>\n\t\t<section class=\"elementor-element elementor-element-283a0cd e-con-full e-flex e-con e-parent\" data-id=\"283a0cd\" data-element_type=\"container\" data-e-type=\"container\" data-settings=\"{&quot;background_background&quot;:&quot;classic&quot;}\">\n\t\t<div class=\"elementor-element elementor-element-917255e e-con-full e-flex e-con e-child\" data-id=\"917255e\" data-element_type=\"container\" data-e-type=\"container\">\n\t\t\t\t<div class=\"elementor-element elementor-element-c71556f heading-rosa elementor-widget elementor-widget-heading\" data-id=\"c71556f\" data-element_type=\"widget\" data-e-type=\"widget\" data-widget_type=\"heading.default\">\n\t\t\t\t<div class=\"elementor-widget-container\">\n\t\t\t\t\t<h2 class=\"elementor-heading-title elementor-size-default\">La tierra de Barcelona<\/h2>\t\t\t\t<\/div>\n\t\t\t\t<\/div>\n\t\t\t\t<div class=\"elementor-element elementor-element-dac1571 elementor-widget-divider--view-line elementor-widget elementor-widget-divider\" data-id=\"dac1571\" data-element_type=\"widget\" data-e-type=\"widget\" data-widget_type=\"divider.default\">\n\t\t\t\t<div class=\"elementor-widget-container\">\n\t\t\t\t\t\t\t<div class=\"elementor-divider\">\n\t\t\t<span class=\"elementor-divider-separator\">\n\t\t\t\t\t\t<\/span>\n\t\t<\/div>\n\t\t\t\t\t\t<\/div>\n\t\t\t\t<\/div>\n\t\t\t\t<div class=\"elementor-element elementor-element-f8bac7c elementor-widget elementor-widget-text-editor\" data-id=\"f8bac7c\" data-element_type=\"widget\" data-e-type=\"widget\" data-widget_type=\"text-editor.default\">\n\t\t\t\t<div class=\"elementor-widget-container\">\n\t\t\t\t\t\t\t\t\t<p style=\"font-weight: 400;\">Catalu\u00f1a, con <strong>Barcelona como su capital<\/strong>, es una regi\u00f3n europea en el \u00e1rea mediterr\u00e1nea, con su propia cultura, lengua y tradiciones.<\/p><p style=\"font-weight: 400;\">La geograf\u00eda y la historia de Catalu\u00f1a han dado forma a un estilo de vida donde <strong>la comida<\/strong> es una parte central de la cultura y la identidad catalana.<\/p>\t\t\t\t\t\t\t\t<\/div>\n\t\t\t\t<\/div>\n\t\t\t\t<\/div>\n\t\t<div class=\"elementor-element elementor-element-42271ac e-con-full e-flex e-con e-child\" data-id=\"42271ac\" data-element_type=\"container\" data-e-type=\"container\">\n\t\t\t\t<div class=\"elementor-element elementor-element-4884e5e elementor-widget elementor-widget-image\" data-id=\"4884e5e\" data-element_type=\"widget\" data-e-type=\"widget\" data-widget_type=\"image.default\">\n\t\t\t\t<div class=\"elementor-widget-container\">\n\t\t\t\t\t\t\t\t\t\t\t\t\t\t\t<img decoding=\"async\" width=\"1\" height=\"1\" src=\"https:\/\/catalanfood.com\/latam\/wp-content\/uploads\/sites\/6\/2024\/11\/map-europe.svg\" class=\"attachment-large size-large wp-image-75\" alt=\"\" \/>\t\t\t\t\t\t\t\t\t\t\t\t\t\t\t<\/div>\n\t\t\t\t<\/div>\n\t\t\t\t<\/div>\n\t\t\t\t<\/section>\n\t\t<section class=\"elementor-element elementor-element-89cfdaf e-flex e-con-boxed e-con e-parent\" data-id=\"89cfdaf\" data-element_type=\"container\" data-e-type=\"container\">\n\t\t\t\t\t<div class=\"e-con-inner\">\n\t\t\t\t<div class=\"elementor-element elementor-element-a018a10 heading-rosa elementor-widget elementor-widget-heading\" data-id=\"a018a10\" data-element_type=\"widget\" data-e-type=\"widget\" data-widget_type=\"heading.default\">\n\t\t\t\t<div class=\"elementor-widget-container\">\n\t\t\t\t\t<h2 class=\"elementor-heading-title elementor-size-default\">Catalu\u00f1a en cifras<\/h2>\t\t\t\t<\/div>\n\t\t\t\t<\/div>\n\t\t\t\t<div class=\"elementor-element elementor-element-5f2296e elementor-widget-divider--view-line elementor-widget elementor-widget-divider\" data-id=\"5f2296e\" data-element_type=\"widget\" data-e-type=\"widget\" data-widget_type=\"divider.default\">\n\t\t\t\t<div class=\"elementor-widget-container\">\n\t\t\t\t\t\t\t<div class=\"elementor-divider\">\n\t\t\t<span class=\"elementor-divider-separator\">\n\t\t\t\t\t\t<\/span>\n\t\t<\/div>\n\t\t\t\t\t\t<\/div>\n\t\t\t\t<\/div>\n\t\t\t\t<div class=\"elementor-element elementor-element-35a0659 elementor-arrows-position-inside elementor-widget elementor-widget-n-carousel\" data-id=\"35a0659\" data-element_type=\"widget\" data-e-type=\"widget\" data-settings=\"{&quot;carousel_items&quot;:[{&quot;slide_title&quot;:&quot;Diapositiva n\\u00ba 1&quot;,&quot;_id&quot;:&quot;0ea3841&quot;},{&quot;slide_title&quot;:&quot;Diapositiva n\\u00ba 1&quot;,&quot;_id&quot;:&quot;66f548b&quot;},{&quot;slide_title&quot;:&quot;Diapositiva n\\u00ba 1&quot;,&quot;_id&quot;:&quot;9a0aec6&quot;},{&quot;slide_title&quot;:&quot;Diapositiva n\\u00ba 1&quot;,&quot;_id&quot;:&quot;2470db6&quot;}],&quot;slides_to_show&quot;:&quot;4&quot;,&quot;slides_to_scroll_mobile&quot;:&quot;1&quot;,&quot;slides_to_show_tablet&quot;:&quot;2&quot;,&quot;slides_to_show_mobile&quot;:&quot;1&quot;,&quot;autoplay&quot;:&quot;yes&quot;,&quot;autoplay_speed&quot;:5000,&quot;pause_on_hover&quot;:&quot;yes&quot;,&quot;pause_on_interaction&quot;:&quot;yes&quot;,&quot;infinite&quot;:&quot;yes&quot;,&quot;speed&quot;:500,&quot;offset_sides&quot;:&quot;none&quot;,&quot;arrows&quot;:&quot;yes&quot;,&quot;image_spacing_custom&quot;:{&quot;unit&quot;:&quot;px&quot;,&quot;size&quot;:10,&quot;sizes&quot;:[]},&quot;image_spacing_custom_widescreen&quot;:{&quot;unit&quot;:&quot;px&quot;,&quot;size&quot;:&quot;&quot;,&quot;sizes&quot;:[]},&quot;image_spacing_custom_tablet&quot;:{&quot;unit&quot;:&quot;px&quot;,&quot;size&quot;:&quot;&quot;,&quot;sizes&quot;:[]},&quot;image_spacing_custom_mobile&quot;:{&quot;unit&quot;:&quot;px&quot;,&quot;size&quot;:&quot;&quot;,&quot;sizes&quot;:[]}}\" data-widget_type=\"nested-carousel.default\">\n\t\t\t\t<div class=\"elementor-widget-container\">\n\t\t\t\t\t\t\t<div class=\"e-n-carousel swiper\" role=\"region\" aria-roledescription=\"carousel\" aria-label=\"Carousel\" dir=\"ltr\">\n\t\t\t<div class=\"swiper-wrapper\" aria-live=\"off\">\n\t\t\t\t\t\t\t\t\t\t<div class=\"swiper-slide\" data-slide=\"1\" role=\"group\" aria-roledescription=\"slide\" aria-label=\"1 of 4\">\n\t\t\t\t\t\t\t<div class=\"elementor-element elementor-element-a6b3d39 e-flex e-con-boxed e-con e-child\" data-id=\"a6b3d39\" data-element_type=\"container\" data-e-type=\"container\">\n\t\t\t\t\t<div class=\"e-con-inner\">\n\t\t\t\t<div class=\"elementor-element elementor-element-f1c0d6c elementor-widget elementor-widget-image\" data-id=\"f1c0d6c\" data-element_type=\"widget\" data-e-type=\"widget\" data-widget_type=\"image.default\">\n\t\t\t\t<div class=\"elementor-widget-container\">\n\t\t\t\t\t\t\t\t\t\t\t\t\t\t\t<img decoding=\"async\" width=\"1\" height=\"1\" src=\"https:\/\/catalanfood.com\/latam\/wp-content\/uploads\/sites\/6\/2024\/11\/ico-location.svg\" class=\"attachment-large size-large wp-image-210\" alt=\"\" \/>\t\t\t\t\t\t\t\t\t\t\t\t\t\t\t<\/div>\n\t\t\t\t<\/div>\n\t\t<div class=\"elementor-element elementor-element-31563ec e-con-full e-flex e-con e-child\" data-id=\"31563ec\" data-element_type=\"container\" data-e-type=\"container\">\n\t\t\t\t<div class=\"elementor-element elementor-element-6af2a55 elementor-widget elementor-widget-text-editor\" data-id=\"6af2a55\" data-element_type=\"widget\" data-e-type=\"widget\" data-widget_type=\"text-editor.default\">\n\t\t\t\t<div class=\"elementor-widget-container\">\n\t\t\t\t\t\t\t\t\t<p>Superficie<\/p>\t\t\t\t\t\t\t\t<\/div>\n\t\t\t\t<\/div>\n\t\t\t\t<div class=\"elementor-element elementor-element-ad4bcbe elementor-widget elementor-widget-counter\" data-id=\"ad4bcbe\" data-element_type=\"widget\" data-e-type=\"widget\" data-widget_type=\"counter.default\">\n\t\t\t\t<div class=\"elementor-widget-container\">\n\t\t\t\t\t\t\t<div class=\"elementor-counter\">\n\t\t\t\t\t\t<div class=\"elementor-counter-number-wrapper\">\n\t\t\t\t<span class=\"elementor-counter-number-prefix\"><\/span>\n\t\t\t\t<span class=\"elementor-counter-number\" data-duration=\"2000\" data-to-value=\"32.108\" data-from-value=\"0\" data-delimiter=\",\">0<\/span>\n\t\t\t\t<span class=\"elementor-counter-number-suffix\"> km<sup>2<\/span>\n\t\t\t<\/div>\n\t\t<\/div>\n\t\t\t\t\t\t<\/div>\n\t\t\t\t<\/div>\n\t\t\t\t<\/div>\n\t\t\t\t\t<\/div>\n\t\t\t\t<\/div>\n\t\t\t\t\t\t\t\t<\/div>\n\t\t\t\t\t\t\t\t\t\t\t<div class=\"swiper-slide\" data-slide=\"2\" role=\"group\" aria-roledescription=\"slide\" aria-label=\"2 of 4\">\n\t\t\t\t\t\t\t<div class=\"elementor-element elementor-element-559c772 e-flex e-con-boxed e-con e-child\" data-id=\"559c772\" data-element_type=\"container\" data-e-type=\"container\">\n\t\t\t\t\t<div class=\"e-con-inner\">\n\t\t\t\t<div class=\"elementor-element elementor-element-d8ea644 elementor-widget elementor-widget-image\" data-id=\"d8ea644\" data-element_type=\"widget\" data-e-type=\"widget\" data-widget_type=\"image.default\">\n\t\t\t\t<div class=\"elementor-widget-container\">\n\t\t\t\t\t\t\t\t\t\t\t\t\t\t\t<img loading=\"lazy\" decoding=\"async\" width=\"1\" height=\"1\" src=\"https:\/\/catalanfood.com\/latam\/wp-content\/uploads\/sites\/6\/2024\/11\/ico-population.svg\" class=\"attachment-large size-large wp-image-214\" alt=\"\" \/>\t\t\t\t\t\t\t\t\t\t\t\t\t\t\t<\/div>\n\t\t\t\t<\/div>\n\t\t<div class=\"elementor-element elementor-element-572b3db e-con-full e-flex e-con e-child\" data-id=\"572b3db\" data-element_type=\"container\" data-e-type=\"container\">\n\t\t\t\t<div class=\"elementor-element elementor-element-31bbf57 elementor-widget elementor-widget-text-editor\" data-id=\"31bbf57\" data-element_type=\"widget\" data-e-type=\"widget\" data-widget_type=\"text-editor.default\">\n\t\t\t\t<div class=\"elementor-widget-container\">\n\t\t\t\t\t\t\t\t\t<p>Poblaci\u00f3n<\/p>\t\t\t\t\t\t\t\t<\/div>\n\t\t\t\t<\/div>\n\t\t\t\t<div class=\"elementor-element elementor-element-ec83651 elementor-widget elementor-widget-counter\" data-id=\"ec83651\" data-element_type=\"widget\" data-e-type=\"widget\" data-widget_type=\"counter.default\">\n\t\t\t\t<div class=\"elementor-widget-container\">\n\t\t\t\t\t\t\t<div class=\"elementor-counter\">\n\t\t\t\t\t\t<div class=\"elementor-counter-number-wrapper\">\n\t\t\t\t<span class=\"elementor-counter-number-prefix\"><\/span>\n\t\t\t\t<span class=\"elementor-counter-number\" data-duration=\"2000\" data-to-value=\"7.5\" data-from-value=\"0\" data-delimiter=\",\">0<\/span>\n\t\t\t\t<span class=\"elementor-counter-number-suffix\"> million<\/span>\n\t\t\t<\/div>\n\t\t<\/div>\n\t\t\t\t\t\t<\/div>\n\t\t\t\t<\/div>\n\t\t\t\t<\/div>\n\t\t\t\t\t<\/div>\n\t\t\t\t<\/div>\n\t\t\t\t\t\t\t\t<\/div>\n\t\t\t\t\t\t\t\t\t\t\t<div class=\"swiper-slide\" data-slide=\"3\" role=\"group\" aria-roledescription=\"slide\" aria-label=\"3 of 4\">\n\t\t\t\t\t\t\t<div class=\"elementor-element elementor-element-e893d46 e-flex e-con-boxed e-con e-child\" data-id=\"e893d46\" data-element_type=\"container\" data-e-type=\"container\">\n\t\t\t\t\t<div class=\"e-con-inner\">\n\t\t\t\t<div class=\"elementor-element elementor-element-5bf4aeb elementor-widget elementor-widget-image\" data-id=\"5bf4aeb\" data-element_type=\"widget\" data-e-type=\"widget\" data-widget_type=\"image.default\">\n\t\t\t\t<div class=\"elementor-widget-container\">\n\t\t\t\t\t\t\t\t\t\t\t\t\t\t\t<img loading=\"lazy\" decoding=\"async\" width=\"1\" height=\"1\" src=\"https:\/\/catalanfood.com\/latam\/wp-content\/uploads\/sites\/6\/2024\/11\/ico-GDP.svg\" class=\"attachment-large size-large wp-image-215\" alt=\"\" \/>\t\t\t\t\t\t\t\t\t\t\t\t\t\t\t<\/div>\n\t\t\t\t<\/div>\n\t\t<div class=\"elementor-element elementor-element-7532dd8 e-con-full e-flex e-con e-child\" data-id=\"7532dd8\" data-element_type=\"container\" data-e-type=\"container\">\n\t\t\t\t<div class=\"elementor-element elementor-element-f4e60fb elementor-widget elementor-widget-text-editor\" data-id=\"f4e60fb\" data-element_type=\"widget\" data-e-type=\"widget\" data-widget_type=\"text-editor.default\">\n\t\t\t\t<div class=\"elementor-widget-container\">\n\t\t\t\t\t\t\t\t\t<p>PIB<\/p>\t\t\t\t\t\t\t\t<\/div>\n\t\t\t\t<\/div>\n\t\t\t\t<div class=\"elementor-element elementor-element-7c24fdf elementor-widget elementor-widget-counter\" data-id=\"7c24fdf\" data-element_type=\"widget\" data-e-type=\"widget\" data-widget_type=\"counter.default\">\n\t\t\t\t<div class=\"elementor-widget-container\">\n\t\t\t\t\t\t\t<div class=\"elementor-counter\">\n\t\t\t\t\t\t<div class=\"elementor-counter-number-wrapper\">\n\t\t\t\t<span class=\"elementor-counter-number-prefix\">\u20ac<\/span>\n\t\t\t\t<span class=\"elementor-counter-number\" data-duration=\"2000\" data-to-value=\"234.6\" data-from-value=\"0\" data-delimiter=\",\">0<\/span>\n\t\t\t\t<span class=\"elementor-counter-number-suffix\"> Bn<\/span>\n\t\t\t<\/div>\n\t\t<\/div>\n\t\t\t\t\t\t<\/div>\n\t\t\t\t<\/div>\n\t\t\t\t<\/div>\n\t\t\t\t\t<\/div>\n\t\t\t\t<\/div>\n\t\t\t\t\t\t\t\t<\/div>\n\t\t\t\t\t\t\t\t\t\t\t<div class=\"swiper-slide\" data-slide=\"4\" role=\"group\" aria-roledescription=\"slide\" aria-label=\"4 of 4\">\n\t\t\t\t\t\t\t<div class=\"elementor-element elementor-element-0753211 e-flex e-con-boxed e-con e-child\" data-id=\"0753211\" data-element_type=\"container\" data-e-type=\"container\">\n\t\t\t\t\t<div class=\"e-con-inner\">\n\t\t\t\t<div class=\"elementor-element elementor-element-0451eaf elementor-widget elementor-widget-image\" data-id=\"0451eaf\" data-element_type=\"widget\" data-e-type=\"widget\" data-widget_type=\"image.default\">\n\t\t\t\t<div class=\"elementor-widget-container\">\n\t\t\t\t\t\t\t\t\t\t\t\t\t\t\t<img loading=\"lazy\" decoding=\"async\" width=\"1\" height=\"1\" src=\"https:\/\/catalanfood.com\/latam\/wp-content\/uploads\/sites\/6\/2024\/11\/ico-tourist.svg\" class=\"attachment-large size-large wp-image-217\" alt=\"\" \/>\t\t\t\t\t\t\t\t\t\t\t\t\t\t\t<\/div>\n\t\t\t\t<\/div>\n\t\t<div class=\"elementor-element elementor-element-f89a33f e-con-full e-flex e-con e-child\" data-id=\"f89a33f\" data-element_type=\"container\" data-e-type=\"container\">\n\t\t\t\t<div class=\"elementor-element elementor-element-20a6c7b elementor-widget elementor-widget-text-editor\" data-id=\"20a6c7b\" data-element_type=\"widget\" data-e-type=\"widget\" data-widget_type=\"text-editor.default\">\n\t\t\t\t<div class=\"elementor-widget-container\">\n\t\t\t\t\t\t\t\t\t<p>Turistas\/a\u00f1o<\/p>\t\t\t\t\t\t\t\t<\/div>\n\t\t\t\t<\/div>\n\t\t\t\t<div class=\"elementor-element elementor-element-009d4fb elementor-widget elementor-widget-counter\" data-id=\"009d4fb\" data-element_type=\"widget\" data-e-type=\"widget\" data-widget_type=\"counter.default\">\n\t\t\t\t<div class=\"elementor-widget-container\">\n\t\t\t\t\t\t\t<div class=\"elementor-counter\">\n\t\t\t\t\t\t<div class=\"elementor-counter-number-wrapper\">\n\t\t\t\t<span class=\"elementor-counter-number-prefix\"><\/span>\n\t\t\t\t<span class=\"elementor-counter-number\" data-duration=\"2000\" data-to-value=\"23\" data-from-value=\"0\" data-delimiter=\",\">0<\/span>\n\t\t\t\t<span class=\"elementor-counter-number-suffix\"> million<\/span>\n\t\t\t<\/div>\n\t\t<\/div>\n\t\t\t\t\t\t<\/div>\n\t\t\t\t<\/div>\n\t\t\t\t<\/div>\n\t\t\t\t\t<\/div>\n\t\t\t\t<\/div>\n\t\t\t\t\t\t\t\t<\/div>\n\t\t\t\t\t\t\t\t<\/div>\n\t\t<\/div>\n\t\t\t\t\t<div class=\"elementor-swiper-button elementor-swiper-button-prev\" role=\"button\" tabindex=\"0\" aria-label=\"Anterior\">\n\t\t\t\t<svg aria-hidden=\"true\" class=\"e-font-icon-svg e-eicon-chevron-left\" viewBox=\"0 0 1000 1000\" xmlns=\"http:\/\/www.w3.org\/2000\/svg\"><path d=\"M646 125C629 125 613 133 604 142L308 442C296 454 292 471 292 487 292 504 296 521 308 533L604 854C617 867 629 875 646 875 663 875 679 871 692 858 704 846 713 829 713 812 713 796 708 779 692 767L438 487 692 225C700 217 708 204 708 187 708 171 704 154 692 142 675 129 663 125 646 125Z\"><\/path><\/svg>\t\t\t<\/div>\n\t\t\t<div class=\"elementor-swiper-button elementor-swiper-button-next\" role=\"button\" tabindex=\"0\" aria-label=\"Siguiente\">\n\t\t\t\t<svg aria-hidden=\"true\" class=\"e-font-icon-svg e-eicon-chevron-right\" viewBox=\"0 0 1000 1000\" xmlns=\"http:\/\/www.w3.org\/2000\/svg\"><path d=\"M696 533C708 521 713 504 713 487 713 471 708 454 696 446L400 146C388 133 375 125 354 125 338 125 325 129 313 142 300 154 292 171 292 187 292 204 296 221 308 233L563 492 304 771C292 783 288 800 288 817 288 833 296 850 308 863 321 871 338 875 354 875 371 875 388 867 400 854L696 533Z\"><\/path><\/svg>\t\t\t<\/div>\n\t\t\t\t\t\t<\/div>\n\t\t\t\t<\/div>\n\t\t\t\t\t<\/div>\n\t\t\t\t<\/section>\n\t\t<section class=\"elementor-element elementor-element-035748e e-flex e-con-boxed e-con e-parent\" data-id=\"035748e\" data-element_type=\"container\" data-e-type=\"container\">\n\t\t\t\t\t<div class=\"e-con-inner\">\n\t\t<div class=\"elementor-element elementor-element-af98938 e-grid e-con-full e-con e-child\" data-id=\"af98938\" data-element_type=\"container\" data-e-type=\"container\">\n\t\t\t\t<div class=\"elementor-element elementor-element-e335f29 elementor-widget elementor-widget-image\" data-id=\"e335f29\" data-element_type=\"widget\" data-e-type=\"widget\" data-widget_type=\"image.default\">\n\t\t\t\t<div class=\"elementor-widget-container\">\n\t\t\t\t\t\t\t\t\t\t\t\t\t\t\t<img loading=\"lazy\" decoding=\"async\" width=\"1\" height=\"1\" src=\"https:\/\/catalanfood.com\/latam\/wp-content\/uploads\/sites\/6\/2024\/11\/catalonia-world-region-of-gastronomy-2025-logo.svg\" class=\"attachment-large size-large wp-image-49\" alt=\"\" \/>\t\t\t\t\t\t\t\t\t\t\t\t\t\t\t<\/div>\n\t\t\t\t<\/div>\n\t\t<div class=\"elementor-element elementor-element-0134009 e-con-full e-flex e-con e-child\" data-id=\"0134009\" data-element_type=\"container\" data-e-type=\"container\">\n\t\t\t\t<div class=\"elementor-element elementor-element-cef8fa5 heading-rosa elementor-widget elementor-widget-heading\" data-id=\"cef8fa5\" data-element_type=\"widget\" data-e-type=\"widget\" data-widget_type=\"heading.default\">\n\t\t\t\t<div class=\"elementor-widget-container\">\n\t\t\t\t\t<h2 class=\"elementor-heading-title elementor-size-default\">La distinci\u00f3n<\/h2>\t\t\t\t<\/div>\n\t\t\t\t<\/div>\n\t\t\t\t<div class=\"elementor-element elementor-element-5cceb92 elementor-widget-divider--view-line elementor-widget elementor-widget-divider\" data-id=\"5cceb92\" data-element_type=\"widget\" data-e-type=\"widget\" data-widget_type=\"divider.default\">\n\t\t\t\t<div class=\"elementor-widget-container\">\n\t\t\t\t\t\t\t<div class=\"elementor-divider\">\n\t\t\t<span class=\"elementor-divider-separator\">\n\t\t\t\t\t\t<\/span>\n\t\t<\/div>\n\t\t\t\t\t\t<\/div>\n\t\t\t\t<\/div>\n\t\t\t\t<div class=\"elementor-element elementor-element-f7f59cc elementor-widget elementor-widget-text-editor\" data-id=\"f7f59cc\" data-element_type=\"widget\" data-e-type=\"widget\" data-widget_type=\"text-editor.default\">\n\t\t\t\t<div class=\"elementor-widget-container\">\n\t\t\t\t\t\t\t\t\t<p style=\"font-weight: 400;\">Catalu\u00f1a ser\u00e1 la <strong>Regi\u00f3n Mundial de la Gastronom\u00eda 2025<\/strong>, una distinci\u00f3n otorgada por el Instituto Internacional de Gastronom\u00eda, Cultura y Turismo (IGCAT) para resaltar y promover el trabajo de concienciaci\u00f3n sobre alimentos de calidad y educaci\u00f3n para una mejor nutrici\u00f3n y un turismo sostenible.<\/p>\t\t\t\t\t\t\t\t<\/div>\n\t\t\t\t<\/div>\n\t\t\t\t<div class=\"elementor-element elementor-element-latam_mas_info_btn elementor-align-left elementor-mobile-align-left elementor-widget elementor-widget-button\" data-id=\"latam_mas_info_btn\" data-element_type=\"widget\" data-e-type=\"widget\" data-widget_type=\"button.default\">\n\t\t\t\t<div class=\"elementor-widget-container\">\n\t\t\t\t\t\t\t\t\t<div class=\"elementor-button-wrapper\">\n\t\t\t\t\t<a class=\"elementor-button elementor-button-link elementor-size-sm\" href=\"https:\/\/igcat.org\/world-regions-of-gastronomy\/\" target=\"_blank\">\n\t\t\t\t\t\t<span class=\"elementor-button-content-wrapper\">\n\t\t\t\t\t\t\t\t\t<span class=\"elementor-button-text\">M\u00e1s Informaci\u00f3n<\/span>\n\t\t\t\t\t<\/span>\n\t\t\t\t\t<\/a>\n\t\t\t\t<\/div>\n\t\t\t\t\t\t\t\t<\/div>\n\t\t\t\t<\/div>\n\t\t\t\t<\/div>\n\t\t\t\t<\/div>\n\t\t\t\t\t<\/div>\n\t\t\t\t<\/section>\n\t\t<section class=\"elementor-element elementor-element-e2cfde3 e-flex e-con-boxed e-con e-parent\" data-id=\"e2cfde3\" data-element_type=\"container\" data-e-type=\"container\" data-settings=\"{&quot;background_background&quot;:&quot;classic&quot;}\">\n\t\t\t\t\t<div class=\"e-con-inner\">\n\t\t<div class=\"elementor-element elementor-element-7a8dbdb e-grid e-con-full e-con e-child\" data-id=\"7a8dbdb\" data-element_type=\"container\" data-e-type=\"container\">\n\t\t\t\t<div class=\"elementor-element elementor-element-a1b8847 elementor-widget elementor-widget-image\" data-id=\"a1b8847\" data-element_type=\"widget\" data-e-type=\"widget\" data-widget_type=\"image.default\">\n\t\t\t\t<div class=\"elementor-widget-container\">\n\t\t\t\t\t\t\t\t\t\t\t\t\t\t\t<img loading=\"lazy\" decoding=\"async\" width=\"1\" height=\"1\" src=\"https:\/\/catalanfood.com\/latam\/wp-content\/uploads\/sites\/6\/2024\/11\/catalonia-epicenter.svg\" class=\"attachment-large size-large wp-image-331\" alt=\"\" \/>\t\t\t\t\t\t\t\t\t\t\t\t\t\t\t<\/div>\n\t\t\t\t<\/div>\n\t\t<div class=\"elementor-element elementor-element-11071d9 e-con-full e-flex e-con e-child\" data-id=\"11071d9\" data-element_type=\"container\" data-e-type=\"container\">\n\t\t\t\t<div class=\"elementor-element elementor-element-24292f2 heading-rosa elementor-widget elementor-widget-heading\" data-id=\"24292f2\" data-element_type=\"widget\" data-e-type=\"widget\" data-widget_type=\"heading.default\">\n\t\t\t\t<div class=\"elementor-widget-container\">\n\t\t\t\t\t<h2 class=\"elementor-heading-title elementor-size-default\">Epicentro de la Dieta Mediterr\u00e1nea<\/h2>\t\t\t\t<\/div>\n\t\t\t\t<\/div>\n\t\t\t\t<div class=\"elementor-element elementor-element-0218226 elementor-widget-divider--view-line elementor-widget elementor-widget-divider\" data-id=\"0218226\" data-element_type=\"widget\" data-e-type=\"widget\" data-widget_type=\"divider.default\">\n\t\t\t\t<div class=\"elementor-widget-container\">\n\t\t\t\t\t\t\t<div class=\"elementor-divider\">\n\t\t\t<span class=\"elementor-divider-separator\">\n\t\t\t\t\t\t<\/span>\n\t\t<\/div>\n\t\t\t\t\t\t<\/div>\n\t\t\t\t<\/div>\n\t\t\t\t<div class=\"elementor-element elementor-element-aa7d691 elementor-widget elementor-widget-text-editor\" data-id=\"aa7d691\" data-element_type=\"widget\" data-e-type=\"widget\" data-widget_type=\"text-editor.default\">\n\t\t\t\t<div class=\"elementor-widget-container\">\n\t\t\t\t\t\t\t\t\t<p style=\"font-weight: 400;\">Espa\u00f1a ocupa actualmente el <strong>n\u00famero 1 en el \u00edndice global de salud<\/strong>, con Catalu\u00f1a desempe\u00f1ando un papel clave en esta posici\u00f3n. Varios estudios han demostrado que la dieta es uno de los factores m\u00e1s importantes en este ranking.<\/p><p style=\"font-weight: 400;\">La Dieta Mediterr\u00e1nea es un <strong>valioso patrimonio cultural<\/strong> que se ha desarrollado a lo largo de los siglos hasta convertirse en una cocina equilibrada y saludable.<\/p>\t\t\t\t\t\t\t\t<\/div>\n\t\t\t\t<\/div>\n\t\t\t\t<\/div>\n\t\t\t\t<\/div>\n\t\t\t\t\t<\/div>\n\t\t\t\t<\/section>\n\t\t<section class=\"elementor-element elementor-element-d6ba935 e-flex e-con-boxed e-con e-parent\" data-id=\"d6ba935\" data-element_type=\"container\" data-e-type=\"container\">\n\t\t\t\t\t<div class=\"e-con-inner\">\n\t\t<div class=\"elementor-element elementor-element-e84a53d e-grid e-con-full e-con e-child\" data-id=\"e84a53d\" data-element_type=\"container\" data-e-type=\"container\">\n\t\t\t\t<div class=\"elementor-element elementor-element-76bba09 elementor-widget elementor-widget-image\" data-id=\"76bba09\" data-element_type=\"widget\" data-e-type=\"widget\" data-widget_type=\"image.default\">\n\t\t\t\t<div class=\"elementor-widget-container\">\n\t\t\t\t\t\t\t\t\t\t\t\t\t\t\t<img loading=\"lazy\" decoding=\"async\" width=\"460\" height=\"467\" src=\"https:\/\/catalanfood.com\/latam\/wp-content\/uploads\/sites\/6\/2024\/11\/cuiners-ferran-adria.webp\" class=\"attachment-large size-large wp-image-353\" alt=\"\" srcset=\"https:\/\/catalanfood.com\/latam\/wp-content\/uploads\/sites\/6\/2024\/11\/cuiners-ferran-adria.webp 460w, https:\/\/catalanfood.com\/latam\/wp-content\/uploads\/sites\/6\/2024\/11\/cuiners-ferran-adria-296x300.webp 296w\" sizes=\"(max-width: 460px) 100vw, 460px\" \/>\t\t\t\t\t\t\t\t\t\t\t\t\t\t\t<\/div>\n\t\t\t\t<\/div>\n\t\t\t\t<div class=\"elementor-element elementor-element-a668ea7 elementor-widget elementor-widget-image\" data-id=\"a668ea7\" data-element_type=\"widget\" data-e-type=\"widget\" data-widget_type=\"image.default\">\n\t\t\t\t<div class=\"elementor-widget-container\">\n\t\t\t\t\t\t\t\t\t\t\t\t\t\t\t<img loading=\"lazy\" decoding=\"async\" width=\"460\" height=\"467\" src=\"https:\/\/catalanfood.com\/latam\/wp-content\/uploads\/sites\/6\/2024\/11\/cuiners-carme-ruscalleda.webp\" class=\"attachment-large size-large wp-image-354\" alt=\"\" srcset=\"https:\/\/catalanfood.com\/latam\/wp-content\/uploads\/sites\/6\/2024\/11\/cuiners-carme-ruscalleda.webp 460w, https:\/\/catalanfood.com\/latam\/wp-content\/uploads\/sites\/6\/2024\/11\/cuiners-carme-ruscalleda-296x300.webp 296w\" sizes=\"(max-width: 460px) 100vw, 460px\" \/>\t\t\t\t\t\t\t\t\t\t\t\t\t\t\t<\/div>\n\t\t\t\t<\/div>\n\t\t\t\t<div class=\"elementor-element elementor-element-a441b6e elementor-widget elementor-widget-image\" data-id=\"a441b6e\" data-element_type=\"widget\" data-e-type=\"widget\" data-widget_type=\"image.default\">\n\t\t\t\t<div class=\"elementor-widget-container\">\n\t\t\t\t\t\t\t\t\t\t\t\t\t\t\t<img loading=\"lazy\" decoding=\"async\" width=\"460\" height=\"467\" src=\"https:\/\/catalanfood.com\/latam\/wp-content\/uploads\/sites\/6\/2024\/11\/cuiners-joan-roca-1.webp\" class=\"attachment-large size-large wp-image-355\" alt=\"\" srcset=\"https:\/\/catalanfood.com\/latam\/wp-content\/uploads\/sites\/6\/2024\/11\/cuiners-joan-roca-1.webp 460w, https:\/\/catalanfood.com\/latam\/wp-content\/uploads\/sites\/6\/2024\/11\/cuiners-joan-roca-1-296x300.webp 296w\" sizes=\"(max-width: 460px) 100vw, 460px\" \/>\t\t\t\t\t\t\t\t\t\t\t\t\t\t\t<\/div>\n\t\t\t\t<\/div>\n\t\t\t\t<\/div>\n\t\t<div class=\"elementor-element elementor-element-2e645d0 e-con-full e-flex e-con e-child\" data-id=\"2e645d0\" data-element_type=\"container\" data-e-type=\"container\">\n\t\t\t\t<div class=\"elementor-element elementor-element-add6864 elementor-widget elementor-widget-text-editor\" data-id=\"add6864\" data-element_type=\"widget\" data-e-type=\"widget\" data-widget_type=\"text-editor.default\">\n\t\t\t\t<div class=\"elementor-widget-container\">\n\t\t\t\t\t\t\t\t\t<p>Catalu\u00f1a cuenta con una gran cantidad y diversidad de restaurantes, con actualmente<\/p>\t\t\t\t\t\t\t\t<\/div>\n\t\t\t\t<\/div>\n\t\t<div class=\"elementor-element elementor-element-4cddfd9 e-con-full e-flex e-con e-child\" data-id=\"4cddfd9\" data-element_type=\"container\" data-e-type=\"container\">\n\t\t\t\t<div class=\"elementor-element elementor-element-a7acaa8 elementor-widget elementor-widget-image\" data-id=\"a7acaa8\" data-element_type=\"widget\" data-e-type=\"widget\" data-widget_type=\"image.default\">\n\t\t\t\t<div class=\"elementor-widget-container\">\n\t\t\t\t\t\t\t\t\t\t\t\t\t\t\t<img loading=\"lazy\" decoding=\"async\" width=\"1\" height=\"1\" src=\"https:\/\/catalanfood.com\/latam\/wp-content\/uploads\/sites\/6\/2024\/11\/estrella-michelin.svg\" class=\"attachment-large size-large wp-image-357\" alt=\"\" \/>\t\t\t\t\t\t\t\t\t\t\t\t\t\t\t<\/div>\n\t\t\t\t<\/div>\n\t\t\t\t<div class=\"elementor-element elementor-element-2b5e518 elementor-widget-mobile__width-initial elementor-widget elementor-widget-text-editor\" data-id=\"2b5e518\" data-element_type=\"widget\" data-e-type=\"widget\" data-widget_type=\"text-editor.default\">\n\t\t\t\t<div class=\"elementor-widget-container\">\n\t\t\t\t\t\t\t\t\t<p><strong>75 estrellas Michelin<\/strong> en <strong>60 restaurantes<\/strong><\/p>\t\t\t\t\t\t\t\t<\/div>\n\t\t\t\t<\/div>\n\t\t\t\t<\/div>\n\t\t\t\t<div class=\"elementor-element elementor-element-9c92fa2 elementor-widget elementor-widget-text-editor\" data-id=\"9c92fa2\" data-element_type=\"widget\" data-e-type=\"widget\" data-widget_type=\"text-editor.default\">\n\t\t\t\t<div class=\"elementor-widget-container\">\n\t\t\t\t\t\t\t\t\t<p style=\"font-weight: 400;\">En la lista de los <strong>50 Mejores Restaurantes del Mundo<\/strong>, los restaurantes catalanes han <strong>ocupado el primer lugar m\u00e1s veces que cualquier otra regi\u00f3n del mundo.<\/strong><\/p>\t\t\t\t\t\t\t\t<\/div>\n\t\t\t\t<\/div>\n\t\t\t\t<\/div>\n\t\t\t\t<div class=\"elementor-element elementor-element-330bc30 elementor-widget elementor-widget-video\" data-id=\"330bc30\" data-element_type=\"widget\" data-e-type=\"widget\" data-settings=\"{&quot;video_type&quot;:&quot;hosted&quot;,&quot;autoplay&quot;:&quot;yes&quot;,&quot;play_on_mobile&quot;:&quot;yes&quot;,&quot;mute&quot;:&quot;yes&quot;,&quot;loop&quot;:&quot;yes&quot;,&quot;controls&quot;:&quot;yes&quot;}\" data-widget_type=\"video.default\">\n\t\t\t\t<div class=\"elementor-widget-container\">\n\t\t\t\t\t\t\t<div class=\"e-hosted-video elementor-wrapper elementor-open-inline\">\n\t\t\t\t\t<video class=\"elementor-video\" src=\"https:\/\/devwp.6tems.es\/catalanfood\/wp-content\/uploads\/2023\/11\/CatalanFood-sub-ENG.mp4\" autoplay=\"\" loop=\"\" controls=\"\" muted=\"muted\" playsinline=\"\" controlsList=\"nodownload\"><\/video>\n\t\t\t\t<\/div>\n\t\t\t\t\t\t<\/div>\n\t\t\t\t<\/div>\n\t\t\t\t\t<\/div>\n\t\t\t\t<\/section>\n\t\t<section class=\"elementor-element elementor-element-99413af e-con-full e-flex e-con e-parent\" data-id=\"99413af\" data-element_type=\"container\" data-e-type=\"container\">\n\t\t\t\t<div class=\"elementor-element elementor-element-e0ef1b5 elementor-widget elementor-widget-image\" data-id=\"e0ef1b5\" data-element_type=\"widget\" data-e-type=\"widget\" data-widget_type=\"image.default\">\n\t\t\t\t<div class=\"elementor-widget-container\">\n\t\t\t\t\t\t\t\t\t\t\t\t\t\t\t<img loading=\"lazy\" decoding=\"async\" width=\"800\" height=\"192\" src=\"https:\/\/catalanfood.com\/latam\/wp-content\/uploads\/sites\/6\/2024\/11\/restaurants-al-mon-header-1024x246.webp\" class=\"attachment-large size-large wp-image-367\" alt=\"\" srcset=\"https:\/\/catalanfood.com\/latam\/wp-content\/uploads\/sites\/6\/2024\/11\/restaurants-al-mon-header-1024x246.webp 1024w, https:\/\/catalanfood.com\/latam\/wp-content\/uploads\/sites\/6\/2024\/11\/restaurants-al-mon-header-300x72.webp 300w, https:\/\/catalanfood.com\/latam\/wp-content\/uploads\/sites\/6\/2024\/11\/restaurants-al-mon-header-768x184.webp 768w, https:\/\/catalanfood.com\/latam\/wp-content\/uploads\/sites\/6\/2024\/11\/restaurants-al-mon-header-1536x369.webp 1536w, https:\/\/catalanfood.com\/latam\/wp-content\/uploads\/sites\/6\/2024\/11\/restaurants-al-mon-header.webp 1920w\" sizes=\"(max-width: 800px) 100vw, 800px\" \/>\t\t\t\t\t\t\t\t\t\t\t\t\t\t\t<\/div>\n\t\t\t\t<\/div>\n\t\t<div class=\"elementor-element elementor-element-c67b217 e-flex e-con-boxed e-con e-child\" data-id=\"c67b217\" data-element_type=\"container\" data-e-type=\"container\" data-settings=\"{&quot;background_background&quot;:&quot;classic&quot;}\">\n\t\t\t\t\t<div class=\"e-con-inner\">\n\t\t\t\t<div class=\"elementor-element elementor-element-81eb394 elementor-widget elementor-widget-heading\" data-id=\"81eb394\" data-element_type=\"widget\" data-e-type=\"widget\" data-widget_type=\"heading.default\">\n\t\t\t\t<div class=\"elementor-widget-container\">\n\t\t\t\t\t<span class=\"elementor-heading-title elementor-size-default\">RESTAURANTES CATALANES<\/span>\t\t\t\t<\/div>\n\t\t\t\t<\/div>\n\t\t\t\t<div class=\"elementor-element elementor-element-0918c69 heading-rosa elementor-widget elementor-widget-heading\" data-id=\"0918c69\" data-element_type=\"widget\" data-e-type=\"widget\" data-widget_type=\"heading.default\">\n\t\t\t\t<div class=\"elementor-widget-container\">\n\t\t\t\t\t<h2 class=\"elementor-heading-title elementor-size-default\">\u00bfD\u00f3nde degustar en el mundo?<\/h2>\t\t\t\t<\/div>\n\t\t\t\t<\/div>\n\t\t\t\t<div class=\"elementor-element elementor-element-92b4e43 elementor-widget-divider--view-line elementor-widget elementor-widget-divider\" data-id=\"92b4e43\" data-element_type=\"widget\" data-e-type=\"widget\" data-widget_type=\"divider.default\">\n\t\t\t\t<div class=\"elementor-widget-container\">\n\t\t\t\t\t\t\t<div class=\"elementor-divider\">\n\t\t\t<span class=\"elementor-divider-separator\">\n\t\t\t\t\t\t<\/span>\n\t\t<\/div>\n\t\t\t\t\t\t<\/div>\n\t\t\t\t<\/div>\n\t\t\t\t<div class=\"elementor-element elementor-element-79b047c elementor-widget__width-initial elementor-widget elementor-widget-text-editor\" data-id=\"79b047c\" data-element_type=\"widget\" data-e-type=\"widget\" data-widget_type=\"text-editor.default\">\n\t\t\t\t<div class=\"elementor-widget-container\">\n\t\t\t\t\t\t\t\t\t<p>\u00a1Los alimentos catalanes se degustan en todo el mundo! Es posible disfrutarlos en una gran cantidad de pa\u00edses que se han enamorado de su calidad y deliciosos sabores. Descubre en qu\u00e9 restaurantes del mundo puedes encontrarlos.<\/p>\t\t\t\t\t\t\t\t<\/div>\n\t\t\t\t<\/div>\n\t\t\t\t<div class=\"elementor-element elementor-element-cb8c2d5 elementor-mobile-align-center elementor-widget elementor-widget-button\" data-id=\"cb8c2d5\" data-element_type=\"widget\" data-e-type=\"widget\" data-widget_type=\"button.default\">\n\t\t\t\t<div class=\"elementor-widget-container\">\n\t\t\t\t\t\t\t\t\t<div class=\"elementor-button-wrapper\">\n\t\t\t\t\t<a class=\"elementor-button elementor-button-link elementor-size-sm\" href=\"https:\/\/www.gastroteca.cat\/en\/restaurants-catalans-al-mon\/\" target=\"_blank\">\n\t\t\t\t\t\t<span class=\"elementor-button-content-wrapper\">\n\t\t\t\t\t\t\t\t\t<span class=\"elementor-button-text\">DESCUBRIR<\/span>\n\t\t\t\t\t<\/span>\n\t\t\t\t\t<\/a>\n\t\t\t\t<\/div>\n\t\t\t\t\t\t\t\t<\/div>\n\t\t\t\t<\/div>\n\t\t\t\t\t<\/div>\n\t\t\t\t<\/div>\n\t\t\t\t<\/section>\n\t\t<div class=\"elementor-element elementor-element-latam_separador e-con-full e-flex e-con e-parent\" data-id=\"latam_separador\" data-element_type=\"container\" data-e-type=\"container\" data-settings=\"{&quot;background_background&quot;:&quot;classic&quot;}\">\n\t\t\t\t<div class=\"elementor-element elementor-element-latam_sep_spacer elementor-widget elementor-widget-spacer\" data-id=\"latam_sep_spacer\" data-element_type=\"widget\" data-e-type=\"widget\" data-widget_type=\"spacer.default\">\n\t\t\t\t<div class=\"elementor-widget-container\">\n\t\t\t\t\t\t\t<div class=\"elementor-spacer\">\n\t\t\t<div class=\"elementor-spacer-inner\"><\/div>\n\t\t<\/div>\n\t\t\t\t\t\t<\/div>\n\t\t\t\t<\/div>\n\t\t\t\t<\/div>\n\t\t<section class=\"elementor-element elementor-element-f1d37bc e-con-full e-flex e-con e-parent\" data-id=\"f1d37bc\" data-element_type=\"container\" data-e-type=\"container\" data-settings=\"{&quot;background_background&quot;:&quot;classic&quot;}\">\n\t\t<div class=\"elementor-element elementor-element-371080c e-con-full e-flex e-con e-child\" data-id=\"371080c\" data-element_type=\"container\" data-e-type=\"container\">\n\t\t\t\t<div class=\"elementor-element elementor-element-f9f1027 heading-rosa elementor-widget elementor-widget-heading\" data-id=\"f9f1027\" data-element_type=\"widget\" data-e-type=\"widget\" data-widget_type=\"heading.default\">\n\t\t\t\t<div class=\"elementor-widget-container\">\n\t\t\t\t\t<h2 class=\"elementor-heading-title elementor-size-default\">Principal cl\u00faster alimentario europeo<\/h2>\t\t\t\t<\/div>\n\t\t\t\t<\/div>\n\t\t\t\t<div class=\"elementor-element elementor-element-3699b1f elementor-widget-divider--view-line elementor-widget elementor-widget-divider\" data-id=\"3699b1f\" data-element_type=\"widget\" data-e-type=\"widget\" data-widget_type=\"divider.default\">\n\t\t\t\t<div class=\"elementor-widget-container\">\n\t\t\t\t\t\t\t<div class=\"elementor-divider\">\n\t\t\t<span class=\"elementor-divider-separator\">\n\t\t\t\t\t\t<\/span>\n\t\t<\/div>\n\t\t\t\t\t\t<\/div>\n\t\t\t\t<\/div>\n\t\t\t\t<div class=\"elementor-element elementor-element-2a2421c elementor-widget elementor-widget-text-editor\" data-id=\"2a2421c\" data-element_type=\"widget\" data-e-type=\"widget\" data-widget_type=\"text-editor.default\">\n\t\t\t\t<div class=\"elementor-widget-container\">\n\t\t\t\t\t\t\t\t\t<p style=\"font-weight: 400;\"><strong>La alimentaci\u00f3n y las bebidas son uno de los sectores m\u00e1s din\u00e1micos de la econom\u00eda catalana,<\/strong> y la internacionalizaci\u00f3n es un factor clave para el crecimiento. Con una facturaci\u00f3n anual de aproximadamente 50 mil millones de euros, el sector alimentario de Catalu\u00f1a desempe\u00f1a un papel destacado en Europa como abanderado de la calidad, trazabilidad y seguridad alimentaria.<\/p>\t\t\t\t\t\t\t\t<\/div>\n\t\t\t\t<\/div>\n\t\t\t\t<\/div>\n\t\t<div class=\"elementor-element elementor-element-0e3d602 e-con-full e-flex e-con e-child\" data-id=\"0e3d602\" data-element_type=\"container\" data-e-type=\"container\">\n\t\t\t\t<div class=\"elementor-element elementor-element-1ab68c7 elementor-widget elementor-widget-image\" data-id=\"1ab68c7\" data-element_type=\"widget\" data-e-type=\"widget\" data-widget_type=\"image.default\">\n\t\t\t\t<div class=\"elementor-widget-container\">\n\t\t\t\t\t\t\t\t\t\t\t\t\t\t\t<img loading=\"lazy\" decoding=\"async\" width=\"800\" height=\"673\" src=\"https:\/\/catalanfood.com\/latam\/wp-content\/uploads\/sites\/6\/2025\/02\/apicultura-1024x861.png\" class=\"attachment-large size-large wp-image-7137\" alt=\"\" srcset=\"https:\/\/catalanfood.com\/latam\/wp-content\/uploads\/sites\/6\/2025\/02\/apicultura-1024x861.png 1024w, https:\/\/catalanfood.com\/latam\/wp-content\/uploads\/sites\/6\/2025\/02\/apicultura-300x252.png 300w, https:\/\/catalanfood.com\/latam\/wp-content\/uploads\/sites\/6\/2025\/02\/apicultura-768x646.png 768w, https:\/\/catalanfood.com\/latam\/wp-content\/uploads\/sites\/6\/2025\/02\/apicultura-1536x1291.png 1536w, https:\/\/catalanfood.com\/latam\/wp-content\/uploads\/sites\/6\/2025\/02\/apicultura.png 1920w\" sizes=\"(max-width: 800px) 100vw, 800px\" \/>\t\t\t\t\t\t\t\t\t\t\t\t\t\t\t<\/div>\n\t\t\t\t<\/div>\n\t\t\t\t<div class=\"elementor-element elementor-element-55a4108 elementor-absolute elementor-widget elementor-widget-image\" data-id=\"55a4108\" data-element_type=\"widget\" data-e-type=\"widget\" data-settings=\"{&quot;_position&quot;:&quot;absolute&quot;}\" data-widget_type=\"image.default\">\n\t\t\t\t<div class=\"elementor-widget-container\">\n\t\t\t\t\t\t\t\t\t\t\t\t\t\t\t<img loading=\"lazy\" decoding=\"async\" width=\"800\" height=\"673\" src=\"https:\/\/catalanfood.com\/latam\/wp-content\/uploads\/sites\/6\/2024\/12\/apicultura-bg-1024x861.png\" class=\"attachment-large size-large wp-image-850\" alt=\"\" srcset=\"https:\/\/catalanfood.com\/latam\/wp-content\/uploads\/sites\/6\/2024\/12\/apicultura-bg-1024x861.png 1024w, https:\/\/catalanfood.com\/latam\/wp-content\/uploads\/sites\/6\/2024\/12\/apicultura-bg-300x252.png 300w, https:\/\/catalanfood.com\/latam\/wp-content\/uploads\/sites\/6\/2024\/12\/apicultura-bg-768x646.png 768w, https:\/\/catalanfood.com\/latam\/wp-content\/uploads\/sites\/6\/2024\/12\/apicultura-bg-1536x1291.png 1536w, https:\/\/catalanfood.com\/latam\/wp-content\/uploads\/sites\/6\/2024\/12\/apicultura-bg.png 1920w\" sizes=\"(max-width: 800px) 100vw, 800px\" \/>\t\t\t\t\t\t\t\t\t\t\t\t\t\t\t<\/div>\n\t\t\t\t<\/div>\n\t\t\t\t<\/div>\n\t\t\t\t<\/section>\n\t\t<section class=\"elementor-element elementor-element-a8a6d1d e-con-full e-flex e-con e-parent\" data-id=\"a8a6d1d\" data-element_type=\"container\" data-e-type=\"container\" data-settings=\"{&quot;background_background&quot;:&quot;classic&quot;}\">\n\t\t<div class=\"elementor-element elementor-element-18788d4 e-con-full e-flex e-con e-child\" data-id=\"18788d4\" data-element_type=\"container\" data-e-type=\"container\">\n\t\t\t\t<div class=\"elementor-element elementor-element-fd008a9 elementor-widget elementor-widget-image\" data-id=\"fd008a9\" data-element_type=\"widget\" data-e-type=\"widget\" data-widget_type=\"image.default\">\n\t\t\t\t<div class=\"elementor-widget-container\">\n\t\t\t\t\t\t\t\t\t\t\t\t\t\t\t<img loading=\"lazy\" decoding=\"async\" width=\"800\" height=\"686\" src=\"https:\/\/catalanfood.com\/latam\/wp-content\/uploads\/sites\/6\/2025\/02\/port-1-1-1024x878.png\" class=\"attachment-large size-large wp-image-7138\" alt=\"\" srcset=\"https:\/\/catalanfood.com\/latam\/wp-content\/uploads\/sites\/6\/2025\/02\/port-1-1-1024x878.png 1024w, https:\/\/catalanfood.com\/latam\/wp-content\/uploads\/sites\/6\/2025\/02\/port-1-1-300x257.png 300w, https:\/\/catalanfood.com\/latam\/wp-content\/uploads\/sites\/6\/2025\/02\/port-1-1-768x658.png 768w, https:\/\/catalanfood.com\/latam\/wp-content\/uploads\/sites\/6\/2025\/02\/port-1-1-1536x1317.png 1536w, https:\/\/catalanfood.com\/latam\/wp-content\/uploads\/sites\/6\/2025\/02\/port-1-1.png 1920w\" sizes=\"(max-width: 800px) 100vw, 800px\" \/>\t\t\t\t\t\t\t\t\t\t\t\t\t\t\t<\/div>\n\t\t\t\t<\/div>\n\t\t\t\t<div class=\"elementor-element elementor-element-d5f9f46 elementor-absolute elementor-widget elementor-widget-image\" data-id=\"d5f9f46\" data-element_type=\"widget\" data-e-type=\"widget\" data-settings=\"{&quot;_position&quot;:&quot;absolute&quot;}\" data-widget_type=\"image.default\">\n\t\t\t\t<div class=\"elementor-widget-container\">\n\t\t\t\t\t\t\t\t\t\t\t\t\t\t\t<img loading=\"lazy\" decoding=\"async\" width=\"800\" height=\"686\" src=\"https:\/\/catalanfood.com\/latam\/wp-content\/uploads\/sites\/6\/2024\/12\/port-bg-1024x878.png\" class=\"attachment-large size-large wp-image-862\" alt=\"\" srcset=\"https:\/\/catalanfood.com\/latam\/wp-content\/uploads\/sites\/6\/2024\/12\/port-bg-1024x878.png 1024w, https:\/\/catalanfood.com\/latam\/wp-content\/uploads\/sites\/6\/2024\/12\/port-bg-300x257.png 300w, https:\/\/catalanfood.com\/latam\/wp-content\/uploads\/sites\/6\/2024\/12\/port-bg-768x658.png 768w, https:\/\/catalanfood.com\/latam\/wp-content\/uploads\/sites\/6\/2024\/12\/port-bg-1536x1317.png 1536w, https:\/\/catalanfood.com\/latam\/wp-content\/uploads\/sites\/6\/2024\/12\/port-bg.png 1920w\" sizes=\"(max-width: 800px) 100vw, 800px\" \/>\t\t\t\t\t\t\t\t\t\t\t\t\t\t\t<\/div>\n\t\t\t\t<\/div>\n\t\t\t\t<\/div>\n\t\t<div class=\"elementor-element elementor-element-f32a77b e-con-full e-flex e-con e-child\" data-id=\"f32a77b\" data-element_type=\"container\" data-e-type=\"container\">\n\t\t\t\t<div class=\"elementor-element elementor-element-74bda2a heading-rosa elementor-widget elementor-widget-heading\" data-id=\"74bda2a\" data-element_type=\"widget\" data-e-type=\"widget\" data-widget_type=\"heading.default\">\n\t\t\t\t<div class=\"elementor-widget-container\">\n\t\t\t\t\t<h2 class=\"elementor-heading-title elementor-size-default\">Red log\u00edstica<\/h2>\t\t\t\t<\/div>\n\t\t\t\t<\/div>\n\t\t\t\t<div class=\"elementor-element elementor-element-ed0bbcd elementor-widget-divider--view-line elementor-widget elementor-widget-divider\" data-id=\"ed0bbcd\" data-element_type=\"widget\" data-e-type=\"widget\" data-widget_type=\"divider.default\">\n\t\t\t\t<div class=\"elementor-widget-container\">\n\t\t\t\t\t\t\t<div class=\"elementor-divider\">\n\t\t\t<span class=\"elementor-divider-separator\">\n\t\t\t\t\t\t<\/span>\n\t\t<\/div>\n\t\t\t\t\t\t<\/div>\n\t\t\t\t<\/div>\n\t\t\t\t<div class=\"elementor-element elementor-element-363e195 elementor-widget elementor-widget-text-editor\" data-id=\"363e195\" data-element_type=\"widget\" data-e-type=\"widget\" data-widget_type=\"text-editor.default\">\n\t\t\t\t<div class=\"elementor-widget-container\">\n\t\t\t\t\t\t\t\t\t<p>La red log\u00edstica de Catalu\u00f1a puede servir a <strong>400 millones de consumidores<\/strong> en menos de 48 horas y su posici\u00f3n geoestrat\u00e9gica permite conexiones intercontinentales eficientes con Oriente Medio, Asia y Am\u00e9rica, y una distribuci\u00f3n optimizada en Europa y \u00c1frica.<\/p>\t\t\t\t\t\t\t\t<\/div>\n\t\t\t\t<\/div>\n\t\t\t\t<\/div>\n\t\t\t\t<\/section>\n\t\t<section class=\"elementor-element elementor-element-de8c8bd e-con-full e-flex e-con e-parent\" data-id=\"de8c8bd\" data-element_type=\"container\" data-e-type=\"container\" data-settings=\"{&quot;background_background&quot;:&quot;classic&quot;}\">\n\t\t<div class=\"elementor-element elementor-element-fff3be4 e-con-full e-flex e-con e-child\" data-id=\"fff3be4\" data-element_type=\"container\" data-e-type=\"container\">\n\t\t\t\t<div class=\"elementor-element elementor-element-8c9d855 heading-rosa elementor-widget elementor-widget-heading\" data-id=\"8c9d855\" data-element_type=\"widget\" data-e-type=\"widget\" data-widget_type=\"heading.default\">\n\t\t\t\t<div class=\"elementor-widget-container\">\n\t\t\t\t\t<h2 class=\"elementor-heading-title elementor-size-default\">Centros de investigaci\u00f3n pioneros a nivel mundial en Gastronom\u00eda y Nutrici\u00f3n<\/h2>\t\t\t\t<\/div>\n\t\t\t\t<\/div>\n\t\t\t\t<div class=\"elementor-element elementor-element-4deec67 elementor-widget-divider--view-line elementor-widget elementor-widget-divider\" data-id=\"4deec67\" data-element_type=\"widget\" data-e-type=\"widget\" data-widget_type=\"divider.default\">\n\t\t\t\t<div class=\"elementor-widget-container\">\n\t\t\t\t\t\t\t<div class=\"elementor-divider\">\n\t\t\t<span class=\"elementor-divider-separator\">\n\t\t\t\t\t\t<\/span>\n\t\t<\/div>\n\t\t\t\t\t\t<\/div>\n\t\t\t\t<\/div>\n\t\t<div class=\"elementor-element elementor-element-be657cf e-con-full elementor-hidden-desktop elementor-hidden-widescreen e-flex e-con e-child\" data-id=\"be657cf\" data-element_type=\"container\" data-e-type=\"container\">\n\t\t\t\t<div class=\"elementor-element elementor-element-6467ed2 elementor-widget elementor-widget-image\" data-id=\"6467ed2\" data-element_type=\"widget\" data-e-type=\"widget\" data-widget_type=\"image.default\">\n\t\t\t\t<div class=\"elementor-widget-container\">\n\t\t\t\t\t\t\t\t\t\t\t\t\t\t\t<img loading=\"lazy\" decoding=\"async\" width=\"800\" height=\"658\" src=\"https:\/\/catalanfood.com\/latam\/wp-content\/uploads\/sites\/6\/2024\/11\/alicia-foundation.webp\" class=\"attachment-large size-large wp-image-407\" alt=\"\" srcset=\"https:\/\/catalanfood.com\/latam\/wp-content\/uploads\/sites\/6\/2024\/11\/alicia-foundation.webp 960w, https:\/\/catalanfood.com\/latam\/wp-content\/uploads\/sites\/6\/2024\/11\/alicia-foundation-300x247.webp 300w, https:\/\/catalanfood.com\/latam\/wp-content\/uploads\/sites\/6\/2024\/11\/alicia-foundation-768x631.webp 768w\" sizes=\"(max-width: 800px) 100vw, 800px\" \/>\t\t\t\t\t\t\t\t\t\t\t\t\t\t\t<\/div>\n\t\t\t\t<\/div>\n\t\t\t\t<div class=\"elementor-element elementor-element-c41e823 elementor-absolute elementor-widget elementor-widget-image\" data-id=\"c41e823\" data-element_type=\"widget\" data-e-type=\"widget\" data-settings=\"{&quot;_position&quot;:&quot;absolute&quot;}\" data-widget_type=\"image.default\">\n\t\t\t\t<div class=\"elementor-widget-container\">\n\t\t\t\t\t\t\t\t\t\t\t\t\t\t\t<img loading=\"lazy\" decoding=\"async\" width=\"1\" height=\"1\" src=\"https:\/\/catalanfood.com\/latam\/wp-content\/uploads\/sites\/6\/2024\/11\/detail-08-ico.svg\" class=\"attachment-large size-large wp-image-427\" alt=\"\" \/>\t\t\t\t\t\t\t\t\t\t\t\t\t\t\t<\/div>\n\t\t\t\t<\/div>\n\t\t\t\t<\/div>\n\t\t\t\t<div class=\"elementor-element elementor-element-9a04387 elementor-widget elementor-widget-text-editor\" data-id=\"9a04387\" data-element_type=\"widget\" data-e-type=\"widget\" data-widget_type=\"text-editor.default\">\n\t\t\t\t<div class=\"elementor-widget-container\">\n\t\t\t\t\t\t\t\t\t<p>Catalu\u00f1a cuenta con varios centros de investigaci\u00f3n de reconocimiento internacional dedicados a la alimentaci\u00f3n, la innovaci\u00f3n y la transferencia de conocimiento, como IRTA, una organizaci\u00f3n p\u00fablica centrada en la I+D en el sector agroalimentario, la Fundaci\u00f3n Al\u00edcia, la Fundaci\u00f3n El Bulli, entre otros.<\/p><p>La Fundaci\u00f3n Al\u00edcia es un centro de investigaci\u00f3n dedicado a la innovaci\u00f3n tecnol\u00f3gica culinaria, la mejora de los h\u00e1bitos alimenticios, la promoci\u00f3n de la alimentaci\u00f3n relacionada con la salud y la conservaci\u00f3n del patrimonio gastron\u00f3mico.<\/p><p>La Fundaci\u00f3n El Bulli, promovida y liderada por Ferran Adri\u00e0, trabaja con una visi\u00f3n basada en el deseo de fomentar la innovaci\u00f3n y la creatividad a trav\u00e9s del lenguaje de la cocina, preservando el legado y el esp\u00edritu del prestigioso Restaurante El Bulli para la sociedad y realizando investigaciones y experimentos para potenciar el talento.<\/p>\t\t\t\t\t\t\t\t<\/div>\n\t\t\t\t<\/div>\n\t\t\t\t<\/div>\n\t\t<div class=\"elementor-element elementor-element-c66cb33 e-con-full elementor-hidden-tablet elementor-hidden-mobile e-flex e-con e-child\" data-id=\"c66cb33\" data-element_type=\"container\" data-e-type=\"container\">\n\t\t\t\t<div class=\"elementor-element elementor-element-68c3826 elementor-widget elementor-widget-image\" data-id=\"68c3826\" data-element_type=\"widget\" data-e-type=\"widget\" data-widget_type=\"image.default\">\n\t\t\t\t<div class=\"elementor-widget-container\">\n\t\t\t\t\t\t\t\t\t\t\t\t\t\t\t<img loading=\"lazy\" decoding=\"async\" width=\"800\" height=\"658\" src=\"https:\/\/catalanfood.com\/latam\/wp-content\/uploads\/sites\/6\/2024\/11\/alicia-foundation.webp\" class=\"attachment-large size-large wp-image-407\" alt=\"\" srcset=\"https:\/\/catalanfood.com\/latam\/wp-content\/uploads\/sites\/6\/2024\/11\/alicia-foundation.webp 960w, https:\/\/catalanfood.com\/latam\/wp-content\/uploads\/sites\/6\/2024\/11\/alicia-foundation-300x247.webp 300w, https:\/\/catalanfood.com\/latam\/wp-content\/uploads\/sites\/6\/2024\/11\/alicia-foundation-768x631.webp 768w\" sizes=\"(max-width: 800px) 100vw, 800px\" \/>\t\t\t\t\t\t\t\t\t\t\t\t\t\t\t<\/div>\n\t\t\t\t<\/div>\n\t\t\t\t<div class=\"elementor-element elementor-element-b8ad922 elementor-absolute elementor-widget elementor-widget-image\" data-id=\"b8ad922\" data-element_type=\"widget\" data-e-type=\"widget\" data-settings=\"{&quot;_position&quot;:&quot;absolute&quot;}\" data-widget_type=\"image.default\">\n\t\t\t\t<div class=\"elementor-widget-container\">\n\t\t\t\t\t\t\t\t\t\t\t\t\t\t\t<img loading=\"lazy\" decoding=\"async\" width=\"1\" height=\"1\" src=\"https:\/\/catalanfood.com\/latam\/wp-content\/uploads\/sites\/6\/2024\/11\/detail-08-ico.svg\" class=\"attachment-large size-large wp-image-427\" alt=\"\" \/>\t\t\t\t\t\t\t\t\t\t\t\t\t\t\t<\/div>\n\t\t\t\t<\/div>\n\t\t\t\t<\/div>\n\t\t\t\t<\/section>\n\t\t<div class=\"elementor-element elementor-element-822191c e-flex e-con-boxed e-con e-parent\" data-id=\"822191c\" data-element_type=\"container\" data-e-type=\"container\" data-settings=\"{&quot;background_background&quot;:&quot;classic&quot;}\">\n\t\t\t\t\t<div class=\"e-con-inner\">\n\t\t\t\t<div class=\"elementor-element elementor-element-dcefbb0 elementor-hidden-tablet elementor-hidden-mobile elementor-widget elementor-widget-image\" data-id=\"dcefbb0\" data-element_type=\"widget\" data-e-type=\"widget\" data-widget_type=\"image.default\">\n\t\t\t\t<div class=\"elementor-widget-container\">\n\t\t\t\t\t\t\t\t\t\t\t\t\t\t\t<img loading=\"lazy\" decoding=\"async\" width=\"6000\" height=\"3334\" src=\"https:\/\/catalanfood.com\/latam\/wp-content\/uploads\/sites\/6\/2024\/12\/Mapa_Michelin_CatalanFood.png\" class=\"attachment-full size-full wp-image-901\" alt=\"\" srcset=\"https:\/\/catalanfood.com\/latam\/wp-content\/uploads\/sites\/6\/2024\/12\/Mapa_Michelin_CatalanFood.png 6000w, https:\/\/catalanfood.com\/latam\/wp-content\/uploads\/sites\/6\/2024\/12\/Mapa_Michelin_CatalanFood-300x167.png 300w, https:\/\/catalanfood.com\/latam\/wp-content\/uploads\/sites\/6\/2024\/12\/Mapa_Michelin_CatalanFood-1024x569.png 1024w, https:\/\/catalanfood.com\/latam\/wp-content\/uploads\/sites\/6\/2024\/12\/Mapa_Michelin_CatalanFood-768x427.png 768w, https:\/\/catalanfood.com\/latam\/wp-content\/uploads\/sites\/6\/2024\/12\/Mapa_Michelin_CatalanFood-1536x854.png 1536w, https:\/\/catalanfood.com\/latam\/wp-content\/uploads\/sites\/6\/2024\/12\/Mapa_Michelin_CatalanFood-2048x1138.png 2048w\" sizes=\"(max-width: 6000px) 100vw, 6000px\" \/>\t\t\t\t\t\t\t\t\t\t\t\t\t\t\t<\/div>\n\t\t\t\t<\/div>\n\t\t\t\t<div class=\"elementor-element elementor-element-092460a elementor-hidden-widescreen elementor-hidden-desktop elementor-widget elementor-widget-image\" data-id=\"092460a\" data-element_type=\"widget\" data-e-type=\"widget\" data-widget_type=\"image.default\">\n\t\t\t\t<div class=\"elementor-widget-container\">\n\t\t\t\t\t\t\t\t\t\t\t\t\t\t\t<img loading=\"lazy\" decoding=\"async\" width=\"800\" height=\"730\" src=\"https:\/\/catalanfood.com\/latam\/wp-content\/uploads\/sites\/6\/2024\/12\/Recurso-1@2x-1024x934.png\" class=\"attachment-large size-large wp-image-945\" alt=\"\" srcset=\"https:\/\/catalanfood.com\/latam\/wp-content\/uploads\/sites\/6\/2024\/12\/Recurso-1@2x-1024x934.png 1024w, https:\/\/catalanfood.com\/latam\/wp-content\/uploads\/sites\/6\/2024\/12\/Recurso-1@2x-300x274.png 300w, https:\/\/catalanfood.com\/latam\/wp-content\/uploads\/sites\/6\/2024\/12\/Recurso-1@2x-768x700.png 768w, https:\/\/catalanfood.com\/latam\/wp-content\/uploads\/sites\/6\/2024\/12\/Recurso-1@2x.png 1524w\" sizes=\"(max-width: 800px) 100vw, 800px\" \/>\t\t\t\t\t\t\t\t\t\t\t\t\t\t\t<\/div>\n\t\t\t\t<\/div>\n\t\t\t\t\t<\/div>\n\t\t\t\t<\/div>\n\t\t<div class=\"elementor-element elementor-element-706b27a elementor-hidden-widescreen elementor-hidden-desktop e-flex e-con-boxed e-con e-parent\" data-id=\"706b27a\" data-element_type=\"container\" data-e-type=\"container\" data-settings=\"{&quot;background_background&quot;:&quot;classic&quot;}\">\n\t\t\t\t\t<div class=\"e-con-inner\">\n\t\t\t\t<div class=\"elementor-element elementor-element-18dafd8 elementor-hidden-widescreen elementor-hidden-desktop elementor-widget elementor-widget-image\" data-id=\"18dafd8\" data-element_type=\"widget\" data-e-type=\"widget\" data-widget_type=\"image.default\">\n\t\t\t\t<div class=\"elementor-widget-container\">\n\t\t\t\t\t\t\t\t\t\t\t\t\t\t\t<img loading=\"lazy\" decoding=\"async\" width=\"800\" height=\"197\" src=\"https:\/\/catalanfood.com\/latam\/wp-content\/uploads\/sites\/6\/2024\/12\/Llegenda_Michelin_1@2x.png\" class=\"attachment-large size-large wp-image-951\" alt=\"\" srcset=\"https:\/\/catalanfood.com\/latam\/wp-content\/uploads\/sites\/6\/2024\/12\/Llegenda_Michelin_1@2x.png 835w, https:\/\/catalanfood.com\/latam\/wp-content\/uploads\/sites\/6\/2024\/12\/Llegenda_Michelin_1@2x-300x74.png 300w, https:\/\/catalanfood.com\/latam\/wp-content\/uploads\/sites\/6\/2024\/12\/Llegenda_Michelin_1@2x-768x189.png 768w\" sizes=\"(max-width: 800px) 100vw, 800px\" \/>\t\t\t\t\t\t\t\t\t\t\t\t\t\t\t<\/div>\n\t\t\t\t<\/div>\n\t\t\t\t\t<\/div>\n\t\t\t\t<\/div>\n\t\t<section class=\"elementor-element elementor-element-51ffa57 e-flex e-con-boxed e-con e-parent\" data-id=\"51ffa57\" data-element_type=\"container\" data-e-type=\"container\">\n\t\t\t\t\t<div class=\"e-con-inner\">\n\t\t<div class=\"elementor-element elementor-element-293f8b1 e-grid e-con-full e-con e-child\" data-id=\"293f8b1\" data-element_type=\"container\" data-e-type=\"container\">\n\t\t<div class=\"elementor-element elementor-element-efaef32 e-con-full e-flex e-con e-child\" data-id=\"efaef32\" data-element_type=\"container\" data-e-type=\"container\">\n\t\t\t\t<div class=\"elementor-element elementor-element-9a3bc6b heading-rosa elementor-widget elementor-widget-heading\" data-id=\"9a3bc6b\" data-element_type=\"widget\" data-e-type=\"widget\" data-widget_type=\"heading.default\">\n\t\t\t\t<div class=\"elementor-widget-container\">\n\t\t\t\t\t<h2 class=\"elementor-heading-title elementor-size-default\">La revoluci\u00f3n culinaria y la gastronom\u00eda de renombre mundial<\/h2>\t\t\t\t<\/div>\n\t\t\t\t<\/div>\n\t\t\t\t<div class=\"elementor-element elementor-element-bd96d59 elementor-widget-divider--view-line elementor-widget elementor-widget-divider\" data-id=\"bd96d59\" data-element_type=\"widget\" data-e-type=\"widget\" data-widget_type=\"divider.default\">\n\t\t\t\t<div class=\"elementor-widget-container\">\n\t\t\t\t\t\t\t<div class=\"elementor-divider\">\n\t\t\t<span class=\"elementor-divider-separator\">\n\t\t\t\t\t\t<\/span>\n\t\t<\/div>\n\t\t\t\t\t\t<\/div>\n\t\t\t\t<\/div>\n\t\t\t\t<div class=\"elementor-element elementor-element-8817e95 elementor-hidden-desktop elementor-hidden-widescreen elementor-widget elementor-widget-image\" data-id=\"8817e95\" data-element_type=\"widget\" data-e-type=\"widget\" data-widget_type=\"image.default\">\n\t\t\t\t<div class=\"elementor-widget-container\">\n\t\t\t\t\t\t\t\t\t\t\t\t\t\t\t<img loading=\"lazy\" decoding=\"async\" width=\"523\" height=\"646\" src=\"https:\/\/catalanfood.com\/latam\/wp-content\/uploads\/sites\/6\/2024\/11\/ferran-adria.webp\" class=\"attachment-large size-large wp-image-398\" alt=\"\" srcset=\"https:\/\/catalanfood.com\/latam\/wp-content\/uploads\/sites\/6\/2024\/11\/ferran-adria.webp 523w, https:\/\/catalanfood.com\/latam\/wp-content\/uploads\/sites\/6\/2024\/11\/ferran-adria-243x300.webp 243w\" sizes=\"(max-width: 523px) 100vw, 523px\" \/>\t\t\t\t\t\t\t\t\t\t\t\t\t\t\t<\/div>\n\t\t\t\t<\/div>\n\t\t\t\t<div class=\"elementor-element elementor-element-b837231 elementor-widget elementor-widget-text-editor\" data-id=\"b837231\" data-element_type=\"widget\" data-e-type=\"widget\" data-widget_type=\"text-editor.default\">\n\t\t\t\t<div class=\"elementor-widget-container\">\n\t\t\t\t\t\t\t\t\t<p>Ferran Adri\u00e0, head chef of El Bulli (Costa Brava, Catalonia), World\u2019s Best Restaurant in 2002, 2006, 2007, 2008 and 2009, has led the culinary revolution based on innovation and new food textures and experiences, creating a new language based on both flavour and technique.<\/p>\t\t\t\t\t\t\t\t<\/div>\n\t\t\t\t<\/div>\n\t\t\t\t<\/div>\n\t\t\t\t<div class=\"elementor-element elementor-element-2fa8443 elementor-hidden-mobile elementor-hidden-tablet elementor-widget elementor-widget-image\" data-id=\"2fa8443\" data-element_type=\"widget\" data-e-type=\"widget\" data-widget_type=\"image.default\">\n\t\t\t\t<div class=\"elementor-widget-container\">\n\t\t\t\t\t\t\t\t\t\t\t\t\t\t\t<img loading=\"lazy\" decoding=\"async\" width=\"523\" height=\"646\" src=\"https:\/\/catalanfood.com\/latam\/wp-content\/uploads\/sites\/6\/2024\/11\/ferran-adria.webp\" class=\"attachment-large size-large wp-image-398\" alt=\"\" srcset=\"https:\/\/catalanfood.com\/latam\/wp-content\/uploads\/sites\/6\/2024\/11\/ferran-adria.webp 523w, https:\/\/catalanfood.com\/latam\/wp-content\/uploads\/sites\/6\/2024\/11\/ferran-adria-243x300.webp 243w\" sizes=\"(max-width: 523px) 100vw, 523px\" \/>\t\t\t\t\t\t\t\t\t\t\t\t\t\t\t<\/div>\n\t\t\t\t<\/div>\n\t\t\t\t<\/div>\n\t\t<div class=\"elementor-element elementor-element-1db40f1 e-grid e-con-full e-con e-child\" data-id=\"1db40f1\" data-element_type=\"container\" data-e-type=\"container\">\n\t\t<div class=\"elementor-element elementor-element-31c2347 e-con-full e-flex e-con e-child\" data-id=\"31c2347\" data-element_type=\"container\" data-e-type=\"container\">\n\t\t\t\t<div class=\"elementor-element elementor-element-cd30782 elementor-widget elementor-widget-image\" data-id=\"cd30782\" data-element_type=\"widget\" data-e-type=\"widget\" data-widget_type=\"image.default\">\n\t\t\t\t<div class=\"elementor-widget-container\">\n\t\t\t\t\t\t\t\t\t\t\t\t\t\t\t<img loading=\"lazy\" decoding=\"async\" width=\"701\" height=\"306\" src=\"https:\/\/catalanfood.com\/latam\/wp-content\/uploads\/sites\/6\/2024\/11\/germans-roca.webp\" class=\"attachment-large size-large wp-image-400\" alt=\"\" srcset=\"https:\/\/catalanfood.com\/latam\/wp-content\/uploads\/sites\/6\/2024\/11\/germans-roca.webp 701w, https:\/\/catalanfood.com\/latam\/wp-content\/uploads\/sites\/6\/2024\/11\/germans-roca-300x131.webp 300w\" sizes=\"(max-width: 701px) 100vw, 701px\" \/>\t\t\t\t\t\t\t\t\t\t\t\t\t\t\t<\/div>\n\t\t\t\t<\/div>\n\t\t\t\t<div class=\"elementor-element elementor-element-0e6101e elementor-widget elementor-widget-image\" data-id=\"0e6101e\" data-element_type=\"widget\" data-e-type=\"widget\" data-widget_type=\"image.default\">\n\t\t\t\t<div class=\"elementor-widget-container\">\n\t\t\t\t\t\t\t\t\t\t\t\t\t\t\t<img loading=\"lazy\" decoding=\"async\" width=\"701\" height=\"306\" src=\"https:\/\/catalanfood.com\/latam\/wp-content\/uploads\/sites\/6\/2024\/11\/disfrutar.webp\" class=\"attachment-large size-large wp-image-401\" alt=\"\" srcset=\"https:\/\/catalanfood.com\/latam\/wp-content\/uploads\/sites\/6\/2024\/11\/disfrutar.webp 701w, https:\/\/catalanfood.com\/latam\/wp-content\/uploads\/sites\/6\/2024\/11\/disfrutar-300x131.webp 300w\" sizes=\"(max-width: 701px) 100vw, 701px\" \/>\t\t\t\t\t\t\t\t\t\t\t\t\t\t\t<\/div>\n\t\t\t\t<\/div>\n\t\t\t\t<div class=\"elementor-element elementor-element-4f965f1 elementor-widget elementor-widget-image\" data-id=\"4f965f1\" data-element_type=\"widget\" data-e-type=\"widget\" data-widget_type=\"image.default\">\n\t\t\t\t<div class=\"elementor-widget-container\">\n\t\t\t\t\t\t\t\t\t\t\t\t\t\t\t<img loading=\"lazy\" decoding=\"async\" width=\"701\" height=\"306\" src=\"https:\/\/catalanfood.com\/latam\/wp-content\/uploads\/sites\/6\/2024\/11\/germans-roca.webp\" class=\"attachment-large size-large wp-image-400\" alt=\"\" srcset=\"https:\/\/catalanfood.com\/latam\/wp-content\/uploads\/sites\/6\/2024\/11\/germans-roca.webp 701w, https:\/\/catalanfood.com\/latam\/wp-content\/uploads\/sites\/6\/2024\/11\/germans-roca-300x131.webp 300w\" sizes=\"(max-width: 701px) 100vw, 701px\" \/>\t\t\t\t\t\t\t\t\t\t\t\t\t\t\t<\/div>\n\t\t\t\t<\/div>\n\t\t\t\t<div class=\"elementor-element elementor-element-672c444 elementor-hidden-widescreen elementor-hidden-desktop elementor-widget elementor-widget-text-editor\" data-id=\"672c444\" data-element_type=\"widget\" data-e-type=\"widget\" data-widget_type=\"text-editor.default\">\n\t\t\t\t<div class=\"elementor-widget-container\">\n\t\t\t\t\t\t\t\t\t<p class=\"p1\">Los Hermanos Roca \u2013 El Celler de Can Roca (Girona) tambi\u00e9n ingresaron en el top 50 de los Mejores Restaurantes del Mundo en 2013, y han estado en la cima de la lista en dos ocasiones.<\/p><p class=\"p1\">En julio de 2022, Disfrutar en Barcelona, dirigido por los chefs Oriol Castro, Eduard Xatruch y Mateu Casa\u00f1as, quienes comenzaron sus carreras en El Bulli, ocup\u00f3 el puesto n\u00famero 2 en la lista de los Mejores Restaurantes del Mundo.<\/p><p class=\"p1\">El restaurante Les Cols (Garrotxa, Catalu\u00f1a), dirigido por la chef Fina Puigdevall y sus tres hijas, es otro de los muchos ejemplos de la excelencia culinaria y gastron\u00f3mica y el reconocimiento internacional de la cocina catalana.<\/p>\t\t\t\t\t\t\t\t<\/div>\n\t\t\t\t<\/div>\n\t\t\t\t<\/div>\n\t\t\t\t<div class=\"elementor-element elementor-element-682e3e8 elementor-hidden-tablet elementor-hidden-mobile elementor-widget elementor-widget-text-editor\" data-id=\"682e3e8\" data-element_type=\"widget\" data-e-type=\"widget\" data-widget_type=\"text-editor.default\">\n\t\t\t\t<div class=\"elementor-widget-container\">\n\t\t\t\t\t\t\t\t\t<p class=\"p1\">Los Hermanos Roca \u2013 El Celler de Can Roca (Girona) tambi\u00e9n ingresaron en el top 50 de los Mejores Restaurantes del Mundo en 2013, y han estado en la cima de la lista en dos ocasiones.<\/p><p class=\"p1\">En julio de 2022, Disfrutar en Barcelona, dirigido por los chefs Oriol Castro, Eduard Xatruch y Mateu Casa\u00f1as, quienes comenzaron sus carreras en El Bulli, ocup\u00f3 el puesto n\u00famero 2 en la lista de los Mejores Restaurantes del Mundo.<\/p><p class=\"p1\">El restaurante Les Cols (Garrotxa, Catalu\u00f1a), dirigido por la chef Fina Puigdevall y sus tres hijas, es otro de los muchos ejemplos de la excelencia culinaria y gastron\u00f3mica y el reconocimiento internacional de la cocina catalana.<\/p>\t\t\t\t\t\t\t\t<\/div>\n\t\t\t\t<\/div>\n\t\t\t\t<\/div>\n\t\t\t\t\t<\/div>\n\t\t\t\t<\/section>\n\t\t<div class=\"elementor-element elementor-element-46e0f8e e-con-full elementor-hidden-widescreen elementor-hidden-desktop elementor-hidden-tablet elementor-hidden-mobile e-flex e-con e-parent\" data-id=\"46e0f8e\" data-element_type=\"container\" data-e-type=\"container\" data-settings=\"{&quot;background_background&quot;:&quot;classic&quot;}\">\n\t\t\t\t<div class=\"elementor-element elementor-element-25205a7 elementor-hidden-tablet elementor-hidden-mobile elementor-widget elementor-widget-spacer\" data-id=\"25205a7\" data-element_type=\"widget\" data-e-type=\"widget\" data-widget_type=\"spacer.default\">\n\t\t\t\t<div class=\"elementor-widget-container\">\n\t\t\t\t\t\t\t<div class=\"elementor-spacer\">\n\t\t\t<div class=\"elementor-spacer-inner\"><\/div>\n\t\t<\/div>\n\t\t\t\t\t\t<\/div>\n\t\t\t\t<\/div>\n\t\t<div class=\"elementor-element elementor-element-d04cf76 e-flex e-con-boxed e-con e-child\" data-id=\"d04cf76\" data-element_type=\"container\" data-e-type=\"container\">\n\t\t\t\t\t<div class=\"e-con-inner\">\n\t\t<div class=\"elementor-element elementor-element-b6ae808 e-con-full e-flex e-con e-child\" data-id=\"b6ae808\" data-element_type=\"container\" data-e-type=\"container\">\n\t\t\t\t<div class=\"elementor-element elementor-element-377cc8a elementor-widget elementor-widget-heading\" data-id=\"377cc8a\" data-element_type=\"widget\" data-e-type=\"widget\" data-widget_type=\"heading.default\">\n\t\t\t\t<div class=\"elementor-widget-container\">\n\t\t\t\t\t<h2 class=\"elementor-heading-title elementor-size-default\">Discover Catalan Food<\/h2>\t\t\t\t<\/div>\n\t\t\t\t<\/div>\n\t\t\t\t<div class=\"elementor-element elementor-element-e745bac elementor-widescreen-button-align-start elementor-button-align-stretch elementor-widget elementor-widget-form\" data-id=\"e745bac\" data-element_type=\"widget\" data-e-type=\"widget\" data-settings=\"{&quot;button_width_widescreen&quot;:&quot;20&quot;,&quot;step_next_label&quot;:&quot;Next&quot;,&quot;step_previous_label&quot;:&quot;Previous&quot;,&quot;button_width&quot;:&quot;100&quot;,&quot;step_type&quot;:&quot;number_text&quot;,&quot;step_icon_shape&quot;:&quot;circle&quot;}\" data-widget_type=\"form.default\">\n\t\t\t\t<div class=\"elementor-widget-container\">\n\t\t\t\t\t\t\t<form class=\"elementor-form\" method=\"post\" name=\"Newsletter\" aria-label=\"Newsletter\">\n\t\t\t<input type=\"hidden\" name=\"post_id\" value=\"5567\"\/>\n\t\t\t<input type=\"hidden\" name=\"form_id\" value=\"e745bac\"\/>\n\t\t\t<input type=\"hidden\" name=\"referer_title\" value=\"Catalu\u00f1a | Catalan Food Latam\" \/>\n\n\t\t\t\t\t\t\t<input type=\"hidden\" name=\"queried_id\" value=\"5567\"\/>\n\t\t\t\n\t\t\t<div class=\"elementor-form-fields-wrapper elementor-labels-\">\n\t\t\t\t\t\t\t\t<div class=\"elementor-field-type-email elementor-field-group elementor-column elementor-field-group-email elementor-col-100 elementor-field-required\">\n\t\t\t\t\t\t\t\t\t\t\t\t<label for=\"form-field-email\" class=\"elementor-field-label elementor-screen-only\">\n\t\t\t\t\t\t\t\tEmail\t\t\t\t\t\t\t<\/label>\n\t\t\t\t\t\t\t\t\t\t\t\t\t\t<input size=\"1\" type=\"email\" name=\"form_fields[email]\" id=\"form-field-email\" class=\"elementor-field elementor-size-sm  elementor-field-textual\" placeholder=\"example@gmail.com\" required=\"required\">\n\t\t\t\t\t\t\t\t\t\t\t<\/div>\n\t\t\t\t\t\t\t\t<div class=\"elementor-field-type-acceptance elementor-field-group elementor-column elementor-field-group-field_5bdd717 elementor-col-100\">\n\t\t\t\t\t\t\t<div class=\"elementor-field-subgroup\">\n\t\t\t<span class=\"elementor-field-option\">\n\t\t\t\t<input type=\"checkbox\" name=\"form_fields[field_5bdd717]\" id=\"form-field-field_5bdd717\" class=\"elementor-field elementor-size-sm  elementor-acceptance-field\">\n\t\t\t\t<label for=\"form-field-field_5bdd717\">I have read and accept the privacy policy.<\/label>\t\t\t<\/span>\n\t\t<\/div>\n\t\t\t\t\t\t<\/div>\n\t\t\t\t\t\t\t\t<div class=\"elementor-field-type-html elementor-field-group elementor-column elementor-field-group-field_8a56732 elementor-col-100\">\n\t\t\t\t\t<p style=\"font-size: 11px; line-height:14px;\">If you want to be informed of our international activities and follow the news of the most desirable gastronomic Catalonia, leave us your email and become part of our community.<\/p>\t\t\t\t<\/div>\n\t\t\t\t\t\t\t\t<div class=\"elementor-field-group elementor-column elementor-field-type-submit elementor-col-100 e-form__buttons\">\n\t\t\t\t\t<button class=\"elementor-button elementor-size-sm\" type=\"submit\">\n\t\t\t\t\t\t<span class=\"elementor-button-content-wrapper\">\n\t\t\t\t\t\t\t\t\t\t\t\t\t\t\t\t\t\t\t\t\t\t<span class=\"elementor-button-text\">SIGN UP FOR OUR NEWSLETTER<\/span>\n\t\t\t\t\t\t\t\t\t\t\t\t\t<\/span>\n\t\t\t\t\t<\/button>\n\t\t\t\t<\/div>\n\t\t\t<\/div>\n\t\t<\/form>\n\t\t\t\t\t\t<\/div>\n\t\t\t\t<\/div>\n\t\t\t\t<\/div>\n\t\t<div class=\"elementor-element elementor-element-39b881d e-con-full e-flex e-con e-child\" data-id=\"39b881d\" data-element_type=\"container\" data-e-type=\"container\">\n\t\t\t\t<div class=\"elementor-element elementor-element-e331b67 elementor-widget elementor-widget-image\" data-id=\"e331b67\" data-element_type=\"widget\" data-e-type=\"widget\" data-widget_type=\"image.default\">\n\t\t\t\t<div class=\"elementor-widget-container\">\n\t\t\t\t\t\t\t\t\t\t\t\t\t\t\t<img loading=\"lazy\" decoding=\"async\" width=\"800\" height=\"792\" src=\"https:\/\/catalanfood.com\/latam\/wp-content\/uploads\/sites\/6\/2024\/12\/3-iPad-Pro-Mockup-copia2-1024x1014.png\" class=\"attachment-large size-large wp-image-1424\" alt=\"\" srcset=\"https:\/\/catalanfood.com\/latam\/wp-content\/uploads\/sites\/6\/2024\/12\/3-iPad-Pro-Mockup-copia2-1024x1014.png 1024w, https:\/\/catalanfood.com\/latam\/wp-content\/uploads\/sites\/6\/2024\/12\/3-iPad-Pro-Mockup-copia2-300x297.png 300w, https:\/\/catalanfood.com\/latam\/wp-content\/uploads\/sites\/6\/2024\/12\/3-iPad-Pro-Mockup-copia2-150x150.png 150w, https:\/\/catalanfood.com\/latam\/wp-content\/uploads\/sites\/6\/2024\/12\/3-iPad-Pro-Mockup-copia2-768x761.png 768w, https:\/\/catalanfood.com\/latam\/wp-content\/uploads\/sites\/6\/2024\/12\/3-iPad-Pro-Mockup-copia2.png 1157w\" sizes=\"(max-width: 800px) 100vw, 800px\" \/>\t\t\t\t\t\t\t\t\t\t\t\t\t\t\t<\/div>\n\t\t\t\t<\/div>\n\t\t\t\t<\/div>\n\t\t\t\t\t<\/div>\n\t\t\t\t<\/div>\n\t\t\t\t<\/div>\n\t\t\t\t<\/div>\n\t\t","protected":false},"excerpt":{"rendered":"<p>Catalu\u00f1a La tierra de Barcelona Catalu\u00f1a, con Barcelona como su capital, es una regi\u00f3n europea en el \u00e1rea mediterr\u00e1nea, con su propia cultura, lengua y tradiciones. La geograf\u00eda y la historia de Catalu\u00f1a han dado forma a un estilo de vida donde la comida es una parte central de la cultura y la identidad catalana. [&hellip;]<\/p>\n","protected":false},"author":1,"featured_media":0,"parent":0,"menu_order":0,"comment_status":"closed","ping_status":"closed","template":"","meta":{"_acf_changed":false,"footnotes":""},"class_list":["post-5567","page","type-page","status-publish","hentry"],"acf":[],"yoast_head":"<!-- This site is optimized with the Yoast SEO plugin v27.1.1 - https:\/\/yoast.com\/product\/yoast-seo-wordpress\/ -->\n<title>Catalu\u00f1a | Catalan Food Latam<\/title>\n<meta name=\"robots\" content=\"index, follow, max-snippet:-1, max-image-preview:large, max-video-preview:-1\" \/>\n<link rel=\"canonical\" href=\"https:\/\/catalanfood.com\/latam\/cataluna\/\" \/>\n<meta property=\"og:locale\" content=\"es_ES\" \/>\n<meta property=\"og:type\" content=\"article\" \/>\n<meta property=\"og:title\" content=\"Catalu\u00f1a | Catalan Food Latam\" \/>\n<meta property=\"og:description\" content=\"Catalu\u00f1a La tierra de Barcelona Catalu\u00f1a, con Barcelona como su capital, es una regi\u00f3n europea en el \u00e1rea mediterr\u00e1nea, con su propia cultura, lengua y tradiciones. La geograf\u00eda y la historia de Catalu\u00f1a han dado forma a un estilo de vida donde la comida es una parte central de la cultura y la identidad catalana. [&hellip;]\" \/>\n<meta property=\"og:url\" content=\"https:\/\/catalanfood.com\/latam\/cataluna\/\" \/>\n<meta property=\"og:site_name\" content=\"Catalan Food Latam\" \/>\n<meta property=\"article:modified_time\" content=\"2026-04-23T21:43:50+00:00\" \/>\n<meta name=\"twitter:card\" content=\"summary_large_image\" \/>\n<meta name=\"twitter:label1\" content=\"Tiempo de lectura\" \/>\n\t<meta name=\"twitter:data1\" content=\"11 minutos\" \/>\n<script type=\"application\/ld+json\" class=\"yoast-schema-graph\">{\"@context\":\"https:\/\/schema.org\",\"@graph\":[{\"@type\":\"WebPage\",\"@id\":\"https:\/\/catalanfood.com\/latam\/cataluna\/\",\"url\":\"https:\/\/catalanfood.com\/latam\/cataluna\/\",\"name\":\"Catalu\u00f1a | Catalan Food Latam\",\"isPartOf\":{\"@id\":\"https:\/\/catalanfood.com\/latam\/#website\"},\"primaryImageOfPage\":{\"@id\":\"https:\/\/catalanfood.com\/latam\/cataluna\/#primaryimage\"},\"image\":{\"@id\":\"https:\/\/catalanfood.com\/latam\/cataluna\/#primaryimage\"},\"thumbnailUrl\":\"https:\/\/catalanfood.com\/latam\/wp-content\/uploads\/sites\/6\/2024\/11\/detail-07-ico.svg\",\"datePublished\":\"2024-12-16T11:21:53+00:00\",\"dateModified\":\"2026-04-23T21:43:50+00:00\",\"breadcrumb\":{\"@id\":\"https:\/\/catalanfood.com\/latam\/cataluna\/#breadcrumb\"},\"inLanguage\":\"es\",\"potentialAction\":[{\"@type\":\"ReadAction\",\"target\":[\"https:\/\/catalanfood.com\/latam\/cataluna\/\"]}]},{\"@type\":\"ImageObject\",\"inLanguage\":\"es\",\"@id\":\"https:\/\/catalanfood.com\/latam\/cataluna\/#primaryimage\",\"url\":\"https:\/\/catalanfood.com\/latam\/wp-content\/uploads\/sites\/6\/2024\/11\/detail-07-ico.svg\",\"contentUrl\":\"https:\/\/catalanfood.com\/latam\/wp-content\/uploads\/sites\/6\/2024\/11\/detail-07-ico.svg\"},{\"@type\":\"BreadcrumbList\",\"@id\":\"https:\/\/catalanfood.com\/latam\/cataluna\/#breadcrumb\",\"itemListElement\":[{\"@type\":\"ListItem\",\"position\":1,\"name\":\"Home\",\"item\":\"https:\/\/catalanfood.com\/latam\/\"},{\"@type\":\"ListItem\",\"position\":2,\"name\":\"Catalu\u00f1a\"}]},{\"@type\":\"WebSite\",\"@id\":\"https:\/\/catalanfood.com\/latam\/#website\",\"url\":\"https:\/\/catalanfood.com\/latam\/\",\"name\":\"Catalan Food Latam\",\"description\":\"\",\"potentialAction\":[{\"@type\":\"SearchAction\",\"target\":{\"@type\":\"EntryPoint\",\"urlTemplate\":\"https:\/\/catalanfood.com\/latam\/?s={search_term_string}\"},\"query-input\":{\"@type\":\"PropertyValueSpecification\",\"valueRequired\":true,\"valueName\":\"search_term_string\"}}],\"inLanguage\":\"es\"}]}<\/script>\n<!-- \/ Yoast SEO plugin. -->","yoast_head_json":{"title":"Catalu\u00f1a | Catalan Food Latam","robots":{"index":"index","follow":"follow","max-snippet":"max-snippet:-1","max-image-preview":"max-image-preview:large","max-video-preview":"max-video-preview:-1"},"canonical":"https:\/\/catalanfood.com\/latam\/cataluna\/","og_locale":"es_ES","og_type":"article","og_title":"Catalu\u00f1a | Catalan Food Latam","og_description":"Catalu\u00f1a La tierra de Barcelona Catalu\u00f1a, con Barcelona como su capital, es una regi\u00f3n europea en el \u00e1rea mediterr\u00e1nea, con su propia cultura, lengua y tradiciones. La geograf\u00eda y la historia de Catalu\u00f1a han dado forma a un estilo de vida donde la comida es una parte central de la cultura y la identidad catalana. [&hellip;]","og_url":"https:\/\/catalanfood.com\/latam\/cataluna\/","og_site_name":"Catalan Food Latam","article_modified_time":"2026-04-23T21:43:50+00:00","twitter_card":"summary_large_image","twitter_misc":{"Tiempo de lectura":"11 minutos"},"schema":{"@context":"https:\/\/schema.org","@graph":[{"@type":"WebPage","@id":"https:\/\/catalanfood.com\/latam\/cataluna\/","url":"https:\/\/catalanfood.com\/latam\/cataluna\/","name":"Catalu\u00f1a | Catalan Food Latam","isPartOf":{"@id":"https:\/\/catalanfood.com\/latam\/#website"},"primaryImageOfPage":{"@id":"https:\/\/catalanfood.com\/latam\/cataluna\/#primaryimage"},"image":{"@id":"https:\/\/catalanfood.com\/latam\/cataluna\/#primaryimage"},"thumbnailUrl":"https:\/\/catalanfood.com\/latam\/wp-content\/uploads\/sites\/6\/2024\/11\/detail-07-ico.svg","datePublished":"2024-12-16T11:21:53+00:00","dateModified":"2026-04-23T21:43:50+00:00","breadcrumb":{"@id":"https:\/\/catalanfood.com\/latam\/cataluna\/#breadcrumb"},"inLanguage":"es","potentialAction":[{"@type":"ReadAction","target":["https:\/\/catalanfood.com\/latam\/cataluna\/"]}]},{"@type":"ImageObject","inLanguage":"es","@id":"https:\/\/catalanfood.com\/latam\/cataluna\/#primaryimage","url":"https:\/\/catalanfood.com\/latam\/wp-content\/uploads\/sites\/6\/2024\/11\/detail-07-ico.svg","contentUrl":"https:\/\/catalanfood.com\/latam\/wp-content\/uploads\/sites\/6\/2024\/11\/detail-07-ico.svg"},{"@type":"BreadcrumbList","@id":"https:\/\/catalanfood.com\/latam\/cataluna\/#breadcrumb","itemListElement":[{"@type":"ListItem","position":1,"name":"Home","item":"https:\/\/catalanfood.com\/latam\/"},{"@type":"ListItem","position":2,"name":"Catalu\u00f1a"}]},{"@type":"WebSite","@id":"https:\/\/catalanfood.com\/latam\/#website","url":"https:\/\/catalanfood.com\/latam\/","name":"Catalan Food Latam","description":"","potentialAction":[{"@type":"SearchAction","target":{"@type":"EntryPoint","urlTemplate":"https:\/\/catalanfood.com\/latam\/?s={search_term_string}"},"query-input":{"@type":"PropertyValueSpecification","valueRequired":true,"valueName":"search_term_string"}}],"inLanguage":"es"}]}},"_links":{"self":[{"href":"https:\/\/catalanfood.com\/latam\/wp-json\/wp\/v2\/pages\/5567","targetHints":{"allow":["GET"]}}],"collection":[{"href":"https:\/\/catalanfood.com\/latam\/wp-json\/wp\/v2\/pages"}],"about":[{"href":"https:\/\/catalanfood.com\/latam\/wp-json\/wp\/v2\/types\/page"}],"author":[{"embeddable":true,"href":"https:\/\/catalanfood.com\/latam\/wp-json\/wp\/v2\/users\/1"}],"replies":[{"embeddable":true,"href":"https:\/\/catalanfood.com\/latam\/wp-json\/wp\/v2\/comments?post=5567"}],"version-history":[{"count":34,"href":"https:\/\/catalanfood.com\/latam\/wp-json\/wp\/v2\/pages\/5567\/revisions"}],"predecessor-version":[{"id":7609,"href":"https:\/\/catalanfood.com\/latam\/wp-json\/wp\/v2\/pages\/5567\/revisions\/7609"}],"wp:attachment":[{"href":"https:\/\/catalanfood.com\/latam\/wp-json\/wp\/v2\/media?parent=5567"}],"curies":[{"name":"wp","href":"https:\/\/api.w.org\/{rel}","templated":true}]}}