{"id":5600,"date":"2024-12-16T13:43:39","date_gmt":"2024-12-16T12:43:39","guid":{"rendered":"https:\/\/catalanfood.com\/latam\/?page_id=5600"},"modified":"2026-04-24T01:58:33","modified_gmt":"2026-04-23T23:58:33","slug":"prensa","status":"publish","type":"page","link":"https:\/\/catalanfood.com\/latam\/prensa\/","title":{"rendered":"Prensa"},"content":{"rendered":"\t\t<div data-elementor-type=\"wp-page\" data-elementor-id=\"5600\" class=\"elementor elementor-5600\" data-elementor-post-type=\"page\">\n\t\t\t\t<section class=\"elementor-element elementor-element-0321f77 e-flex e-con-boxed e-con e-parent\" data-id=\"0321f77\" data-element_type=\"container\" data-e-type=\"container\" data-settings=\"{&quot;background_background&quot;:&quot;classic&quot;}\">\n\t\t\t\t\t<div class=\"e-con-inner\">\n\t\t\t\t<div class=\"elementor-element elementor-element-5ece1d9 elementor-widget elementor-widget-image\" data-id=\"5ece1d9\" data-element_type=\"widget\" data-e-type=\"widget\" data-widget_type=\"image.default\">\n\t\t\t\t<div class=\"elementor-widget-container\">\n\t\t\t\t\t\t\t\t\t\t\t\t\t\t\t<img decoding=\"async\" width=\"1\" height=\"1\" src=\"https:\/\/catalanfood.com\/latam\/wp-content\/uploads\/sites\/6\/2024\/11\/detail-07-ico.svg\" class=\"attachment-large size-large wp-image-153\" alt=\"\" \/>\t\t\t\t\t\t\t\t\t\t\t\t\t\t\t<\/div>\n\t\t\t\t<\/div>\n\t\t\t\t<div class=\"elementor-element elementor-element-680f71c elementor-widget elementor-widget-heading\" data-id=\"680f71c\" data-element_type=\"widget\" data-e-type=\"widget\" data-widget_type=\"heading.default\">\n\t\t\t\t<div class=\"elementor-widget-container\">\n\t\t\t\t\t<h1 class=\"elementor-heading-title elementor-size-default\">Prensa<\/h1>\t\t\t\t<\/div>\n\t\t\t\t<\/div>\n\t\t\t\t\t<\/div>\n\t\t\t\t<\/section>\n\t\t<section class=\"elementor-element elementor-element-1705c72 e-flex e-con-boxed e-con e-parent\" data-id=\"1705c72\" data-element_type=\"container\" data-e-type=\"container\">\n\t\t\t\t\t<div class=\"e-con-inner\">\n\t\t<div class=\"elementor-element elementor-element-31ce161 e-grid e-con-full e-con e-child\" data-id=\"31ce161\" data-element_type=\"container\" data-e-type=\"container\">\n\t\t\t\t<div class=\"elementor-element elementor-element-09cbee9 elementor-hidden-mobile elementor-widget elementor-widget-image\" data-id=\"09cbee9\" data-element_type=\"widget\" data-e-type=\"widget\" data-widget_type=\"image.default\">\n\t\t\t\t<div class=\"elementor-widget-container\">\n\t\t\t\t\t\t\t\t\t\t\t\t\t\t\t<img fetchpriority=\"high\" decoding=\"async\" width=\"600\" height=\"525\" src=\"https:\/\/catalanfood.com\/latam\/wp-content\/uploads\/sites\/6\/2024\/12\/foto-press-1.webp\" class=\"attachment-large size-large wp-image-5608\" alt=\"\" srcset=\"https:\/\/catalanfood.com\/latam\/wp-content\/uploads\/sites\/6\/2024\/12\/foto-press-1.webp 600w, https:\/\/catalanfood.com\/latam\/wp-content\/uploads\/sites\/6\/2024\/12\/foto-press-1-300x263.webp 300w\" sizes=\"(max-width: 600px) 100vw, 600px\" \/>\t\t\t\t\t\t\t\t\t\t\t\t\t\t\t<\/div>\n\t\t\t\t<\/div>\n\t\t<div class=\"elementor-element elementor-element-762ef9d e-con-full e-flex e-con e-child\" data-id=\"762ef9d\" data-element_type=\"container\" data-e-type=\"container\">\n\t\t\t\t<div class=\"elementor-element elementor-element-e87917c heading-rosa elementor-widget elementor-widget-heading\" data-id=\"e87917c\" data-element_type=\"widget\" data-e-type=\"widget\" data-widget_type=\"heading.default\">\n\t\t\t\t<div class=\"elementor-widget-container\">\n\t\t\t\t\t<h2 class=\"elementor-heading-title elementor-size-default\">Kit de Prensa<\/h2>\t\t\t\t<\/div>\n\t\t\t\t<\/div>\n\t\t\t\t<div class=\"elementor-element elementor-element-cab8561 elementor-widget-divider--view-line elementor-widget elementor-widget-divider\" data-id=\"cab8561\" data-element_type=\"widget\" data-e-type=\"widget\" data-widget_type=\"divider.default\">\n\t\t\t\t<div class=\"elementor-widget-container\">\n\t\t\t\t\t\t\t<div class=\"elementor-divider\">\n\t\t\t<span class=\"elementor-divider-separator\">\n\t\t\t\t\t\t<\/span>\n\t\t<\/div>\n\t\t\t\t\t\t<\/div>\n\t\t\t\t<\/div>\n\t\t\t\t<div class=\"elementor-element elementor-element-2cc2529 elementor-widget elementor-widget-text-editor\" data-id=\"2cc2529\" data-element_type=\"widget\" data-e-type=\"widget\" data-widget_type=\"text-editor.default\">\n\t\t\t\t<div class=\"elementor-widget-container\">\n\t\t\t\t\t\t\t\t\t<p>Your all-access pass to the culinary journey defining our program \u201cCatalonia, where food is culture\u201d. This kit is crafted to equip journalists and content creators with comprehensive information on what makes us unique, offering valuable insights into every facet of our agrifood industry and gastronomy.<\/p>\t\t\t\t\t\t\t\t<\/div>\n\t\t\t\t<\/div>\n\t\t\t\t<div class=\"elementor-element elementor-element-90780c1 elementor-align-left elementor-mobile-align-center elementor-widget elementor-widget-button\" data-id=\"90780c1\" data-element_type=\"widget\" data-e-type=\"widget\" data-widget_type=\"button.default\">\n\t\t\t\t<div class=\"elementor-widget-container\">\n\t\t\t\t\t\t\t\t\t<div class=\"elementor-button-wrapper\">\n\t\t\t\t\t<a class=\"elementor-button elementor-button-link elementor-size-sm\" href=\"https:\/\/catalanfood.com\/wp-content\/uploads\/2024\/12\/PRESSKIT-EN-WEB.pdf\">\n\t\t\t\t\t\t<span class=\"elementor-button-content-wrapper\">\n\t\t\t\t\t\t\t\t\t<span class=\"elementor-button-text\">Descargar ahora<\/span>\n\t\t\t\t\t<\/span>\n\t\t\t\t\t<\/a>\n\t\t\t\t<\/div>\n\t\t\t\t\t\t\t\t<\/div>\n\t\t\t\t<\/div>\n\t\t\t\t<\/div>\n\t\t\t\t<\/div>\n\t\t\t\t\t<\/div>\n\t\t\t\t<\/section>\n\t\t<section class=\"elementor-element elementor-element-492ef85 e-con-full e-flex e-con e-parent\" data-id=\"492ef85\" data-element_type=\"container\" data-e-type=\"container\">\n\t\t<div class=\"elementor-element elementor-element-d9fcfd7 e-flex e-con-boxed e-con e-child\" data-id=\"d9fcfd7\" data-element_type=\"container\" data-e-type=\"container\" data-settings=\"{&quot;background_background&quot;:&quot;classic&quot;}\">\n\t\t\t\t\t<div class=\"e-con-inner\">\n\t\t\t\t<div class=\"elementor-element elementor-element-80e527a heading-rosa elementor-widget elementor-widget-heading\" data-id=\"80e527a\" data-element_type=\"widget\" data-e-type=\"widget\" data-widget_type=\"heading.default\">\n\t\t\t\t<div class=\"elementor-widget-container\">\n\t\t\t\t\t<h2 class=\"elementor-heading-title elementor-size-default\">Comunicados de prensa<\/h2>\t\t\t\t<\/div>\n\t\t\t\t<\/div>\n\t\t\t\t<div class=\"elementor-element elementor-element-ba8f681 elementor-widget-divider--view-line elementor-widget elementor-widget-divider\" data-id=\"ba8f681\" data-element_type=\"widget\" data-e-type=\"widget\" data-widget_type=\"divider.default\">\n\t\t\t\t<div class=\"elementor-widget-container\">\n\t\t\t\t\t\t\t<div class=\"elementor-divider\">\n\t\t\t<span class=\"elementor-divider-separator\">\n\t\t\t\t\t\t<\/span>\n\t\t<\/div>\n\t\t\t\t\t\t<\/div>\n\t\t\t\t<\/div>\n\t\t<div class=\"elementor-element elementor-element-c1ac390 e-grid e-con-full e-con e-child\" data-id=\"c1ac390\" data-element_type=\"container\" data-e-type=\"container\">\n\t\t<div class=\"elementor-element elementor-element-6106c84 e-con-full e-flex e-con e-child\" data-id=\"6106c84\" data-element_type=\"container\" data-e-type=\"container\">\n\t\t\t\t<div class=\"elementor-element elementor-element-bab22ee elementor-widget elementor-widget-text-editor\" data-id=\"bab22ee\" data-element_type=\"widget\" data-e-type=\"widget\" data-widget_type=\"text-editor.default\">\n\t\t\t\t<div class=\"elementor-widget-container\">\n\t\t\t\t\t\t\t\t\t<p><a style=\"color: #ffffff;\" href=\"https:\/\/catalanfood.com\/wp-content\/uploads\/2024\/12\/Metropolitan-State-University-of-Denver.pdf\" target=\"_blank\" rel=\"noopener\">Catalan Alimentaci\u00f3n Academy: Culinary Masterclasses 2024 conclude with a partnership between Catalan Alimentaci\u00f3n US and the Metropolitan State University of Denver.<\/a><\/p>\t\t\t\t\t\t\t\t<\/div>\n\t\t\t\t<\/div>\n\t\t\t\t<\/div>\n\t\t<div class=\"elementor-element elementor-element-7ea0115 e-con-full e-flex e-con e-child\" data-id=\"7ea0115\" data-element_type=\"container\" data-e-type=\"container\">\n\t\t\t\t<div class=\"elementor-element elementor-element-224fed3 elementor-widget elementor-widget-text-editor\" data-id=\"224fed3\" data-element_type=\"widget\" data-e-type=\"widget\" data-widget_type=\"text-editor.default\">\n\t\t\t\t<div class=\"elementor-widget-container\">\n\t\t\t\t\t\t\t\t\t<p><a style=\"color: #ffffff;\" href=\"https:\/\/catalanfood.com\/wp-content\/uploads\/2024\/12\/NEWS-RELEASE-AND-MEDIA-ADVISORY-FVTC.pdf\" target=\"_blank\" rel=\"noopener\">SOMETHING IS COOKING AT FVTC: TASTE OF CATALONIA &#8211; Culinary masterclass will introduce guests to the flavors and techniques of Catalonia World Region of Gastronom\u00eda 2025.<\/a><\/p>\t\t\t\t\t\t\t\t<\/div>\n\t\t\t\t<\/div>\n\t\t\t\t<\/div>\n\t\t<div class=\"elementor-element elementor-element-1fcebd7 e-con-full e-flex e-con e-child\" data-id=\"1fcebd7\" data-element_type=\"container\" data-e-type=\"container\">\n\t\t\t\t<div class=\"elementor-element elementor-element-9b3f0eb elementor-widget elementor-widget-text-editor\" data-id=\"9b3f0eb\" data-element_type=\"widget\" data-e-type=\"widget\" data-widget_type=\"text-editor.default\">\n\t\t\t\t<div class=\"elementor-widget-container\">\n\t\t\t\t\t\t\t\t\t<a style=\"color: #ffffff;\" href=\"https:\/\/catalanfood.com\/wp-content\/uploads\/2024\/12\/Catalan-Cuisine-FIU-Master-Class-Media.pdf\" target=\"_blank\" rel=\"noopener\">Catalan Alimentaci\u00f3n Academy and FIU Chaplin School of Hospitality &amp; Tourism Management Collaborate to Launch the First Series of Culinary Masterclasses in Florida.<\/a>\t\t\t\t\t\t\t\t<\/div>\n\t\t\t\t<\/div>\n\t\t\t\t<\/div>\n\t\t<div class=\"elementor-element elementor-element-543caf0 e-con-full e-flex e-con e-child\" data-id=\"543caf0\" data-element_type=\"container\" data-e-type=\"container\">\n\t\t\t\t<div class=\"elementor-element elementor-element-1f44a49 elementor-widget elementor-widget-text-editor\" data-id=\"1f44a49\" data-element_type=\"widget\" data-e-type=\"widget\" data-widget_type=\"text-editor.default\">\n\t\t\t\t<div class=\"elementor-widget-container\">\n\t\t\t\t\t\t\t\t\t<a style=\"color: #ffffff;\" href=\"https:\/\/catalanfood.com\/wp-content\/uploads\/2024\/12\/NOTA-DE-PRENSA-EVENTO-DETROIT.pdf\" target=\"_blank\" rel=\"noopener\">\u00abTaste of Catalonia: Culinary Masterclass\u00bb &#8211; A Groundbreaking Collaboration Between Catalan Alimentaci\u00f3n US and Schoolcraft College&#8217;s Culinary Arts Program.<\/a>\t\t\t\t\t\t\t\t<\/div>\n\t\t\t\t<\/div>\n\t\t\t\t<\/div>\n\t\t<div class=\"elementor-element elementor-element-985fdbb e-con-full e-flex e-con e-child\" data-id=\"985fdbb\" data-element_type=\"container\" data-e-type=\"container\">\n\t\t\t\t<div class=\"elementor-element elementor-element-181ec76 elementor-widget elementor-widget-text-editor\" data-id=\"181ec76\" data-element_type=\"widget\" data-e-type=\"widget\" data-widget_type=\"text-editor.default\">\n\t\t\t\t<div class=\"elementor-widget-container\">\n\t\t\t\t\t\t\t\t\t<a style=\"color: #ffffff;\" href=\"https:\/\/catalanfood.com\/wp-content\/uploads\/2024\/12\/NP-WRG23.pdf\" target=\"_blank\" rel=\"noopener\">Catalonia World Region of Gastronom\u00eda 2025: Celebrating Culinary Excellence<\/a>\t\t\t\t\t\t\t\t<\/div>\n\t\t\t\t<\/div>\n\t\t\t\t<\/div>\n\t\t<div class=\"elementor-element elementor-element-a1e6c2e e-con-full e-flex e-con e-child\" data-id=\"a1e6c2e\" data-element_type=\"container\" data-e-type=\"container\">\n\t\t\t\t<div class=\"elementor-element elementor-element-56f44ee elementor-widget elementor-widget-text-editor\" data-id=\"56f44ee\" data-element_type=\"widget\" data-e-type=\"widget\" data-widget_type=\"text-editor.default\">\n\t\t\t\t<div class=\"elementor-widget-container\">\n\t\t\t\t\t\t\t\t\t<a style=\"color: #ffffff;\" href=\"https:\/\/catalanfood.com\/wp-content\/uploads\/2024\/12\/NP-NY23.pdf\" target=\"_blank\" rel=\"noopener\">Catalan Cuisine Takes Center Stage in the US: A Showcase of Authentic Flavors and Artisanal Products<\/a>\t\t\t\t\t\t\t\t<\/div>\n\t\t\t\t<\/div>\n\t\t\t\t<\/div>\n\t\t<div class=\"elementor-element elementor-element-093e93d e-con-full e-flex e-con e-child\" data-id=\"093e93d\" data-element_type=\"container\" data-e-type=\"container\">\n\t\t\t\t<div class=\"elementor-element elementor-element-89eee98 elementor-widget elementor-widget-text-editor\" data-id=\"89eee98\" data-element_type=\"widget\" data-e-type=\"widget\" data-widget_type=\"text-editor.default\">\n\t\t\t\t<div class=\"elementor-widget-container\">\n\t\t\t\t\t\t\t\t\t<a style=\"color: #ffffff;\" href=\"https:\/\/catalanfood.com\/wp-content\/uploads\/2024\/12\/NP-NY2022.pdf\" target=\"_blank\" rel=\"noopener\">Sip and Savor: Tasting of Catalan Singular Estate Vinos in NY<\/a>\t\t\t\t\t\t\t\t<\/div>\n\t\t\t\t<\/div>\n\t\t\t\t<\/div>\n\t\t<div class=\"elementor-element elementor-element-c1b1e7b e-con-full e-flex e-con e-child\" data-id=\"c1b1e7b\" data-element_type=\"container\" data-e-type=\"container\">\n\t\t\t\t<div class=\"elementor-element elementor-element-8c90388 elementor-widget elementor-widget-text-editor\" data-id=\"8c90388\" data-element_type=\"widget\" data-e-type=\"widget\" data-widget_type=\"text-editor.default\">\n\t\t\t\t<div class=\"elementor-widget-container\">\n\t\t\t\t\t\t\t\t\t<p><a style=\"color: #ffffff;\" href=\"https:\/\/catalanfood.com\/wp-content\/uploads\/2024\/12\/NP-DC23.pdf\" target=\"_blank\" rel=\"noopener\">Celebrating Catalan Culinary Excellence in Washington, D.C. A showcase of Authentic Flavors and Artisanal Products<\/a><\/p>\t\t\t\t\t\t\t\t<\/div>\n\t\t\t\t<\/div>\n\t\t\t\t<\/div>\n\t\t\t\t<\/div>\n\t\t\t\t\t<\/div>\n\t\t\t\t<\/div>\n\t\t\t\t<\/section>\n\t\t<section class=\"elementor-element elementor-element-3341c37 e-flex e-con-boxed e-con e-parent\" data-id=\"3341c37\" data-element_type=\"container\" data-e-type=\"container\">\n\t\t\t\t\t<div class=\"e-con-inner\">\n\t\t\t\t<div class=\"elementor-element elementor-element-856679a heading-rosa elementor-widget elementor-widget-heading\" data-id=\"856679a\" data-element_type=\"widget\" data-e-type=\"widget\" data-widget_type=\"heading.default\">\n\t\t\t\t<div class=\"elementor-widget-container\">\n\t\t\t\t\t<h2 class=\"elementor-heading-title elementor-size-default\">Publicaciones en los medios<\/h2>\t\t\t\t<\/div>\n\t\t\t\t<\/div>\n\t\t\t\t<div class=\"elementor-element elementor-element-6ab8af1 elementor-widget-divider--view-line elementor-widget elementor-widget-divider\" data-id=\"6ab8af1\" data-element_type=\"widget\" data-e-type=\"widget\" data-widget_type=\"divider.default\">\n\t\t\t\t<div class=\"elementor-widget-container\">\n\t\t\t\t\t\t\t<div class=\"elementor-divider\">\n\t\t\t<span class=\"elementor-divider-separator\">\n\t\t\t\t\t\t<\/span>\n\t\t<\/div>\n\t\t\t\t\t\t<\/div>\n\t\t\t\t<\/div>\n\t\t<div class=\"elementor-element elementor-element-c4bb546 e-grid e-con-full e-con e-child\" data-id=\"c4bb546\" data-element_type=\"container\" data-e-type=\"container\">\n\t\t<a class=\"elementor-element elementor-element-a613327 e-con-full e-flex e-con e-child\" data-id=\"a613327\" data-element_type=\"container\" data-e-type=\"container\" href=\"https:\/\/miaminewsnetwork.com\/the-event-tasting-of-catalan-singular-estate-wines-took-place-in-new-york-city-there-catalonia-presented-six-exclusive-wines-that-were-a-total-success\/\" target=\"_blank\">\n\t\t\t\t<div class=\"elementor-element elementor-element-d833d06 elementor-widget elementor-widget-image\" data-id=\"d833d06\" data-element_type=\"widget\" data-e-type=\"widget\" data-widget_type=\"image.default\">\n\t\t\t\t<div class=\"elementor-widget-container\">\n\t\t\t\t\t\t\t\t\t\t\t\t\t\t\t<img decoding=\"async\" width=\"300\" height=\"300\" src=\"https:\/\/catalanfood.com\/latam\/wp-content\/uploads\/sites\/6\/2024\/12\/logo-miami-newsnetwork.webp\" class=\"attachment-large size-large wp-image-5649\" alt=\"\" srcset=\"https:\/\/catalanfood.com\/latam\/wp-content\/uploads\/sites\/6\/2024\/12\/logo-miami-newsnetwork.webp 300w, https:\/\/catalanfood.com\/latam\/wp-content\/uploads\/sites\/6\/2024\/12\/logo-miami-newsnetwork-150x150.webp 150w\" sizes=\"(max-width: 300px) 100vw, 300px\" \/>\t\t\t\t\t\t\t\t\t\t\t\t\t\t\t<\/div>\n\t\t\t\t<\/div>\n\t\t\t\t<\/a>\n\t\t<a class=\"elementor-element elementor-element-d0a26d9 e-con-full e-flex e-con e-child\" data-id=\"d0a26d9\" data-element_type=\"container\" data-e-type=\"container\" href=\"https:\/\/thechicagoweeklynews.com\/the-best-exquisite-selection-of-qualified-estate-wines-from-catalonia-arrived-in-new-york-city-at-an-exclusive-event-learn-more-about-this-unique-experience\/\" target=\"_blank\">\n\t\t\t\t<div class=\"elementor-element elementor-element-7dcef92 elementor-widget elementor-widget-image\" data-id=\"7dcef92\" data-element_type=\"widget\" data-e-type=\"widget\" data-widget_type=\"image.default\">\n\t\t\t\t<div class=\"elementor-widget-container\">\n\t\t\t\t\t\t\t\t\t\t\t\t\t\t\t<img loading=\"lazy\" decoding=\"async\" width=\"300\" height=\"300\" src=\"https:\/\/catalanfood.com\/latam\/wp-content\/uploads\/sites\/6\/2024\/12\/logo-the-chicago-weekly-news.webp\" class=\"attachment-large size-large wp-image-5650\" alt=\"\" srcset=\"https:\/\/catalanfood.com\/latam\/wp-content\/uploads\/sites\/6\/2024\/12\/logo-the-chicago-weekly-news.webp 300w, https:\/\/catalanfood.com\/latam\/wp-content\/uploads\/sites\/6\/2024\/12\/logo-the-chicago-weekly-news-150x150.webp 150w\" sizes=\"(max-width: 300px) 100vw, 300px\" \/>\t\t\t\t\t\t\t\t\t\t\t\t\t\t\t<\/div>\n\t\t\t\t<\/div>\n\t\t\t\t<\/a>\n\t\t<a class=\"elementor-element elementor-element-f54d35c e-con-full e-flex e-con e-child\" data-id=\"f54d35c\" data-element_type=\"container\" data-e-type=\"container\" href=\"http:\/\/thelasvegasweekly.com\/the-event-tasting-of-catalan-singular-estate-wines-took-place-in-new-york-city-there-catalonia-presented-six-exclusive-wines-that-were-a-total-success\" target=\"_blank\">\n\t\t\t\t<div class=\"elementor-element elementor-element-29b289d elementor-widget elementor-widget-image\" data-id=\"29b289d\" data-element_type=\"widget\" data-e-type=\"widget\" data-widget_type=\"image.default\">\n\t\t\t\t<div class=\"elementor-widget-container\">\n\t\t\t\t\t\t\t\t\t\t\t\t\t\t\t<img loading=\"lazy\" decoding=\"async\" width=\"300\" height=\"300\" src=\"https:\/\/catalanfood.com\/latam\/wp-content\/uploads\/sites\/6\/2024\/12\/logo-the-las-vegas-weekly.webp\" class=\"attachment-large size-large wp-image-5651\" alt=\"\" srcset=\"https:\/\/catalanfood.com\/latam\/wp-content\/uploads\/sites\/6\/2024\/12\/logo-the-las-vegas-weekly.webp 300w, https:\/\/catalanfood.com\/latam\/wp-content\/uploads\/sites\/6\/2024\/12\/logo-the-las-vegas-weekly-150x150.webp 150w\" sizes=\"(max-width: 300px) 100vw, 300px\" \/>\t\t\t\t\t\t\t\t\t\t\t\t\t\t\t<\/div>\n\t\t\t\t<\/div>\n\t\t\t\t<\/a>\n\t\t<a class=\"elementor-element elementor-element-b2f6b41 e-con-full e-flex e-con e-child\" data-id=\"b2f6b41\" data-element_type=\"container\" data-e-type=\"container\" href=\"https:\/\/www.thenewyorkfinance.com\/the-best-exquisite-selection-of-qualified-estate-wines-from-catalonia-arrived-in-new-york-city-at-an-exclusive-event-learn-more-about-this-unique-experience\/\" target=\"_blank\">\n\t\t\t\t<div class=\"elementor-element elementor-element-587ec86 elementor-widget elementor-widget-image\" data-id=\"587ec86\" data-element_type=\"widget\" data-e-type=\"widget\" data-widget_type=\"image.default\">\n\t\t\t\t<div class=\"elementor-widget-container\">\n\t\t\t\t\t\t\t\t\t\t\t\t\t\t\t<img loading=\"lazy\" decoding=\"async\" width=\"300\" height=\"300\" src=\"https:\/\/catalanfood.com\/latam\/wp-content\/uploads\/sites\/6\/2024\/12\/logo-the-new-york-finance.webp\" class=\"attachment-large size-large wp-image-5652\" alt=\"\" srcset=\"https:\/\/catalanfood.com\/latam\/wp-content\/uploads\/sites\/6\/2024\/12\/logo-the-new-york-finance.webp 300w, https:\/\/catalanfood.com\/latam\/wp-content\/uploads\/sites\/6\/2024\/12\/logo-the-new-york-finance-150x150.webp 150w\" sizes=\"(max-width: 300px) 100vw, 300px\" \/>\t\t\t\t\t\t\t\t\t\t\t\t\t\t\t<\/div>\n\t\t\t\t<\/div>\n\t\t\t\t<\/a>\n\t\t<a class=\"elementor-element elementor-element-228775b e-con-full e-flex e-con e-child\" data-id=\"228775b\" data-element_type=\"container\" data-e-type=\"container\" href=\"https:\/\/theorlandotimes.com\/the-event-tasting-of-catalan-singular-estate-wines-took-place-in-new-york-city-there-catalonia-presented-six-exclusive-wines-that-were-a-total-success\" target=\"_blank\">\n\t\t\t\t<div class=\"elementor-element elementor-element-6420b26 elementor-widget elementor-widget-image\" data-id=\"6420b26\" data-element_type=\"widget\" data-e-type=\"widget\" data-widget_type=\"image.default\">\n\t\t\t\t<div class=\"elementor-widget-container\">\n\t\t\t\t\t\t\t\t\t\t\t\t\t\t\t<img loading=\"lazy\" decoding=\"async\" width=\"300\" height=\"300\" src=\"https:\/\/catalanfood.com\/latam\/wp-content\/uploads\/sites\/6\/2024\/12\/logo-the-orlando-times.webp\" class=\"attachment-large size-large wp-image-5653\" alt=\"\" srcset=\"https:\/\/catalanfood.com\/latam\/wp-content\/uploads\/sites\/6\/2024\/12\/logo-the-orlando-times.webp 300w, https:\/\/catalanfood.com\/latam\/wp-content\/uploads\/sites\/6\/2024\/12\/logo-the-orlando-times-150x150.webp 150w\" sizes=\"(max-width: 300px) 100vw, 300px\" \/>\t\t\t\t\t\t\t\t\t\t\t\t\t\t\t<\/div>\n\t\t\t\t<\/div>\n\t\t\t\t<\/a>\n\t\t\t\t<\/div>\n\t\t\t\t\t<\/div>\n\t\t\t\t<\/section>\n\t\t\t\t<\/div>\n\t\t","protected":false},"excerpt":{"rendered":"<p>Prensa Kit de Prensa Emb\u00e1rcate en el viaje culinario que define nuestro programa \u2018Catalu\u00f1a, donde la comida es cultura\u2019 con esta herramienta creada para proporcionar una visi\u00f3n completa a periodistas y creadores de contenido. Este kit de prensa presenta informaci\u00f3n clave sobre las singularidades y aspectos fundamentales de nuestra industria agroalimentaria y de la gastronom\u00eda [&hellip;]<\/p>\n","protected":false},"author":1,"featured_media":0,"parent":0,"menu_order":0,"comment_status":"closed","ping_status":"closed","template":"","meta":{"_acf_changed":false,"footnotes":""},"class_list":["post-5600","page","type-page","status-publish","hentry"],"acf":[],"yoast_head":"<!-- This site is optimized with the Yoast SEO plugin v27.1.1 - https:\/\/yoast.com\/product\/yoast-seo-wordpress\/ -->\n<title>Prensa | Catalan Food Latam<\/title>\n<meta name=\"robots\" content=\"index, follow, max-snippet:-1, max-image-preview:large, max-video-preview:-1\" \/>\n<link rel=\"canonical\" href=\"https:\/\/catalanfood.com\/latam\/prensa\/\" \/>\n<meta property=\"og:locale\" content=\"es_ES\" \/>\n<meta property=\"og:type\" content=\"article\" \/>\n<meta property=\"og:title\" content=\"Prensa | Catalan Food Latam\" \/>\n<meta property=\"og:description\" content=\"Prensa Kit de Prensa Emb\u00e1rcate en el viaje culinario que define nuestro programa \u2018Catalu\u00f1a, donde la comida es cultura\u2019 con esta herramienta creada para proporcionar una visi\u00f3n completa a periodistas y creadores de contenido. Este kit de prensa presenta informaci\u00f3n clave sobre las singularidades y aspectos fundamentales de nuestra industria agroalimentaria y de la gastronom\u00eda [&hellip;]\" \/>\n<meta property=\"og:url\" content=\"https:\/\/catalanfood.com\/latam\/prensa\/\" \/>\n<meta property=\"og:site_name\" content=\"Catalan Food Latam\" \/>\n<meta property=\"article:modified_time\" content=\"2026-04-23T23:58:33+00:00\" \/>\n<meta name=\"twitter:card\" content=\"summary_large_image\" \/>\n<meta name=\"twitter:label1\" content=\"Tiempo de lectura\" \/>\n\t<meta name=\"twitter:data1\" content=\"3 minutos\" \/>\n<script type=\"application\/ld+json\" class=\"yoast-schema-graph\">{\"@context\":\"https:\/\/schema.org\",\"@graph\":[{\"@type\":\"WebPage\",\"@id\":\"https:\/\/catalanfood.com\/latam\/prensa\/\",\"url\":\"https:\/\/catalanfood.com\/latam\/prensa\/\",\"name\":\"Prensa | Catalan Food Latam\",\"isPartOf\":{\"@id\":\"https:\/\/catalanfood.com\/latam\/#website\"},\"primaryImageOfPage\":{\"@id\":\"https:\/\/catalanfood.com\/latam\/prensa\/#primaryimage\"},\"image\":{\"@id\":\"https:\/\/catalanfood.com\/latam\/prensa\/#primaryimage\"},\"thumbnailUrl\":\"https:\/\/catalanfood.com\/latam\/wp-content\/uploads\/sites\/6\/2024\/11\/detail-07-ico.svg\",\"datePublished\":\"2024-12-16T12:43:39+00:00\",\"dateModified\":\"2026-04-23T23:58:33+00:00\",\"breadcrumb\":{\"@id\":\"https:\/\/catalanfood.com\/latam\/prensa\/#breadcrumb\"},\"inLanguage\":\"es\",\"potentialAction\":[{\"@type\":\"ReadAction\",\"target\":[\"https:\/\/catalanfood.com\/latam\/prensa\/\"]}]},{\"@type\":\"ImageObject\",\"inLanguage\":\"es\",\"@id\":\"https:\/\/catalanfood.com\/latam\/prensa\/#primaryimage\",\"url\":\"https:\/\/catalanfood.com\/latam\/wp-content\/uploads\/sites\/6\/2024\/11\/detail-07-ico.svg\",\"contentUrl\":\"https:\/\/catalanfood.com\/latam\/wp-content\/uploads\/sites\/6\/2024\/11\/detail-07-ico.svg\"},{\"@type\":\"BreadcrumbList\",\"@id\":\"https:\/\/catalanfood.com\/latam\/prensa\/#breadcrumb\",\"itemListElement\":[{\"@type\":\"ListItem\",\"position\":1,\"name\":\"Home\",\"item\":\"https:\/\/catalanfood.com\/latam\/\"},{\"@type\":\"ListItem\",\"position\":2,\"name\":\"Prensa\"}]},{\"@type\":\"WebSite\",\"@id\":\"https:\/\/catalanfood.com\/latam\/#website\",\"url\":\"https:\/\/catalanfood.com\/latam\/\",\"name\":\"Catalan Food Latam\",\"description\":\"\",\"potentialAction\":[{\"@type\":\"SearchAction\",\"target\":{\"@type\":\"EntryPoint\",\"urlTemplate\":\"https:\/\/catalanfood.com\/latam\/?s={search_term_string}\"},\"query-input\":{\"@type\":\"PropertyValueSpecification\",\"valueRequired\":true,\"valueName\":\"search_term_string\"}}],\"inLanguage\":\"es\"}]}<\/script>\n<!-- \/ Yoast SEO plugin. -->","yoast_head_json":{"title":"Prensa | Catalan Food Latam","robots":{"index":"index","follow":"follow","max-snippet":"max-snippet:-1","max-image-preview":"max-image-preview:large","max-video-preview":"max-video-preview:-1"},"canonical":"https:\/\/catalanfood.com\/latam\/prensa\/","og_locale":"es_ES","og_type":"article","og_title":"Prensa | Catalan Food Latam","og_description":"Prensa Kit de Prensa Emb\u00e1rcate en el viaje culinario que define nuestro programa \u2018Catalu\u00f1a, donde la comida es cultura\u2019 con esta herramienta creada para proporcionar una visi\u00f3n completa a periodistas y creadores de contenido. Este kit de prensa presenta informaci\u00f3n clave sobre las singularidades y aspectos fundamentales de nuestra industria agroalimentaria y de la gastronom\u00eda [&hellip;]","og_url":"https:\/\/catalanfood.com\/latam\/prensa\/","og_site_name":"Catalan Food Latam","article_modified_time":"2026-04-23T23:58:33+00:00","twitter_card":"summary_large_image","twitter_misc":{"Tiempo de lectura":"3 minutos"},"schema":{"@context":"https:\/\/schema.org","@graph":[{"@type":"WebPage","@id":"https:\/\/catalanfood.com\/latam\/prensa\/","url":"https:\/\/catalanfood.com\/latam\/prensa\/","name":"Prensa | Catalan Food Latam","isPartOf":{"@id":"https:\/\/catalanfood.com\/latam\/#website"},"primaryImageOfPage":{"@id":"https:\/\/catalanfood.com\/latam\/prensa\/#primaryimage"},"image":{"@id":"https:\/\/catalanfood.com\/latam\/prensa\/#primaryimage"},"thumbnailUrl":"https:\/\/catalanfood.com\/latam\/wp-content\/uploads\/sites\/6\/2024\/11\/detail-07-ico.svg","datePublished":"2024-12-16T12:43:39+00:00","dateModified":"2026-04-23T23:58:33+00:00","breadcrumb":{"@id":"https:\/\/catalanfood.com\/latam\/prensa\/#breadcrumb"},"inLanguage":"es","potentialAction":[{"@type":"ReadAction","target":["https:\/\/catalanfood.com\/latam\/prensa\/"]}]},{"@type":"ImageObject","inLanguage":"es","@id":"https:\/\/catalanfood.com\/latam\/prensa\/#primaryimage","url":"https:\/\/catalanfood.com\/latam\/wp-content\/uploads\/sites\/6\/2024\/11\/detail-07-ico.svg","contentUrl":"https:\/\/catalanfood.com\/latam\/wp-content\/uploads\/sites\/6\/2024\/11\/detail-07-ico.svg"},{"@type":"BreadcrumbList","@id":"https:\/\/catalanfood.com\/latam\/prensa\/#breadcrumb","itemListElement":[{"@type":"ListItem","position":1,"name":"Home","item":"https:\/\/catalanfood.com\/latam\/"},{"@type":"ListItem","position":2,"name":"Prensa"}]},{"@type":"WebSite","@id":"https:\/\/catalanfood.com\/latam\/#website","url":"https:\/\/catalanfood.com\/latam\/","name":"Catalan Food Latam","description":"","potentialAction":[{"@type":"SearchAction","target":{"@type":"EntryPoint","urlTemplate":"https:\/\/catalanfood.com\/latam\/?s={search_term_string}"},"query-input":{"@type":"PropertyValueSpecification","valueRequired":true,"valueName":"search_term_string"}}],"inLanguage":"es"}]}},"_links":{"self":[{"href":"https:\/\/catalanfood.com\/latam\/wp-json\/wp\/v2\/pages\/5600","targetHints":{"allow":["GET"]}}],"collection":[{"href":"https:\/\/catalanfood.com\/latam\/wp-json\/wp\/v2\/pages"}],"about":[{"href":"https:\/\/catalanfood.com\/latam\/wp-json\/wp\/v2\/types\/page"}],"author":[{"embeddable":true,"href":"https:\/\/catalanfood.com\/latam\/wp-json\/wp\/v2\/users\/1"}],"replies":[{"embeddable":true,"href":"https:\/\/catalanfood.com\/latam\/wp-json\/wp\/v2\/comments?post=5600"}],"version-history":[{"count":59,"href":"https:\/\/catalanfood.com\/latam\/wp-json\/wp\/v2\/pages\/5600\/revisions"}],"predecessor-version":[{"id":7374,"href":"https:\/\/catalanfood.com\/latam\/wp-json\/wp\/v2\/pages\/5600\/revisions\/7374"}],"wp:attachment":[{"href":"https:\/\/catalanfood.com\/latam\/wp-json\/wp\/v2\/media?parent=5600"}],"curies":[{"name":"wp","href":"https:\/\/api.w.org\/{rel}","templated":true}]}}