{"id":5838,"date":"2024-12-20T09:30:05","date_gmt":"2024-12-20T08:30:05","guid":{"rendered":"https:\/\/catalanfood.com\/latam\/?page_id=5838"},"modified":"2025-03-10T16:51:15","modified_gmt":"2025-03-10T15:51:15","slug":"politica-de-privacidad","status":"publish","type":"page","link":"https:\/\/catalanfood.com\/latam\/politica-de-privacidad\/","title":{"rendered":"Pol\u00edtica de privacidad"},"content":{"rendered":"\t\t<div data-elementor-type=\"wp-page\" data-elementor-id=\"5838\" class=\"elementor elementor-5838\" data-elementor-post-type=\"page\">\n\t\t\t\t<section class=\"elementor-element elementor-element-00b2976 e-flex e-con-boxed e-con e-parent\" data-id=\"00b2976\" data-element_type=\"container\" data-e-type=\"container\">\n\t\t\t\t\t<div class=\"e-con-inner\">\n\t\t<div class=\"elementor-element elementor-element-23f1371 e-grid e-con-full e-con e-child\" data-id=\"23f1371\" data-element_type=\"container\" data-e-type=\"container\">\n\t\t<div class=\"elementor-element elementor-element-cce2a9d e-con-full e-flex e-con e-child\" data-id=\"cce2a9d\" data-element_type=\"container\" data-e-type=\"container\">\n\t\t\t\t<div class=\"elementor-element elementor-element-8cbfccc elementor-widget elementor-widget-heading\" data-id=\"8cbfccc\" data-element_type=\"widget\" data-e-type=\"widget\" data-widget_type=\"heading.default\">\n\t\t\t\t<div class=\"elementor-widget-container\">\n\t\t\t\t\t<h2 class=\"elementor-heading-title elementor-size-default\">Pol\u00edtica de privacidad<\/h2>\t\t\t\t<\/div>\n\t\t\t\t<\/div>\n\t\t\t\t<div class=\"elementor-element elementor-element-6e47c45 elementor-widget-divider--view-line elementor-widget elementor-widget-divider\" data-id=\"6e47c45\" data-element_type=\"widget\" data-e-type=\"widget\" data-widget_type=\"divider.default\">\n\t\t\t\t<div class=\"elementor-widget-container\">\n\t\t\t\t\t\t\t<div class=\"elementor-divider\">\n\t\t\t<span class=\"elementor-divider-separator\">\n\t\t\t\t\t\t<\/span>\n\t\t<\/div>\n\t\t\t\t\t\t<\/div>\n\t\t\t\t<\/div>\n\t\t\t\t<div class=\"elementor-element elementor-element-bdeb1ab elementor-widget elementor-widget-text-editor\" data-id=\"bdeb1ab\" data-element_type=\"widget\" data-e-type=\"widget\" data-widget_type=\"text-editor.default\">\n\t\t\t\t<div class=\"elementor-widget-container\">\n\t\t\t\t\t\t\t\t\t<h3 class=\"p1\"><strong>Promotora de Exportaciones Catalanas SA<\/strong><\/h3><p class=\"p1\">(en adelante, \u201cPRODECA\u201d), es consciente de la importancia de la normativa vigente en materia de privacidad y protecci\u00f3n de datos. En este sentido, otorgamos gran importancia a la protecci\u00f3n de la seguridad, integridad, veracidad y confidencialidad de los datos proporcionados por nuestros clientes y usuarios, actuando de manera responsable y transparente en este aspecto.<\/p><p class=\"p1\">Esta Pol\u00edtica de Privacidad (en adelante, \u201cLa Pol\u00edtica\u201d) de conformidad con el Reglamento (UE) 2016\/679 del Parlamento Europeo y del Consejo, de 27 de abril de 2016, relativo a la protecci\u00f3n de las personas f\u00edsicas en lo que respecta al tratamiento de datos personales y a la libre circulaci\u00f3n de estos datos (en adelante, Reglamento General de Protecci\u00f3n de Datos) y la Ley Org\u00e1nica 3\/2018, de 5 de diciembre, de Protecci\u00f3n de Datos Personales y garant\u00eda de los derechos digitales (en lo que en adelante, LOPD-*GDD), tiene como objetivo informarle sobre c\u00f3mo recopilamos, tratamos y protegemos los datos personales. Asimismo, especificar la finalidad de los datos recopilados y los usos para los que podr\u00e1n ser utilizados por terceros, a trav\u00e9s de\u00a0<a href=\"https:\/\/www.prodeca.cat\/\" target=\"_blank\" rel=\"noopener\">https:\/\/www.prodeca.cat\/<\/a>\u00a0(en adelante, \u201cla Plataforma\u201d) o por cualquier otro medio como tel\u00e9fono, correo electr\u00f3nico o postal.<\/p><p class=\"p1\">PRODECA declara que ha intentado proporcionar una descripci\u00f3n lo m\u00e1s sencilla y clara posible de esta Pol\u00edtica. PRODECA es muy consciente de que su privacidad es importante, por lo que le recomendamos que lea nuestra Pol\u00edtica y nos contacte si tiene alguna duda. Nuestra pol\u00edtica se aplica a todos los servicios ofrecidos por la Plataforma, pero excluye aquellos servicios que est\u00e1n sujetos a pol\u00edticas de privacidad separadas que no est\u00e1n incorporadas en esta Pol\u00edtica.<\/p><p class=\"p1\">Nuestra Pol\u00edtica no regula las actividades de tratamiento de datos de otras empresas y organizaciones que publicitan nuestros servicios y\/o productos y que pueden utilizar cookies, balizas web y otras tecnolog\u00edas para publicar y ofrecer anuncios relevantes.<\/p><h3 class=\"p1\"><strong>\u00c1mbito de la Pol\u00edtica de Privacidad<\/strong><\/h3><p class=\"p1\">Esta Pol\u00edtica de Privacidad se aplica a los datos proporcionados por nuestros clientes o proveedores, personas que solicitan informaci\u00f3n, usuarios de la Plataforma, candidatos a empleo o terceros con los que podamos interactuar y cuyos datos sean necesarios para el desarrollo de nuestra actividad.<\/p><h3 class=\"p1\"><strong>El responsable del tratamiento de sus datos es:<\/strong><\/h3><p class=\"p3\"><strong>Promotora de Exportaciones Catalanas SA<\/strong><br \/>NIF: A58241316<br \/>Direcci\u00f3n: Calle Doctor Roux 80, 08017 Barcelona, Espa\u00f1a.<br \/>Tel\u00e9fono: 935 524 820<br \/>Correo electr\u00f3nico:\u00a0<a href=\"mailto:contacte@prodeca.cat\">contacte@prodeca.cat<\/a><\/p><p><strong>Datos de contacto del Delegado de Protecci\u00f3n de Datos (en adelante \u201cDPD\u201d):<\/strong><br \/>Tel\u00e9fono: 935524820<br \/>Correo electr\u00f3nico:\u00a0<a href=\"mailto:contacte@prodeca.cat\" target=\"_blank\" rel=\"noopener\">contacte@prodeca.cat<\/a><\/p><h3 class=\"p1\"><b>\u00bfQu\u00e9 informaci\u00f3n recopilamos?<\/b><\/h3><p class=\"p1\">En funci\u00f3n de sus solicitudes, recopilamos informaci\u00f3n personal como nombre y apellidos, n\u00famero de tel\u00e9fono y correo electr\u00f3nico, direcci\u00f3n, empresa, cargo en la empresa o sector cuando solicita informaci\u00f3n. Asimismo, a trav\u00e9s del formulario de \u00abContacto\u00bb recopilamos sus preguntas y quejas.<\/p><p class=\"p1\">Tambi\u00e9n recopilamos informaci\u00f3n que su navegador web nos env\u00eda autom\u00e1ticamente cada vez que visita cualquiera de nuestras p\u00e1ginas web (Cookies) con el fin de mejorar su experiencia de usuario y la calidad general de nuestros servicios. Puede acceder a m\u00e1s informaci\u00f3n en\u00a0<a href=\"https:\/\/www.aepd.es\/sites\/default\/files\/2019-12\/guia-cookies_1.pdf\" target=\"_blank\" rel=\"noopener\">https:\/\/www.aepd.es\/sites\/default\/files\/2019-12\/guia-cookies_1.pdf<\/a>.<\/p><p class=\"p1\">Si el usuario desea posteriormente eliminar la informaci\u00f3n que se ha almacenado en su ordenador y que necesariamente requiere su consentimiento, podr\u00e1 hacerlo utilizando las herramientas que su navegador proporciona para tal fin.<\/p><h3 class=\"p1\"><b>\u00bfCon qu\u00e9 finalidad tratamos sus datos?<\/b><\/h3><p class=\"p1\">Los datos que nos proporciona son tratados para las siguientes finalidades (a menos que se deduzca claramente del contexto que trataremos sus datos personales para una \u00fanica finalidad; por ejemplo, en formularios como \u201csuscribirse a boletines\u201d):<\/p><p class=\"p1\">Gestionar su relaci\u00f3n con nosotros respecto a los servicios ofrecidos;<\/p><p class=\"p1\">Cuando sea aplicable (para que se aplique cualquiera de los casos en los que la legislaci\u00f3n vigente lo permita), enviarle nuestro bolet\u00edn electr\u00f3nico y enviarle comunicaciones sobre servicios de Prodeca e informaci\u00f3n sobre comercio exterior, agroalimentaci\u00f3n y la internacionalizaci\u00f3n de empresas por cualquier medio (postal, correo electr\u00f3nico o telef\u00f3nico).<\/p><p class=\"p1\">Responder a sus solicitudes de informaci\u00f3n;<\/p><p class=\"p1\">Realizar encuestas, estad\u00edsticas y an\u00e1lisis de tendencias de mercado;<\/p><p class=\"p1\">Conocer sus preferencias de navegaci\u00f3n en nuestras p\u00e1ginas web con el fin de personalizar y mejorar nuestros servicios y mantener la seguridad del lugar<\/p><p class=\"p1\">Proporcionar acceso a \u00e1reas de clientes restringidas por contrase\u00f1a<\/p><h3 class=\"p1\"><b>\u00bfDurante cu\u00e1nto tiempo conservamos sus datos?<\/b><\/h3><p class=\"p1\">Si le prestamos servicios, los datos que nos ha proporcionado para este fin se conservar\u00e1n mientras se mantenga la relaci\u00f3n y durante el tiempo necesario para cumplir con las obligaciones legales o mientras podamos tener alg\u00fan tipo de responsabilidad. En caso contrario, sus datos se conservar\u00e1n mientras no solicite el cese de la actividad.<\/p><p class=\"p1\">Los datos personales que nos ha proporcionado para solicitar informaci\u00f3n se conservar\u00e1n hasta que la solicitud sea tramitada y resuelta y, una vez resuelta, durante un plazo razonable para atender posibles cuestiones que puedan estar relacionadas.<\/p><p class=\"p1\">Los datos personales que nos ha proporcionado para solicitar informaci\u00f3n se conservar\u00e1n hasta que la solicitud sea tramitada y resuelta y, una vez resuelta, durante un plazo razonable para atender posibles cuestiones que puedan estar relacionadas.<\/p><p class=\"p1\">La informaci\u00f3n de contacto para el env\u00edo de nuestro bolet\u00edn desde el momento en que nos lo solicit\u00f3 expresamente hasta que indique que desea darse de baja.<\/p><p class=\"p1\">En el caso de las Cookies, se almacenar\u00e1n en su navegador durante el per\u00edodo de retenci\u00f3n dependiendo del tipo de cookie, pero puede proceder a eliminarlas en cualquier momento a trav\u00e9s de la configuraci\u00f3n de su navegador.<\/p><h3 class=\"p1\"><b>\u00bfCu\u00e1l es la legitimaci\u00f3n para el tratamiento de sus datos?<\/b><\/h3><p class=\"p1\">Estamos legitimados y facultados para tratar y procesar la informaci\u00f3n que nos proporciona, cuando esta informaci\u00f3n es necesaria para garantizar el env\u00edo de la informaci\u00f3n solicitada o la gesti\u00f3n de la Plataforma, la ejecuci\u00f3n del contrato, la ejecuci\u00f3n del contrato de suscripci\u00f3n para enviarle informaci\u00f3n que sea de su inter\u00e9s a trav\u00e9s de nuestros canales de comunicaci\u00f3n, obteniendo su consentimiento para responder a las preguntas que nos formula a trav\u00e9s de nuestros formularios de contacto y comentarios y, en su caso, el cumplimiento de obligaciones legales derivadas de la Ley de la Uni\u00f3n o de los Estados miembros.<\/p><p class=\"p1\">Asimismo, mientras sea nuestro cliente, tambi\u00e9n estaremos facultados para utilizar sus datos para informarle de promociones, servicios, circulares y campa\u00f1as que consideremos puedan ser de su inter\u00e9s teniendo en cuenta los servicios prestados con anterioridad, aunque podr\u00e1 oponerse a este tratamiento en cualquier momento.<\/p><p class=\"p1\">Fuera de los casos anteriores, antes de tratar sus datos siempre le pediremos su consentimiento. El consentimiento ser\u00e1 la manifestaci\u00f3n de su voluntad libre, espec\u00edfica, informada e inequ\u00edvoca. Tiene derecho a revocar el consentimiento prestado en cualquier momento.<\/p><h3 class=\"p1\"><b>\u00bfA qui\u00e9n comunicamos sus datos?<\/b><\/h3><p class=\"p1\">No cederemos sus datos a terceros ajenos a Prodeca, salvo que exista una obligaci\u00f3n legal o hayamos recibido su consentimiento para estas comunicaciones.<\/p><h3 class=\"p1\"><b>\u00bfQu\u00e9 derechos tiene en relaci\u00f3n con el tratamiento de sus datos?<\/b><\/h3><p class=\"p1\">Tiene derecho a obtener informaci\u00f3n sobre el tratamiento que PRODECA realiza de sus datos personales. En concreto:<\/p><p class=\"p1\">Tiene derecho a acceder a sus datos personales para conocer qu\u00e9 datos personales estamos tratando que le interesen, as\u00ed como a solicitar la rectificaci\u00f3n de los datos inexactos o, en su caso, solicitar su supresi\u00f3n cuando, entre otros motivos, los datos ya no sean necesarios para los fines para los que fueron recogidos.<\/p><p class=\"p1\">En determinadas circunstancias, podr\u00e1 solicitar la limitaci\u00f3n del tratamiento de sus datos, en cuyo caso solo los conservaremos para el ejercicio o la defensa de reclamaciones.<\/p><p class=\"p1\">En determinadas circunstancias y por motivos relacionados con su situaci\u00f3n particular, podr\u00e1 oponerse al tratamiento de sus datos. PRODECA dejar\u00e1 de tratar sus datos, salvo que existan motivos leg\u00edtimos imperiosos o el ejercicio o la defensa de posibles reclamaciones.<\/p><p class=\"p1\">Tendr\u00e1 derecho a la portabilidad, es decir, a que los datos personales que nos haya proporcionado sean transmitidos directamente a otro responsable en un formato estructurado, de uso com\u00fan y legible por m\u00e1quina, cuando sea t\u00e9cnicamente posible.<\/p><p class=\"p1\">Podr\u00e1 ejercer los derechos mencionados enviando un correo electr\u00f3nico a la direcci\u00f3n de correo electr\u00f3nico\u00a0<a href=\"mailto:contacte@prodeca.cat\">contacte@prodeca.cat<\/a>. Responderemos a sus solicitudes lo antes posible y, en todo caso, en el plazo de un (1) mes desde la recepci\u00f3n de su solicitud. En determinadas circunstancias, este plazo podr\u00e1 ampliarse otros dos (2) meses, en cualquier caso, le informaremos debidamente en el plazo de un (1) mes desde la recepci\u00f3n de su solicitud.<\/p><p class=\"p1\">Si considera que el tratamiento de sus datos personales vulnera la normativa de protecci\u00f3n de datos, o si considera que no hemos satisfecho el ejercicio de sus derechos, podr\u00e1 presentar una reclamaci\u00f3n ante la autoridad de control competente seg\u00fan su lugar de residencia. Puede consultar las diferentes autoridades de control en la web de la Agencia Espa\u00f1ola de Protecci\u00f3n de Datos.<\/p><p class=\"p1\">En cualquier caso, antes de iniciar cualquier reclamaci\u00f3n, le rogamos que nos contacte a trav\u00e9s de\u00a0<a href=\"mailto:contacte@prodeca.cat\">contacte@prodeca.cat<\/a>\u00a0o enviando un correo postal a Promotora de Exportaciones Catalanas SA, Calle Doctor Roux 80, 08017 Barcelona, Espa\u00f1a con el fin de intentar resolver cualquier discrepancia de manera amistosa.<\/p><h3 class=\"p1\"><b>\u00bfTiene derecho a retirar su consentimiento?<\/b><\/h3><p class=\"p1\">S\u00ed, en cualquier momento podr\u00e1 retirar su consentimiento para el tratamiento de sus datos para una o varias de las finalidades indicadas anteriormente y para las que nos haya dado su consentimiento. Esto solo podr\u00e1 hacerse para aquellas finalidades cuya base de legitimaci\u00f3n sea el consentimiento como se ha indicado anteriormente.<\/p><h3 class=\"p1\"><b>\u00bfExiste la opci\u00f3n de modificar esta Pol\u00edtica de Privacidad?<\/b><\/h3><p class=\"p1\">Nuestra Pol\u00edtica de Privacidad podr\u00e1 ser modificada en cualquier momento. No limitaremos los derechos que le correspondan con disposiciones de esta Pol\u00edtica de Privacidad ni realizaremos modificaciones particularmente relevantes de la Pol\u00edtica de Privacidad sin su consentimiento expreso. Publicaremos todos los cambios de esta Pol\u00edtica de Privacidad en esta p\u00e1gina y, si son significativos, le proporcionaremos un aviso m\u00e1s destacado (por ejemplo, le notificaremos por correo electr\u00f3nico si el cambio afecta a ciertos aspectos y, en casos limitados, incluso le pediremos su consentimiento nuevamente). Adem\u00e1s, archivaremos versiones anteriores de esta Pol\u00edtica de Privacidad para su consulta.<\/p><p class=\"p3\"><strong>Promotora de Exportaciones Catalanas SA<\/strong><br \/>NIF: A58241316<br \/>Direcci\u00f3n: Calle Doctor Roux 80, 08017 Barcelona, Espa\u00f1a.<br \/>Tel\u00e9fono: 935 524 820<br \/>Correo electr\u00f3nico:\u00a0<a href=\"https:\/\/catalanfood.com\/privacy-policy\/contacte@prodeca.cat\">contacte@prodeca.cat<\/a><\/p><p class=\"p3\">Sus datos de contacto podr\u00e1n ser comunicados a las entidades organizadoras de las ferias y eventos en los que participe con el fin de gestionar los servicios que nos ha solicitado.<\/p>\t\t\t\t\t\t\t\t<\/div>\n\t\t\t\t<\/div>\n\t\t\t\t<\/div>\n\t\t\t\t<\/div>\n\t\t\t\t\t<\/div>\n\t\t\t\t<\/section>\n\t\t\t\t<\/div>\n\t\t","protected":false},"excerpt":{"rendered":"<p>Pol\u00edtica de privacidad Promotora de Exportaciones Catalanas SA (en adelante, \u201cPRODECA\u201d), es consciente de la importancia de la normativa vigente en materia de privacidad y protecci\u00f3n de datos. En este sentido, otorgamos gran importancia a la protecci\u00f3n de la seguridad, integridad, veracidad y confidencialidad de los datos proporcionados por nuestros clientes y usuarios, actuando de [&hellip;]<\/p>\n","protected":false},"author":1,"featured_media":0,"parent":0,"menu_order":0,"comment_status":"closed","ping_status":"closed","template":"","meta":{"_acf_changed":false,"footnotes":""},"class_list":["post-5838","page","type-page","status-publish","hentry"],"acf":[],"yoast_head":"<!-- This site is optimized with the Yoast SEO plugin v27.1.1 - https:\/\/yoast.com\/product\/yoast-seo-wordpress\/ -->\n<title>Pol\u00edtica de privacidad | Catalan Food Latam<\/title>\n<meta name=\"robots\" content=\"index, follow, max-snippet:-1, max-image-preview:large, max-video-preview:-1\" \/>\n<link rel=\"canonical\" href=\"https:\/\/catalanfood.com\/latam\/politica-de-privacidad\/\" \/>\n<meta property=\"og:locale\" content=\"es_ES\" \/>\n<meta property=\"og:type\" content=\"article\" \/>\n<meta property=\"og:title\" content=\"Pol\u00edtica de privacidad | Catalan Food Latam\" \/>\n<meta property=\"og:description\" content=\"Pol\u00edtica de privacidad Promotora de Exportaciones Catalanas SA (en adelante, \u201cPRODECA\u201d), es consciente de la importancia de la normativa vigente en materia de privacidad y protecci\u00f3n de datos. En este sentido, otorgamos gran importancia a la protecci\u00f3n de la seguridad, integridad, veracidad y confidencialidad de los datos proporcionados por nuestros clientes y usuarios, actuando de [&hellip;]\" \/>\n<meta property=\"og:url\" content=\"https:\/\/catalanfood.com\/latam\/politica-de-privacidad\/\" \/>\n<meta property=\"og:site_name\" content=\"Catalan Food Latam\" \/>\n<meta property=\"article:modified_time\" content=\"2025-03-10T15:51:15+00:00\" \/>\n<meta name=\"twitter:card\" content=\"summary_large_image\" \/>\n<meta name=\"twitter:label1\" content=\"Tiempo de lectura\" \/>\n\t<meta name=\"twitter:data1\" content=\"8 minutos\" \/>\n<script type=\"application\/ld+json\" class=\"yoast-schema-graph\">{\"@context\":\"https:\/\/schema.org\",\"@graph\":[{\"@type\":\"WebPage\",\"@id\":\"https:\/\/catalanfood.com\/latam\/politica-de-privacidad\/\",\"url\":\"https:\/\/catalanfood.com\/latam\/politica-de-privacidad\/\",\"name\":\"Pol\u00edtica de privacidad | Catalan Food Latam\",\"isPartOf\":{\"@id\":\"https:\/\/catalanfood.com\/latam\/#website\"},\"datePublished\":\"2024-12-20T08:30:05+00:00\",\"dateModified\":\"2025-03-10T15:51:15+00:00\",\"breadcrumb\":{\"@id\":\"https:\/\/catalanfood.com\/latam\/politica-de-privacidad\/#breadcrumb\"},\"inLanguage\":\"es\",\"potentialAction\":[{\"@type\":\"ReadAction\",\"target\":[\"https:\/\/catalanfood.com\/latam\/politica-de-privacidad\/\"]}]},{\"@type\":\"BreadcrumbList\",\"@id\":\"https:\/\/catalanfood.com\/latam\/politica-de-privacidad\/#breadcrumb\",\"itemListElement\":[{\"@type\":\"ListItem\",\"position\":1,\"name\":\"Home\",\"item\":\"https:\/\/catalanfood.com\/latam\/\"},{\"@type\":\"ListItem\",\"position\":2,\"name\":\"Pol\u00edtica de privacidad\"}]},{\"@type\":\"WebSite\",\"@id\":\"https:\/\/catalanfood.com\/latam\/#website\",\"url\":\"https:\/\/catalanfood.com\/latam\/\",\"name\":\"Catalan Food Latam\",\"description\":\"\",\"potentialAction\":[{\"@type\":\"SearchAction\",\"target\":{\"@type\":\"EntryPoint\",\"urlTemplate\":\"https:\/\/catalanfood.com\/latam\/?s={search_term_string}\"},\"query-input\":{\"@type\":\"PropertyValueSpecification\",\"valueRequired\":true,\"valueName\":\"search_term_string\"}}],\"inLanguage\":\"es\"}]}<\/script>\n<!-- \/ Yoast SEO plugin. -->","yoast_head_json":{"title":"Pol\u00edtica de privacidad | Catalan Food Latam","robots":{"index":"index","follow":"follow","max-snippet":"max-snippet:-1","max-image-preview":"max-image-preview:large","max-video-preview":"max-video-preview:-1"},"canonical":"https:\/\/catalanfood.com\/latam\/politica-de-privacidad\/","og_locale":"es_ES","og_type":"article","og_title":"Pol\u00edtica de privacidad | Catalan Food Latam","og_description":"Pol\u00edtica de privacidad Promotora de Exportaciones Catalanas SA (en adelante, \u201cPRODECA\u201d), es consciente de la importancia de la normativa vigente en materia de privacidad y protecci\u00f3n de datos. En este sentido, otorgamos gran importancia a la protecci\u00f3n de la seguridad, integridad, veracidad y confidencialidad de los datos proporcionados por nuestros clientes y usuarios, actuando de [&hellip;]","og_url":"https:\/\/catalanfood.com\/latam\/politica-de-privacidad\/","og_site_name":"Catalan Food Latam","article_modified_time":"2025-03-10T15:51:15+00:00","twitter_card":"summary_large_image","twitter_misc":{"Tiempo de lectura":"8 minutos"},"schema":{"@context":"https:\/\/schema.org","@graph":[{"@type":"WebPage","@id":"https:\/\/catalanfood.com\/latam\/politica-de-privacidad\/","url":"https:\/\/catalanfood.com\/latam\/politica-de-privacidad\/","name":"Pol\u00edtica de privacidad | Catalan Food Latam","isPartOf":{"@id":"https:\/\/catalanfood.com\/latam\/#website"},"datePublished":"2024-12-20T08:30:05+00:00","dateModified":"2025-03-10T15:51:15+00:00","breadcrumb":{"@id":"https:\/\/catalanfood.com\/latam\/politica-de-privacidad\/#breadcrumb"},"inLanguage":"es","potentialAction":[{"@type":"ReadAction","target":["https:\/\/catalanfood.com\/latam\/politica-de-privacidad\/"]}]},{"@type":"BreadcrumbList","@id":"https:\/\/catalanfood.com\/latam\/politica-de-privacidad\/#breadcrumb","itemListElement":[{"@type":"ListItem","position":1,"name":"Home","item":"https:\/\/catalanfood.com\/latam\/"},{"@type":"ListItem","position":2,"name":"Pol\u00edtica de privacidad"}]},{"@type":"WebSite","@id":"https:\/\/catalanfood.com\/latam\/#website","url":"https:\/\/catalanfood.com\/latam\/","name":"Catalan Food Latam","description":"","potentialAction":[{"@type":"SearchAction","target":{"@type":"EntryPoint","urlTemplate":"https:\/\/catalanfood.com\/latam\/?s={search_term_string}"},"query-input":{"@type":"PropertyValueSpecification","valueRequired":true,"valueName":"search_term_string"}}],"inLanguage":"es"}]}},"_links":{"self":[{"href":"https:\/\/catalanfood.com\/latam\/wp-json\/wp\/v2\/pages\/5838","targetHints":{"allow":["GET"]}}],"collection":[{"href":"https:\/\/catalanfood.com\/latam\/wp-json\/wp\/v2\/pages"}],"about":[{"href":"https:\/\/catalanfood.com\/latam\/wp-json\/wp\/v2\/types\/page"}],"author":[{"embeddable":true,"href":"https:\/\/catalanfood.com\/latam\/wp-json\/wp\/v2\/users\/1"}],"replies":[{"embeddable":true,"href":"https:\/\/catalanfood.com\/latam\/wp-json\/wp\/v2\/comments?post=5838"}],"version-history":[{"count":8,"href":"https:\/\/catalanfood.com\/latam\/wp-json\/wp\/v2\/pages\/5838\/revisions"}],"predecessor-version":[{"id":7499,"href":"https:\/\/catalanfood.com\/latam\/wp-json\/wp\/v2\/pages\/5838\/revisions\/7499"}],"wp:attachment":[{"href":"https:\/\/catalanfood.com\/latam\/wp-json\/wp\/v2\/media?parent=5838"}],"curies":[{"name":"wp","href":"https:\/\/api.w.org\/{rel}","templated":true}]}}