{"id":7548,"date":"2025-07-03T11:29:54","date_gmt":"2025-07-03T09:29:54","guid":{"rendered":"https:\/\/catalanfood.com\/latam\/?page_id=7548"},"modified":"2025-08-14T09:46:51","modified_gmt":"2025-08-14T07:46:51","slug":"declaracion-de-accesibilidad-provisional","status":"publish","type":"page","link":"https:\/\/catalanfood.com\/latam\/declaracion-de-accesibilidad-provisional\/","title":{"rendered":"Declaraci\u00f3n de accesibilidad"},"content":{"rendered":"\n<h1 class=\"wp-block-heading\">Declaraci\u00f3n de accesibilidad<br><\/h1>\n\n\n\n<h2 class=\"wp-block-heading\">Introducci\u00f3n<\/h2>\n\n\n\n<p>Promotora de Exportaciones Catalanas SA se ha comprometido a hacer accesible su sitio web de conformidad con el&nbsp;<a href=\"https:\/\/www.boe.es\/diario_boe\/txt.php?id=BOE-A-2018-12699\">Real Decreto 1112\/2018, de 7 de septiembre, sobre accesibilidad de los sitios web y aplicaciones para dispositivos m\u00f3viles del sector p\u00fablico<\/a>, por el que se traspone la&nbsp;<a href=\"https:\/\/www.boe.es\/buscar\/doc.php?id=DOUE-L-2016-82305\">Directiva (UE) 2016\/2102 del Parlamento Europeo y del Consejo, de 26 de octubre de 2016<\/a>.<\/p>\n\n\n\n<p>La presente declaraci\u00f3n de accesibilidad se aplica al sitio web&nbsp;<a href=\"https:\/\/catalanfood.com\/\">www.catalanfood.com<\/a>, excluyendo los contenidos incrustados provenientes de otros dominios.<\/p>\n\n\n\n<h2 class=\"wp-block-heading\">Situaci\u00f3n de cumplimiento<\/h2>\n\n\n\n<p>Este sitio web es parcialmente conforme con el Real Decreto 1112\/2018 debido a la falta de conformidad de los aspectos que se indican a continuaci\u00f3n.<\/p>\n\n\n\n<h3 class=\"wp-block-heading\">Contenido no accesible<\/h3>\n\n\n\n<p>El contenido que se recoge a continuaci\u00f3n no es accesible por los siguientes motivos:<\/p>\n\n\n\n<ol class=\"wp-block-list\">\n<li>Falta de conformidad con Real Decreto 1112\/2018\n<ol class=\"wp-block-list\">\n<li>Es posible que exista alg\u00fan reproductor de v\u00eddeo que no dispone de un modo de operaci\u00f3n que permita mostrar los subt\u00edtulos existentes [requisito n\u00famero 7.1.1 de la norma UNE-EN 301549:2022 Reproducci\u00f3n de subt\u00edtulos]<\/li>\n\n\n\n<li>Es posible que el usuario no pueda adaptar las caracter\u00edsticas de los subt\u00edtulos a sus requisitos individuales. [requisito n\u00famero 7.1.4 de la norma UNE-EN 301549:2022 Caracter\u00edsticas de los subt\u00edtulos]<\/li>\n\n\n\n<li>Alguna p\u00e1gina incorpora reproductor de v\u00eddeo que no dispone de un modo para seleccionar y reproducir audiodescripciones disponibles [requisito n\u00famero 7.2.1 de la norma UNE-EN 301549:2022 Reproducci\u00f3n de audiodescripci\u00f3n]<\/li>\n\n\n\n<li>Alguna p\u00e1gina incorpora reproductor de v\u00eddeo que no proporciona controles para la reproducci\u00f3n de subt\u00edtulos y audiodescripci\u00f3n al mismo nivel de interacci\u00f3n que el resto de controles [requisito n\u00famero 7.3 de la norma UNE-EN 301549:2022 Controles de usuario para subt\u00edtulos y audiodescripci\u00f3n]<\/li>\n\n\n\n<li>Algunas im\u00e1genes no est\u00e1n etiquetadas o tienen una alternativa textual gen\u00e9rica [requisito n\u00famero 9.1.1.1 de la norma UNE-EN 301549:2022 Contenido no textual].<\/li>\n\n\n\n<li>Algunos v\u00eddeos grabados pueden no contener subt\u00edtulos [requisito n\u00famero 9.1.2.2 de la norma UNE-EN 301549:2022 Subt\u00edtulos (grabados)].<\/li>\n\n\n\n<li>Algunos v\u00eddeos pregrabados en el sitio web no disponen de audiodescripci\u00f3n o medios alternativos [requisitos n\u00famero 9.1.2.3 y 9.1.2.5 de la norma UNE-EN 301549:2022 Audiodescripci\u00f3n o medios alternativos (grabado)].<\/li>\n\n\n\n<li>En alguna p\u00e1gina la informaci\u00f3n, estructura y relaciones no est\u00e1n determinadas por software o no tienen alternativa como texto [requisito n\u00famero 9.1.3.1 de la UNE-EN 301549:2022 De informaci\u00f3n y relaciones].<\/li>\n\n\n\n<li>En algunos formularios el campo de entrada que recopila informaci\u00f3n sobre el usuario no tiene identificado el prop\u00f3sito [requisito n\u00famero 9.1.3.5 de la norma UNE-EN 301549:2022 Identificaci\u00f3n del prop\u00f3sito de entrada].<\/li>\n\n\n\n<li>En alguna p\u00e1gina se ha utilizado el color como \u00fanico medio visual para transmitir informaci\u00f3n, indicar una acci\u00f3n, provocar una respuesta o distinguir un elemento visual [requisito n\u00famero 9.1.4.1 de la norma UNE-EN 301549:2022 Uso del color].<\/li>\n\n\n\n<li>En alguna p\u00e1gina se han podido utilizar im\u00e1genes de texto en lugar de texto para transmitir informaci\u00f3n [requisito n\u00famero 9.1.4.5 de la norma UNE-EN 301549:2022 Im\u00e1genes de texto].<\/li>\n\n\n\n<li>En alguna p\u00e1gina algunos elementos no tienen el foco del teclado [requisito n\u00famero 9.2.1.1 de la norma UNE-EN 301549:2022 Teclado].<\/li>\n\n\n\n<li>En alguna p\u00e1gina no existe el mecanismo para omitir bloques de contenido que se repiten en varias p\u00e1ginas [requisito n\u00famero 9.2.4.1 de la norma UNE-EN 301549:2022 Evitar bloques].<\/li>\n\n\n\n<li>En alg\u00fan documento la navegaci\u00f3n secuencial mediante el teclado podr\u00eda no tener un orden consistente [requisito n\u00famero 9.2.4.3 de la norma UNE-EN 301549:2022 Orden del foco].<\/li>\n\n\n\n<li>De manera puntual alg\u00fan enlace podr\u00eda no tener definido el prop\u00f3sito espec\u00edfico de manera textual [requisito n\u00famero 9.2.4.4 de la norma UNE-EN 301549:2022 Prop\u00f3sito de los enlaces].<\/li>\n\n\n\n<li>No siempre se ofrecen enlaces a p\u00e1ginas de contenido relacionado o formas alternativas de navegaci\u00f3n [requisito n\u00famero 9.2.4.5 de la norma UNE-EN 301549:2022 M\u00faltiples v\u00edas].<\/li>\n\n\n\n<li>Puede haber alg\u00fan encabezado o alg\u00fan nombre de control que no sea suficientemente descriptivo de su prop\u00f3sito [requisito n\u00famero 9.2.4.6 de la norma UNE-EN 301549:2022 Encabezados y etiquetas].<\/li>\n\n\n\n<li>De manera puntual algunas etiquetas que acompa\u00f1an a los controles no tienen el mismo nombre [requisito n\u00famero 9.2.5.3 de la norma UNE-EN 301549:2022 Inclusi\u00f3n de la etiqueta en el nombre].<\/li>\n\n\n\n<li>Hay contenidos o frases dentro de la p\u00e1gina cuyo idioma no puede determinarse por programa [requisito n\u00famero 9.3.1.2 de la norma UNE-EN 301549:2022 Idioma de las partes].<\/li>\n\n\n\n<li>En alguna p\u00e1gina los componentes de interfaz de usuario como elementos de formulario, enlaces y componentes generados por script no siguen la estructura recomendada por las pautas de accesibilidad [requisito n\u00famero 9.4.1.2 de la norma UNE-EN 301549:2022 Nombre, funci\u00f3n, valor].<\/li>\n\n\n\n<li>En alg\u00fan documento se ha utilizado el color como \u00fanico medio visual para transmitir informaci\u00f3n, indicar una acci\u00f3n, provocar una respuesta o distinguir un elemento visual [requisito n\u00famero 10.1.4.1 de la norma UNE-EN 301549:2022 Uso del color].<\/li>\n\n\n\n<li>En alg\u00fan documento algunos elementos no tienen el foco del teclado [requisito n\u00famero 10.2.1.1 de la norma UNE-EN 301549:2022 Teclado].<\/li>\n\n\n\n<li>Puntualmente alg\u00fan documento podr\u00eda no tener identificado el t\u00edtulo de la p\u00e1gina [requisito n\u00famero 10.2.4.2 de la norma UNE-EN 301549:2022 Titulado de p\u00e1ginas].<\/li>\n\n\n\n<li>Puede haber alg\u00fan encabezado o alg\u00fan nombre de control que no sea suficientemente descriptivo de su prop\u00f3sito [requisito n\u00famero 10.2.4.6 de la norma UNE-EN 301549:2022 Encabezados y etiquetas].<\/li>\n\n\n\n<li>En alguna p\u00e1gina no se indica el lenguaje por defecto que se utiliza [requisito n\u00famero 10.3.1.1 de la norma UNE-EN 301549:2022 Lenguaje de la p\u00e1gina].<\/li>\n\n\n\n<li>La documentaci\u00f3n del producto no enumera o explica todas las caracter\u00edsticas de accesibilidad disponibles [requisito n\u00famero 12.1.1 de la norma UNE-EN 301549:2022 Caracter\u00edsticas de accesibilidad y compatibilidad].<\/li>\n\n\n\n<li>Los servicios de apoyo no proporcionan toda la informaci\u00f3n de las caracter\u00edsticas de accesibilidad que se incluyen en la documentaci\u00f3n del producto [requisito n\u00famero 12.2.2 de la norma UNE-EN 301549:2022 Informaci\u00f3n de las caracter\u00edsticas de accesibilidad].<\/li>\n<\/ol>\n<\/li>\n\n\n\n<li>Carga desproporcionada\n<ol class=\"wp-block-list\">\n<li>No aplica.<\/li>\n<\/ol>\n<\/li>\n\n\n\n<li>El contenido no entra dentro del \u00e1mbito de la legislaci\u00f3n aplicable\n<ol class=\"wp-block-list\">\n<li>Pueden existir archivos de ofim\u00e1tica en PDF y otros formatos publicados antes del 20 de septiembre de 2018 que no cumplan en su totalidad todos los requisitos de accesibilidad. Aunque se ha procurado que la mayor\u00eda de ellos s\u00ed lo cumplan.<\/li>\n\n\n\n<li>Puede haber contenidos de terceros que no est\u00e9n desarrollados por Promotora de Exportaciones Catalanas SA o que no est\u00e9n bajo su control, como por ejemplo, archivos ofim\u00e1ticos.<\/li>\n\n\n\n<li>Pueden existir archivos pregrabados publicados antes del 20 de septiembre de 2018 que no cumplan en su totalidad todos los requisitos de accesibilidad.<\/li>\n<\/ol>\n<\/li>\n<\/ol>\n\n\n\n<h2 class=\"wp-block-heading\"><a><\/a>Preparaci\u00f3n de la presente declaraci\u00f3n de accesibilidad<\/h2>\n\n\n\n<p>La presente declaraci\u00f3n fue preparada el d\u00eda 25\/07\/2025.<\/p>\n\n\n\n<p>El m\u00e9todo empleado para preparar la declaraci\u00f3n ha sido una autoevaluaci\u00f3n llevada a cabo por&nbsp;<a href=\"https:\/\/www.insuit.net\/es\/\">inSuit<\/a>&nbsp;el d\u00eda 07\/07\/2025.<\/p>\n\n\n\n<p>\u00daltima revisi\u00f3n de la declaraci\u00f3n: 25\/07\/2025<\/p>\n\n\n\n<h2 class=\"wp-block-heading\"><a><\/a>Observaciones y datos de contacto<\/h2>\n\n\n\n<p>Puede realizar comunicaciones sobre requisitos de accesibilidad (art\u00edculo 10.2.a del RD 1112\/2018) como, por ejemplo:<\/p>\n\n\n\n<ul class=\"wp-block-list\">\n<li>Informar sobre cualquier posible incumplimiento por parte de este sitio web.<\/li>\n\n\n\n<li>Transmitir otras dificultades de acceso al contenido.<\/li>\n\n\n\n<li>Formular cualquier otra consulta o sugerencia de mejora relativa a la accesibilidad del sitio web.<\/li>\n<\/ul>\n\n\n\n<p>Para estas comunicaciones tiene disponible estos canales de comunicaci\u00f3n:<\/p>\n\n\n\n<ul class=\"wp-block-list\">\n<li>Enlace a formulario:&nbsp;<a href=\"https:\/\/ovt.gencat.cat\/gsitfc\/AppJava\/generic\/conqxsGeneric.do?topicLevel1.id=500&amp;topicLevel2.id=20523&amp;webFormId=391&amp;set-locale=ca_ES\">Formulario de contacto<\/a><\/li>\n<\/ul>\n\n\n\n<p>Acorde al art\u00edculo 10.2.b del RD 1112\/2018, tambi\u00e9n puede presentar:<\/p>\n\n\n\n<ul class=\"wp-block-list\">\n<li>Una queja relativa al cumplimiento de los requisitos del RD 1112\/2018.<\/li>\n\n\n\n<li>Una solicitud de informaci\u00f3n accesible relativa a:\n<ul class=\"wp-block-list\">\n<li>Contenidos que est\u00e1n excluidos del \u00e1mbito de aplicaci\u00f3n del RD 1112\/2018 seg\u00fan lo establecido por el art\u00edculo 3, apartado 4.<\/li>\n\n\n\n<li>Contenidos que est\u00e1n exentos del cumplimiento de los requisitos de accesibilidad por imponer una carga desproporcionada.<\/li>\n<\/ul>\n<\/li>\n<\/ul>\n\n\n\n<p>En la Solicitud de informaci\u00f3n accesible, se debe concretar, con toda claridad, los hechos, razones y petici\u00f3n que permitan constatar que se trata de una solicitud razonable y leg\u00edtima.<\/p>\n\n\n\n<p>Las solicitudes de informaci\u00f3n accesible y quejas se pueden presentar a trav\u00e9s de&nbsp;<a href=\"https:\/\/web.gencat.cat\/es\/tramits\/tramits-temes\/Continguts-accessibles-al-web?moda=1\">Solicitar informaci\u00f3n accesible o hacer una queja<\/a>, as\u00ed como del resto de opciones recogidas en la Ley 39\/ 2015, de 1 de octubre, del Procedimiento Administrativo Com\u00fan de las Administraciones P\u00fablicas.<\/p>\n\n\n\n<p>Las comunicaciones, quejas y solicitudes de informaci\u00f3n accesible ser\u00e1n recibidas y tratadas por la Unidad Responsable de Accesibilidad de la Direcci\u00f3n General de Atenci\u00f3n Ciudadana, del Departamento de la Vicepresidencia, Econom\u00eda y Hacienda.<\/p>\n\n\n\n<h2 class=\"wp-block-heading\">Procedimiento de reclamaci\u00f3n<\/h2>\n\n\n\n<p>Si una vez realizada una solicitud de informaci\u00f3n accesible o queja, \u00e9sta hubiera sido desestimada, no se estuviera de acuerdo con la decisi\u00f3n adoptada, o la respuesta no cumpliera los requisitos contemplados en el art\u00edculo 12.5, la persona interesada podr\u00e1 iniciar una reclamaci\u00f3n. Igualmente se podr\u00e1 iniciar una reclamaci\u00f3n en el caso de que haya transcurrido el plazo de veinte d\u00edas h\u00e1biles sin haber obtenido respuesta.<\/p>\n\n\n\n<p>La reclamaci\u00f3n puede ser presentada trav\u00e9s del&nbsp;<a href=\"https:\/\/web.gencat.cat\/es\/tramits\/tramits-temes\/Continguts-accessibles-al-web?category=&amp;moda=2\">Reclamar una solicitud<\/a>, as\u00ed como en el resto de opciones recogidas en la Ley 39\/ 2015, de 1 de octubre, del Procedimiento Administrativo Com\u00fan de las Administraciones P\u00fablicas.<\/p>\n\n\n\n<p>Las reclamaciones ser\u00e1n recibidas y tratadas por la Unidad Responsable de Accesibilidad de la Direcci\u00f3n General de Atenci\u00f3n Ciudadana, del Departamento de la Vicepresidencia, Econom\u00eda y Hacienda.<\/p>\n\n\n\n<p><\/p>\n\n\n\n<p><\/p>\n","protected":false},"excerpt":{"rendered":"<p>Declaraci\u00f3n de accesibilidad Introducci\u00f3n Promotora de Exportaciones Catalanas SA se ha comprometido a hacer accesible su sitio web de conformidad con el&nbsp;Real Decreto 1112\/2018, de 7 de septiembre, sobre accesibilidad de los sitios web y aplicaciones para dispositivos m\u00f3viles del sector p\u00fablico, por el que se traspone la&nbsp;Directiva (UE) 2016\/2102 del Parlamento Europeo y del [&hellip;]<\/p>\n","protected":false},"author":4,"featured_media":0,"parent":0,"menu_order":0,"comment_status":"closed","ping_status":"closed","template":"","meta":{"_acf_changed":false,"footnotes":""},"class_list":["post-7548","page","type-page","status-publish","hentry"],"acf":[],"yoast_head":"<!-- This site is optimized with the Yoast SEO plugin v27.1.1 - https:\/\/yoast.com\/product\/yoast-seo-wordpress\/ -->\n<title>Declaraci\u00f3n de accesibilidad | Catalan Food Latam<\/title>\n<meta name=\"robots\" content=\"index, follow, max-snippet:-1, max-image-preview:large, max-video-preview:-1\" \/>\n<link rel=\"canonical\" href=\"https:\/\/catalanfood.com\/latam\/declaracion-de-accesibilidad-provisional\/\" \/>\n<meta property=\"og:locale\" content=\"es_ES\" \/>\n<meta property=\"og:type\" content=\"article\" \/>\n<meta property=\"og:title\" content=\"Declaraci\u00f3n de accesibilidad | Catalan Food Latam\" \/>\n<meta property=\"og:description\" content=\"Declaraci\u00f3n de accesibilidad Introducci\u00f3n Promotora de Exportaciones Catalanas SA se ha comprometido a hacer accesible su sitio web de conformidad con el&nbsp;Real Decreto 1112\/2018, de 7 de septiembre, sobre accesibilidad de los sitios web y aplicaciones para dispositivos m\u00f3viles del sector p\u00fablico, por el que se traspone la&nbsp;Directiva (UE) 2016\/2102 del Parlamento Europeo y del [&hellip;]\" \/>\n<meta property=\"og:url\" content=\"https:\/\/catalanfood.com\/latam\/declaracion-de-accesibilidad-provisional\/\" \/>\n<meta property=\"og:site_name\" content=\"Catalan Food Latam\" \/>\n<meta property=\"article:modified_time\" content=\"2025-08-14T07:46:51+00:00\" \/>\n<meta name=\"twitter:card\" content=\"summary_large_image\" \/>\n<meta name=\"twitter:label1\" content=\"Tiempo de lectura\" \/>\n\t<meta name=\"twitter:data1\" content=\"7 minutos\" \/>\n<script type=\"application\/ld+json\" class=\"yoast-schema-graph\">{\"@context\":\"https:\/\/schema.org\",\"@graph\":[{\"@type\":\"WebPage\",\"@id\":\"https:\/\/catalanfood.com\/latam\/declaracion-de-accesibilidad-provisional\/\",\"url\":\"https:\/\/catalanfood.com\/latam\/declaracion-de-accesibilidad-provisional\/\",\"name\":\"Declaraci\u00f3n de accesibilidad | Catalan Food Latam\",\"isPartOf\":{\"@id\":\"https:\/\/catalanfood.com\/latam\/#website\"},\"datePublished\":\"2025-07-03T09:29:54+00:00\",\"dateModified\":\"2025-08-14T07:46:51+00:00\",\"breadcrumb\":{\"@id\":\"https:\/\/catalanfood.com\/latam\/declaracion-de-accesibilidad-provisional\/#breadcrumb\"},\"inLanguage\":\"es\",\"potentialAction\":[{\"@type\":\"ReadAction\",\"target\":[\"https:\/\/catalanfood.com\/latam\/declaracion-de-accesibilidad-provisional\/\"]}]},{\"@type\":\"BreadcrumbList\",\"@id\":\"https:\/\/catalanfood.com\/latam\/declaracion-de-accesibilidad-provisional\/#breadcrumb\",\"itemListElement\":[{\"@type\":\"ListItem\",\"position\":1,\"name\":\"Home\",\"item\":\"https:\/\/catalanfood.com\/latam\/\"},{\"@type\":\"ListItem\",\"position\":2,\"name\":\"Declaraci\u00f3n de accesibilidad\"}]},{\"@type\":\"WebSite\",\"@id\":\"https:\/\/catalanfood.com\/latam\/#website\",\"url\":\"https:\/\/catalanfood.com\/latam\/\",\"name\":\"Catalan Food Latam\",\"description\":\"\",\"potentialAction\":[{\"@type\":\"SearchAction\",\"target\":{\"@type\":\"EntryPoint\",\"urlTemplate\":\"https:\/\/catalanfood.com\/latam\/?s={search_term_string}\"},\"query-input\":{\"@type\":\"PropertyValueSpecification\",\"valueRequired\":true,\"valueName\":\"search_term_string\"}}],\"inLanguage\":\"es\"}]}<\/script>\n<!-- \/ Yoast SEO plugin. -->","yoast_head_json":{"title":"Declaraci\u00f3n de accesibilidad | Catalan Food Latam","robots":{"index":"index","follow":"follow","max-snippet":"max-snippet:-1","max-image-preview":"max-image-preview:large","max-video-preview":"max-video-preview:-1"},"canonical":"https:\/\/catalanfood.com\/latam\/declaracion-de-accesibilidad-provisional\/","og_locale":"es_ES","og_type":"article","og_title":"Declaraci\u00f3n de accesibilidad | Catalan Food Latam","og_description":"Declaraci\u00f3n de accesibilidad Introducci\u00f3n Promotora de Exportaciones Catalanas SA se ha comprometido a hacer accesible su sitio web de conformidad con el&nbsp;Real Decreto 1112\/2018, de 7 de septiembre, sobre accesibilidad de los sitios web y aplicaciones para dispositivos m\u00f3viles del sector p\u00fablico, por el que se traspone la&nbsp;Directiva (UE) 2016\/2102 del Parlamento Europeo y del [&hellip;]","og_url":"https:\/\/catalanfood.com\/latam\/declaracion-de-accesibilidad-provisional\/","og_site_name":"Catalan Food Latam","article_modified_time":"2025-08-14T07:46:51+00:00","twitter_card":"summary_large_image","twitter_misc":{"Tiempo de lectura":"7 minutos"},"schema":{"@context":"https:\/\/schema.org","@graph":[{"@type":"WebPage","@id":"https:\/\/catalanfood.com\/latam\/declaracion-de-accesibilidad-provisional\/","url":"https:\/\/catalanfood.com\/latam\/declaracion-de-accesibilidad-provisional\/","name":"Declaraci\u00f3n de accesibilidad | Catalan Food Latam","isPartOf":{"@id":"https:\/\/catalanfood.com\/latam\/#website"},"datePublished":"2025-07-03T09:29:54+00:00","dateModified":"2025-08-14T07:46:51+00:00","breadcrumb":{"@id":"https:\/\/catalanfood.com\/latam\/declaracion-de-accesibilidad-provisional\/#breadcrumb"},"inLanguage":"es","potentialAction":[{"@type":"ReadAction","target":["https:\/\/catalanfood.com\/latam\/declaracion-de-accesibilidad-provisional\/"]}]},{"@type":"BreadcrumbList","@id":"https:\/\/catalanfood.com\/latam\/declaracion-de-accesibilidad-provisional\/#breadcrumb","itemListElement":[{"@type":"ListItem","position":1,"name":"Home","item":"https:\/\/catalanfood.com\/latam\/"},{"@type":"ListItem","position":2,"name":"Declaraci\u00f3n de accesibilidad"}]},{"@type":"WebSite","@id":"https:\/\/catalanfood.com\/latam\/#website","url":"https:\/\/catalanfood.com\/latam\/","name":"Catalan Food Latam","description":"","potentialAction":[{"@type":"SearchAction","target":{"@type":"EntryPoint","urlTemplate":"https:\/\/catalanfood.com\/latam\/?s={search_term_string}"},"query-input":{"@type":"PropertyValueSpecification","valueRequired":true,"valueName":"search_term_string"}}],"inLanguage":"es"}]}},"_links":{"self":[{"href":"https:\/\/catalanfood.com\/latam\/wp-json\/wp\/v2\/pages\/7548","targetHints":{"allow":["GET"]}}],"collection":[{"href":"https:\/\/catalanfood.com\/latam\/wp-json\/wp\/v2\/pages"}],"about":[{"href":"https:\/\/catalanfood.com\/latam\/wp-json\/wp\/v2\/types\/page"}],"author":[{"embeddable":true,"href":"https:\/\/catalanfood.com\/latam\/wp-json\/wp\/v2\/users\/4"}],"replies":[{"embeddable":true,"href":"https:\/\/catalanfood.com\/latam\/wp-json\/wp\/v2\/comments?post=7548"}],"version-history":[{"count":3,"href":"https:\/\/catalanfood.com\/latam\/wp-json\/wp\/v2\/pages\/7548\/revisions"}],"predecessor-version":[{"id":7558,"href":"https:\/\/catalanfood.com\/latam\/wp-json\/wp\/v2\/pages\/7548\/revisions\/7558"}],"wp:attachment":[{"href":"https:\/\/catalanfood.com\/latam\/wp-json\/wp\/v2\/media?parent=7548"}],"curies":[{"name":"wp","href":"https:\/\/api.w.org\/{rel}","templated":true}]}}