{"id":921,"date":"2024-12-01T12:41:39","date_gmt":"2024-12-01T11:41:39","guid":{"rendered":"https:\/\/catalanfood.com\/latam\/?page_id=921"},"modified":"2026-04-24T01:58:24","modified_gmt":"2026-04-23T23:58:24","slug":"nuestra-comida","status":"publish","type":"page","link":"https:\/\/catalanfood.com\/latam\/nuestra-comida\/","title":{"rendered":"Nuestra Comida"},"content":{"rendered":"\t\t<div data-elementor-type=\"wp-page\" data-elementor-id=\"921\" class=\"elementor elementor-921\" data-elementor-post-type=\"page\">\n\t\t\t\t<section class=\"elementor-element elementor-element-8b27867 e-flex e-con-boxed e-con e-parent\" data-id=\"8b27867\" data-element_type=\"container\" data-e-type=\"container\" data-settings=\"{&quot;background_background&quot;:&quot;classic&quot;}\">\n\t\t\t\t\t<div class=\"e-con-inner\">\n\t\t\t\t<div class=\"elementor-element elementor-element-db52569 elementor-widget elementor-widget-image\" data-id=\"db52569\" data-element_type=\"widget\" data-e-type=\"widget\" data-widget_type=\"image.default\">\n\t\t\t\t<div class=\"elementor-widget-container\">\n\t\t\t\t\t\t\t\t\t\t\t\t\t\t\t<img decoding=\"async\" width=\"1\" height=\"1\" src=\"https:\/\/catalanfood.com\/latam\/wp-content\/uploads\/sites\/6\/2024\/12\/detail-09-ico.svg\" class=\"attachment-large size-large wp-image-925\" alt=\"\" \/>\t\t\t\t\t\t\t\t\t\t\t\t\t\t\t<\/div>\n\t\t\t\t<\/div>\n\t\t\t\t<div class=\"elementor-element elementor-element-9d1d98b heading-blanc elementor-widget elementor-widget-heading\" data-id=\"9d1d98b\" data-element_type=\"widget\" data-e-type=\"widget\" data-widget_type=\"heading.default\">\n\t\t\t\t<div class=\"elementor-widget-container\">\n\t\t\t\t\t<h1 class=\"elementor-heading-title elementor-size-default\">Nuestra Comida<\/h1>\t\t\t\t<\/div>\n\t\t\t\t<\/div>\n\t\t\t\t\t<\/div>\n\t\t\t\t<\/section>\n\t\t<section class=\"elementor-element elementor-element-578d4fe e-con-full e-flex e-con e-parent\" data-id=\"578d4fe\" data-element_type=\"container\" data-e-type=\"container\" data-settings=\"{&quot;background_background&quot;:&quot;classic&quot;}\">\n\t\t\t\t<div class=\"elementor-element elementor-element-404940d elementor-widget elementor-widget-image\" data-id=\"404940d\" data-element_type=\"widget\" data-e-type=\"widget\" data-widget_type=\"image.default\">\n\t\t\t\t<div class=\"elementor-widget-container\">\n\t\t\t\t\t\t\t\t\t\t\t\t\t\t\t<img fetchpriority=\"high\" decoding=\"async\" width=\"800\" height=\"191\" src=\"https:\/\/catalanfood.com\/latam\/wp-content\/uploads\/sites\/6\/2024\/12\/taronges-1-1024x245.png\" class=\"attachment-large size-large wp-image-931\" alt=\"\" srcset=\"https:\/\/catalanfood.com\/latam\/wp-content\/uploads\/sites\/6\/2024\/12\/taronges-1-1024x245.png 1024w, https:\/\/catalanfood.com\/latam\/wp-content\/uploads\/sites\/6\/2024\/12\/taronges-1-300x72.png 300w, https:\/\/catalanfood.com\/latam\/wp-content\/uploads\/sites\/6\/2024\/12\/taronges-1-768x184.png 768w, https:\/\/catalanfood.com\/latam\/wp-content\/uploads\/sites\/6\/2024\/12\/taronges-1-1536x367.png 1536w, https:\/\/catalanfood.com\/latam\/wp-content\/uploads\/sites\/6\/2024\/12\/taronges-1.png 1920w\" sizes=\"(max-width: 800px) 100vw, 800px\" \/>\t\t\t\t\t\t\t\t\t\t\t\t\t\t\t<\/div>\n\t\t\t\t<\/div>\n\t\t<div class=\"elementor-element elementor-element-f27bfd7 e-flex e-con-boxed e-con e-child\" data-id=\"f27bfd7\" data-element_type=\"container\" data-e-type=\"container\" data-settings=\"{&quot;background_background&quot;:&quot;classic&quot;}\">\n\t\t\t\t\t<div class=\"e-con-inner\">\n\t\t\t\t<div class=\"elementor-element elementor-element-d97b4da heading-rosa elementor-widget elementor-widget-heading\" data-id=\"d97b4da\" data-element_type=\"widget\" data-e-type=\"widget\" data-widget_type=\"heading.default\">\n\t\t\t\t<div class=\"elementor-widget-container\">\n\t\t\t\t\t<h2 class=\"elementor-heading-title elementor-size-default\">Una despensa rica<\/h2>\t\t\t\t<\/div>\n\t\t\t\t<\/div>\n\t\t\t\t<div class=\"elementor-element elementor-element-c5c358e elementor-widget-divider--view-line elementor-widget elementor-widget-divider\" data-id=\"c5c358e\" data-element_type=\"widget\" data-e-type=\"widget\" data-widget_type=\"divider.default\">\n\t\t\t\t<div class=\"elementor-widget-container\">\n\t\t\t\t\t\t\t<div class=\"elementor-divider\">\n\t\t\t<span class=\"elementor-divider-separator\">\n\t\t\t\t\t\t<\/span>\n\t\t<\/div>\n\t\t\t\t\t\t<\/div>\n\t\t\t\t<\/div>\n\t\t\t\t<div class=\"elementor-element elementor-element-7af0dcc elementor-widget__width-initial elementor-widget elementor-widget-text-editor\" data-id=\"7af0dcc\" data-element_type=\"widget\" data-e-type=\"widget\" data-widget_type=\"text-editor.default\">\n\t\t\t\t<div class=\"elementor-widget-container\">\n\t\t\t\t\t\t\t\t\t<p>Catalonia is the region with the greatest biodiversity in Europe, due to its rich variety of climates and landscapes. It produces many products: olive oil, wine, rice, fruit (oranges, peaches, pears, apples, cherries, strawberries, almonds, etc.), all kinds of meat, dairy products, fish, vegetables, etc.<\/p>\t\t\t\t\t\t\t\t<\/div>\n\t\t\t\t<\/div>\n\t\t\t\t\t<\/div>\n\t\t\t\t<\/div>\n\t\t\t\t<\/section>\n\t\t<div class=\"elementor-element elementor-element-5a93fe5 e-flex e-con-boxed e-con e-parent\" data-id=\"5a93fe5\" data-element_type=\"container\" data-e-type=\"container\" data-settings=\"{&quot;background_background&quot;:&quot;classic&quot;}\">\n\t\t\t\t\t<div class=\"e-con-inner\">\n\t\t\t\t<div class=\"elementor-element elementor-element-8dac3fe elementor-hidden-tablet elementor-hidden-mobile elementor-widget elementor-widget-image\" data-id=\"8dac3fe\" data-element_type=\"widget\" data-e-type=\"widget\" data-widget_type=\"image.default\">\n\t\t\t\t<div class=\"elementor-widget-container\">\n\t\t\t\t\t\t\t\t\t\t\t\t\t\t\t<img decoding=\"async\" src=\"https:\/\/catalanfood.com\/wp-content\/uploads\/2026\/02\/catalunya_catalanfood-scaled.png\" title=\"\" alt=\"\" loading=\"lazy\" \/>\t\t\t\t\t\t\t\t\t\t\t\t\t\t\t<\/div>\n\t\t\t\t<\/div>\n\t\t\t\t<div class=\"elementor-element elementor-element-450929c elementor-hidden-widescreen elementor-hidden-desktop elementor-widget elementor-widget-image\" data-id=\"450929c\" data-element_type=\"widget\" data-e-type=\"widget\" data-widget_type=\"image.default\">\n\t\t\t\t<div class=\"elementor-widget-container\">\n\t\t\t\t\t\t\t\t\t\t\t\t\t\t\t<img decoding=\"async\" width=\"800\" height=\"785\" src=\"https:\/\/catalanfood.com\/latam\/wp-content\/uploads\/sites\/6\/2024\/12\/IGP_DOP_Map@2x-1024x1005.png\" class=\"attachment-large size-large wp-image-977\" alt=\"\" srcset=\"https:\/\/catalanfood.com\/latam\/wp-content\/uploads\/sites\/6\/2024\/12\/IGP_DOP_Map@2x-1024x1005.png 1024w, https:\/\/catalanfood.com\/latam\/wp-content\/uploads\/sites\/6\/2024\/12\/IGP_DOP_Map@2x-300x294.png 300w, https:\/\/catalanfood.com\/latam\/wp-content\/uploads\/sites\/6\/2024\/12\/IGP_DOP_Map@2x-768x754.png 768w, https:\/\/catalanfood.com\/latam\/wp-content\/uploads\/sites\/6\/2024\/12\/IGP_DOP_Map@2x.png 1416w\" sizes=\"(max-width: 800px) 100vw, 800px\" \/>\t\t\t\t\t\t\t\t\t\t\t\t\t\t\t<\/div>\n\t\t\t\t<\/div>\n\t\t\t\t\t<\/div>\n\t\t\t\t<\/div>\n\t\t<div class=\"elementor-element elementor-element-7ebd9a6 elementor-hidden-widescreen elementor-hidden-desktop e-flex e-con-boxed e-con e-parent\" data-id=\"7ebd9a6\" data-element_type=\"container\" data-e-type=\"container\" data-settings=\"{&quot;background_background&quot;:&quot;classic&quot;}\">\n\t\t\t\t\t<div class=\"e-con-inner\">\n\t\t\t\t<div class=\"elementor-element elementor-element-553c104 elementor-hidden-widescreen elementor-hidden-desktop elementor-widget elementor-widget-image\" data-id=\"553c104\" data-element_type=\"widget\" data-e-type=\"widget\" data-widget_type=\"image.default\">\n\t\t\t\t<div class=\"elementor-widget-container\">\n\t\t\t\t\t\t\t\t\t\t\t\t\t\t\t<img loading=\"lazy\" decoding=\"async\" width=\"572\" height=\"365\" src=\"https:\/\/catalanfood.com\/latam\/wp-content\/uploads\/sites\/6\/2024\/12\/IGP_DOP_Legend@2x.png\" class=\"attachment-large size-large wp-image-978\" alt=\"\" srcset=\"https:\/\/catalanfood.com\/latam\/wp-content\/uploads\/sites\/6\/2024\/12\/IGP_DOP_Legend@2x.png 572w, https:\/\/catalanfood.com\/latam\/wp-content\/uploads\/sites\/6\/2024\/12\/IGP_DOP_Legend@2x-300x191.png 300w\" sizes=\"(max-width: 572px) 100vw, 572px\" \/>\t\t\t\t\t\t\t\t\t\t\t\t\t\t\t<\/div>\n\t\t\t\t<\/div>\n\t\t\t\t\t<\/div>\n\t\t\t\t<\/div>\n\t\t<section class=\"elementor-element elementor-element-e484e54 e-con-full e-flex e-con e-parent\" data-id=\"e484e54\" data-element_type=\"container\" data-e-type=\"container\" data-settings=\"{&quot;background_background&quot;:&quot;classic&quot;}\">\n\t\t<div class=\"elementor-element elementor-element-3ebc273 e-flex e-con-boxed e-con e-child\" data-id=\"3ebc273\" data-element_type=\"container\" data-e-type=\"container\" data-settings=\"{&quot;background_background&quot;:&quot;classic&quot;}\">\n\t\t\t\t\t<div class=\"e-con-inner\">\n\t\t\t\t<div class=\"elementor-element elementor-element-f0313bd heading-rosa elementor-widget elementor-widget-heading\" data-id=\"f0313bd\" data-element_type=\"widget\" data-e-type=\"widget\" data-widget_type=\"heading.default\">\n\t\t\t\t<div class=\"elementor-widget-container\">\n\t\t\t\t\t<h2 class=\"elementor-heading-title elementor-size-default\">Productos ic\u00f3nicos catalanes<\/h2>\t\t\t\t<\/div>\n\t\t\t\t<\/div>\n\t\t\t\t<div class=\"elementor-element elementor-element-1b378e3 elementor-widget-divider--view-line elementor-widget elementor-widget-divider\" data-id=\"1b378e3\" data-element_type=\"widget\" data-e-type=\"widget\" data-widget_type=\"divider.default\">\n\t\t\t\t<div class=\"elementor-widget-container\">\n\t\t\t\t\t\t\t<div class=\"elementor-divider\">\n\t\t\t<span class=\"elementor-divider-separator\">\n\t\t\t\t\t\t<\/span>\n\t\t<\/div>\n\t\t\t\t\t\t<\/div>\n\t\t\t\t<\/div>\n\t\t\t\t<div class=\"elementor-element elementor-element-da63da8 elementor-arrows-position-inside elementor-widget elementor-widget-n-carousel\" data-id=\"da63da8\" data-element_type=\"widget\" data-e-type=\"widget\" data-settings=\"{&quot;carousel_items&quot;:[{&quot;slide_title&quot;:&quot;Slide #1&quot;,&quot;_id&quot;:&quot;d45a204&quot;},{&quot;slide_title&quot;:&quot;Slide #1&quot;,&quot;_id&quot;:&quot;9f935b8&quot;},{&quot;slide_title&quot;:&quot;Slide #1&quot;,&quot;_id&quot;:&quot;c2af0c1&quot;},{&quot;slide_title&quot;:&quot;Slide #1&quot;,&quot;_id&quot;:&quot;887f9ce&quot;},{&quot;slide_title&quot;:&quot;Slide #1&quot;,&quot;_id&quot;:&quot;d890120&quot;},{&quot;slide_title&quot;:&quot;Slide #1&quot;,&quot;_id&quot;:&quot;7667474&quot;},{&quot;slide_title&quot;:&quot;Slide #1&quot;,&quot;_id&quot;:&quot;7c65995&quot;},{&quot;slide_title&quot;:&quot;Slide #1&quot;,&quot;_id&quot;:&quot;9c5ef86&quot;},{&quot;slide_title&quot;:&quot;Slide #1&quot;,&quot;_id&quot;:&quot;1eab505&quot;},{&quot;slide_title&quot;:&quot;Slide #1&quot;,&quot;_id&quot;:&quot;5ee858a&quot;},{&quot;slide_title&quot;:&quot;Slide #1&quot;,&quot;_id&quot;:&quot;d734b3f&quot;},{&quot;slide_title&quot;:&quot;Slide #1&quot;,&quot;_id&quot;:&quot;142f502&quot;},{&quot;slide_title&quot;:&quot;Slide #1&quot;,&quot;_id&quot;:&quot;b97b2e1&quot;},{&quot;slide_title&quot;:&quot;Slide #1&quot;,&quot;_id&quot;:&quot;8baa278&quot;},{&quot;slide_title&quot;:&quot;Slide #1&quot;,&quot;_id&quot;:&quot;ae8b907&quot;},{&quot;slide_title&quot;:&quot;Slide #1&quot;,&quot;_id&quot;:&quot;618d428&quot;},{&quot;slide_title&quot;:&quot;Slide #1&quot;,&quot;_id&quot;:&quot;06973fd&quot;},{&quot;slide_title&quot;:&quot;Slide #1&quot;,&quot;_id&quot;:&quot;78f450b&quot;},{&quot;slide_title&quot;:&quot;Slide #1&quot;,&quot;_id&quot;:&quot;4de5ac6&quot;},{&quot;slide_title&quot;:&quot;Slide #1&quot;,&quot;_id&quot;:&quot;847ea2c&quot;},{&quot;slide_title&quot;:&quot;Slide #1&quot;,&quot;_id&quot;:&quot;7b6f1ea&quot;},{&quot;slide_title&quot;:&quot;Slide #1&quot;,&quot;_id&quot;:&quot;4120f21&quot;},{&quot;slide_title&quot;:&quot;Slide #1&quot;,&quot;_id&quot;:&quot;0b80876&quot;},{&quot;slide_title&quot;:&quot;Slide #1&quot;,&quot;_id&quot;:&quot;7307885&quot;},{&quot;slide_title&quot;:&quot;Slide #1&quot;,&quot;_id&quot;:&quot;ebf25ec&quot;},{&quot;slide_title&quot;:&quot;Slide #1&quot;,&quot;_id&quot;:&quot;b5ebfdb&quot;},{&quot;slide_title&quot;:&quot;Slide #1&quot;,&quot;_id&quot;:&quot;c35bc7e&quot;},{&quot;slide_title&quot;:&quot;Slide #1&quot;,&quot;_id&quot;:&quot;f626580&quot;},{&quot;slide_title&quot;:&quot;Slide #1&quot;,&quot;_id&quot;:&quot;a022fc3&quot;},{&quot;slide_title&quot;:&quot;Slide #1&quot;,&quot;_id&quot;:&quot;f2c887f&quot;},{&quot;slide_title&quot;:&quot;Slide #1&quot;,&quot;_id&quot;:&quot;84a93ff&quot;},{&quot;slide_title&quot;:&quot;Slide #1&quot;,&quot;_id&quot;:&quot;119f727&quot;}],&quot;slides_to_show_tablet&quot;:&quot;2&quot;,&quot;slides_to_show_mobile&quot;:&quot;1&quot;,&quot;autoplay&quot;:&quot;yes&quot;,&quot;autoplay_speed&quot;:5000,&quot;pause_on_hover&quot;:&quot;yes&quot;,&quot;pause_on_interaction&quot;:&quot;yes&quot;,&quot;infinite&quot;:&quot;yes&quot;,&quot;speed&quot;:500,&quot;offset_sides&quot;:&quot;none&quot;,&quot;arrows&quot;:&quot;yes&quot;,&quot;image_spacing_custom&quot;:{&quot;unit&quot;:&quot;px&quot;,&quot;size&quot;:10,&quot;sizes&quot;:[]},&quot;image_spacing_custom_widescreen&quot;:{&quot;unit&quot;:&quot;px&quot;,&quot;size&quot;:&quot;&quot;,&quot;sizes&quot;:[]},&quot;image_spacing_custom_tablet&quot;:{&quot;unit&quot;:&quot;px&quot;,&quot;size&quot;:&quot;&quot;,&quot;sizes&quot;:[]},&quot;image_spacing_custom_mobile&quot;:{&quot;unit&quot;:&quot;px&quot;,&quot;size&quot;:&quot;&quot;,&quot;sizes&quot;:[]}}\" data-widget_type=\"nested-carousel.default\">\n\t\t\t\t<div class=\"elementor-widget-container\">\n\t\t\t\t\t\t\t<div class=\"e-n-carousel swiper\" role=\"region\" aria-roledescription=\"carousel\" aria-label=\"Carousel\" dir=\"ltr\">\n\t\t\t<div class=\"swiper-wrapper\" aria-live=\"off\">\n\t\t\t\t\t\t\t\t\t\t<div class=\"swiper-slide\" data-slide=\"1\" role=\"group\" aria-roledescription=\"slide\" aria-label=\"1 of 32\">\n\t\t\t\t\t\t\t<a class=\"elementor-element elementor-element-dbc1fac e-flex e-con-boxed e-con e-child\" data-id=\"dbc1fac\" data-element_type=\"container\" data-e-type=\"container\" href=\"https:\/\/www.gastroteca.cat\/en\/productes-agroalimentaris\/all-de-belltall\/\" target=\"_blank\">\n\t\t\t\t\t<div class=\"e-con-inner\">\n\t\t\t\t<div class=\"elementor-element elementor-element-5f7b95f elementor-widget elementor-widget-image\" data-id=\"5f7b95f\" data-element_type=\"widget\" data-e-type=\"widget\" data-widget_type=\"image.default\">\n\t\t\t\t<div class=\"elementor-widget-container\">\n\t\t\t\t\t\t\t\t\t\t\t\t\t\t\t<img decoding=\"async\" src=\"https:\/\/catalanfood.com\/wp-content\/uploads\/2025\/03\/All-de-Belltall-Gastroteca.jpg\" title=\"\" alt=\"\" loading=\"lazy\" \/>\t\t\t\t\t\t\t\t\t\t\t\t\t\t\t<\/div>\n\t\t\t\t<\/div>\n\t\t\t\t<div class=\"elementor-element elementor-element-0d7f1a1 elementor-widget elementor-widget-heading\" data-id=\"0d7f1a1\" data-element_type=\"widget\" data-e-type=\"widget\" data-widget_type=\"heading.default\">\n\t\t\t\t<div class=\"elementor-widget-container\">\n\t\t\t\t\t<h2 class=\"elementor-heading-title elementor-size-default\">Ajo de Belltall<\/h2>\t\t\t\t<\/div>\n\t\t\t\t<\/div>\n\t\t\t\t\t<\/div>\n\t\t\t\t<\/a>\n\t\t\t\t\t\t\t\t<\/div>\n\t\t\t\t\t\t\t\t\t\t\t<div class=\"swiper-slide\" data-slide=\"2\" role=\"group\" aria-roledescription=\"slide\" aria-label=\"2 of 32\">\n\t\t\t\t\t\t\t<a class=\"elementor-element elementor-element-24894cf e-flex e-con-boxed e-con e-child\" data-id=\"24894cf\" data-element_type=\"container\" data-e-type=\"container\" href=\"https:\/\/www.gastroteca.cat\/en\/productes-agroalimentaris\/anxova-de-lescala\/\" target=\"_blank\">\n\t\t\t\t\t<div class=\"e-con-inner\">\n\t\t\t\t<div class=\"elementor-element elementor-element-127b39e elementor-widget elementor-widget-image\" data-id=\"127b39e\" data-element_type=\"widget\" data-e-type=\"widget\" data-widget_type=\"image.default\">\n\t\t\t\t<div class=\"elementor-widget-container\">\n\t\t\t\t\t\t\t\t\t\t\t\t\t\t\t<img decoding=\"async\" src=\"https:\/\/catalanfood.com\/wp-content\/uploads\/2025\/03\/Anxova-de-l_Escala-Gastroteca.jpg\" title=\"\" alt=\"\" loading=\"lazy\" \/>\t\t\t\t\t\t\t\t\t\t\t\t\t\t\t<\/div>\n\t\t\t\t<\/div>\n\t\t\t\t<div class=\"elementor-element elementor-element-d6853aa elementor-widget elementor-widget-heading\" data-id=\"d6853aa\" data-element_type=\"widget\" data-e-type=\"widget\" data-widget_type=\"heading.default\">\n\t\t\t\t<div class=\"elementor-widget-container\">\n\t\t\t\t\t<h2 class=\"elementor-heading-title elementor-size-default\">Anchovy from L'Escala<\/h2>\t\t\t\t<\/div>\n\t\t\t\t<\/div>\n\t\t\t\t\t<\/div>\n\t\t\t\t<\/a>\n\t\t\t\t\t\t\t\t<\/div>\n\t\t\t\t\t\t\t\t\t\t\t<div class=\"swiper-slide\" data-slide=\"3\" role=\"group\" aria-roledescription=\"slide\" aria-label=\"3 of 32\">\n\t\t\t\t\t\t\t<a class=\"elementor-element elementor-element-0ab5b32 e-flex e-con-boxed e-con e-child\" data-id=\"0ab5b32\" data-element_type=\"container\" data-e-type=\"container\" href=\"https:\/\/www.gastroteca.cat\/en\/productes-agroalimentaris\/arros-dop-del-delta-de-lebre\/\" target=\"_blank\">\n\t\t\t\t\t<div class=\"e-con-inner\">\n\t\t\t\t<div class=\"elementor-element elementor-element-1ab3a1e elementor-widget elementor-widget-image\" data-id=\"1ab3a1e\" data-element_type=\"widget\" data-e-type=\"widget\" data-widget_type=\"image.default\">\n\t\t\t\t<div class=\"elementor-widget-container\">\n\t\t\t\t\t\t\t\t\t\t\t\t\t\t\t<img decoding=\"async\" src=\"https:\/\/catalanfood.com\/wp-content\/uploads\/2025\/03\/Arros-DOP-del-Delta-de-l_Ebre-Gastroteca.jpg\" title=\"\" alt=\"\" loading=\"lazy\" \/>\t\t\t\t\t\t\t\t\t\t\t\t\t\t\t<\/div>\n\t\t\t\t<\/div>\n\t\t\t\t<div class=\"elementor-element elementor-element-c6a4caa elementor-widget elementor-widget-heading\" data-id=\"c6a4caa\" data-element_type=\"widget\" data-e-type=\"widget\" data-widget_type=\"heading.default\">\n\t\t\t\t<div class=\"elementor-widget-container\">\n\t\t\t\t\t<h2 class=\"elementor-heading-title elementor-size-default\">DOP Arroz del Delta del Ebro<\/h2>\t\t\t\t<\/div>\n\t\t\t\t<\/div>\n\t\t\t\t\t<\/div>\n\t\t\t\t<\/a>\n\t\t\t\t\t\t\t\t<\/div>\n\t\t\t\t\t\t\t\t\t\t\t<div class=\"swiper-slide\" data-slide=\"4\" role=\"group\" aria-roledescription=\"slide\" aria-label=\"4 of 32\">\n\t\t\t\t\t\t\t<a class=\"elementor-element elementor-element-0c1e8ce e-flex e-con-boxed e-con e-child\" data-id=\"0c1e8ce\" data-element_type=\"container\" data-e-type=\"container\" href=\"https:\/\/www.gastroteca.cat\/en\/productes-agroalimentaris\/avellana-dop-de-reus\/\" target=\"_blank\">\n\t\t\t\t\t<div class=\"e-con-inner\">\n\t\t\t\t<div class=\"elementor-element elementor-element-a7d1311 elementor-widget elementor-widget-image\" data-id=\"a7d1311\" data-element_type=\"widget\" data-e-type=\"widget\" data-widget_type=\"image.default\">\n\t\t\t\t<div class=\"elementor-widget-container\">\n\t\t\t\t\t\t\t\t\t\t\t\t\t\t\t<img decoding=\"async\" src=\"https:\/\/catalanfood.com\/wp-content\/uploads\/2025\/03\/Avellana-DOP-de-Reus-Gastroteca.jpg\" title=\"\" alt=\"\" loading=\"lazy\" \/>\t\t\t\t\t\t\t\t\t\t\t\t\t\t\t<\/div>\n\t\t\t\t<\/div>\n\t\t\t\t<div class=\"elementor-element elementor-element-94b1217 elementor-widget elementor-widget-heading\" data-id=\"94b1217\" data-element_type=\"widget\" data-e-type=\"widget\" data-widget_type=\"heading.default\">\n\t\t\t\t<div class=\"elementor-widget-container\">\n\t\t\t\t\t<h2 class=\"elementor-heading-title elementor-size-default\">DOP Avellana de Reus<\/h2>\t\t\t\t<\/div>\n\t\t\t\t<\/div>\n\t\t\t\t\t<\/div>\n\t\t\t\t<\/a>\n\t\t\t\t\t\t\t\t<\/div>\n\t\t\t\t\t\t\t\t\t\t\t<div class=\"swiper-slide\" data-slide=\"5\" role=\"group\" aria-roledescription=\"slide\" aria-label=\"5 of 32\">\n\t\t\t\t\t\t\t<a class=\"elementor-element elementor-element-6a39d00 e-flex e-con-boxed e-con e-child\" data-id=\"6a39d00\" data-element_type=\"container\" data-e-type=\"container\" href=\"https:\/\/www.gastroteca.cat\/en\/productes-agroalimentaris\/avellana-dop-de-reus\/\" target=\"_blank\">\n\t\t\t\t\t<div class=\"e-con-inner\">\n\t\t\t\t<div class=\"elementor-element elementor-element-b7d8725 elementor-widget elementor-widget-image\" data-id=\"b7d8725\" data-element_type=\"widget\" data-e-type=\"widget\" data-widget_type=\"image.default\">\n\t\t\t\t<div class=\"elementor-widget-container\">\n\t\t\t\t\t\t\t\t\t\t\t\t\t\t\t<img decoding=\"async\" src=\"https:\/\/catalanfood.com\/wp-content\/uploads\/2025\/03\/Pernil-serra-ETG.jpg\" title=\"\" alt=\"\" loading=\"lazy\" \/>\t\t\t\t\t\t\t\t\t\t\t\t\t\t\t<\/div>\n\t\t\t\t<\/div>\n\t\t\t\t<div class=\"elementor-element elementor-element-5a9bbf0 elementor-widget elementor-widget-heading\" data-id=\"5a9bbf0\" data-element_type=\"widget\" data-e-type=\"widget\" data-widget_type=\"heading.default\">\n\t\t\t\t<div class=\"elementor-widget-container\">\n\t\t\t\t\t<h2 class=\"elementor-heading-title elementor-size-default\">ETG Jam\u00f3n Serrano<\/h2>\t\t\t\t<\/div>\n\t\t\t\t<\/div>\n\t\t\t\t\t<\/div>\n\t\t\t\t<\/a>\n\t\t\t\t\t\t\t\t<\/div>\n\t\t\t\t\t\t\t\t\t\t\t<div class=\"swiper-slide\" data-slide=\"6\" role=\"group\" aria-roledescription=\"slide\" aria-label=\"6 of 32\">\n\t\t\t\t\t\t\t<a class=\"elementor-element elementor-element-0d38000 e-flex e-con-boxed e-con e-child\" data-id=\"0d38000\" data-element_type=\"container\" data-e-type=\"container\" href=\"https:\/\/www.gastroteca.cat\/en\/productes-agroalimentaris\/botifarra-crua\/\" target=\"_blank\">\n\t\t\t\t\t<div class=\"e-con-inner\">\n\t\t\t\t<div class=\"elementor-element elementor-element-398e532 elementor-widget elementor-widget-image\" data-id=\"398e532\" data-element_type=\"widget\" data-e-type=\"widget\" data-widget_type=\"image.default\">\n\t\t\t\t<div class=\"elementor-widget-container\">\n\t\t\t\t\t\t\t\t\t\t\t\t\t\t\t<img decoding=\"async\" src=\"https:\/\/catalanfood.com\/wp-content\/uploads\/2025\/03\/Botifarra-crua-Gastroteca.jpg\" title=\"\" alt=\"\" loading=\"lazy\" \/>\t\t\t\t\t\t\t\t\t\t\t\t\t\t\t<\/div>\n\t\t\t\t<\/div>\n\t\t\t\t<div class=\"elementor-element elementor-element-b342506 elementor-widget elementor-widget-heading\" data-id=\"b342506\" data-element_type=\"widget\" data-e-type=\"widget\" data-widget_type=\"heading.default\">\n\t\t\t\t<div class=\"elementor-widget-container\">\n\t\t\t\t\t<h2 class=\"elementor-heading-title elementor-size-default\">Butifarra cruda<\/h2>\t\t\t\t<\/div>\n\t\t\t\t<\/div>\n\t\t\t\t\t<\/div>\n\t\t\t\t<\/a>\n\t\t\t\t\t\t\t\t<\/div>\n\t\t\t\t\t\t\t\t\t\t\t<div class=\"swiper-slide\" data-slide=\"7\" role=\"group\" aria-roledescription=\"slide\" aria-label=\"7 of 32\">\n\t\t\t\t\t\t\t<a class=\"elementor-element elementor-element-15eef3c e-flex e-con-boxed e-con e-child\" data-id=\"15eef3c\" data-element_type=\"container\" data-e-type=\"container\" href=\"https:\/\/www.gastroteca.cat\/en\/productes-agroalimentaris\/calcot-de-valls\/\" target=\"_blank\">\n\t\t\t\t\t<div class=\"e-con-inner\">\n\t\t\t\t<div class=\"elementor-element elementor-element-bbc19c6 elementor-widget elementor-widget-image\" data-id=\"bbc19c6\" data-element_type=\"widget\" data-e-type=\"widget\" data-widget_type=\"image.default\">\n\t\t\t\t<div class=\"elementor-widget-container\">\n\t\t\t\t\t\t\t\t\t\t\t\t\t\t\t<img decoding=\"async\" src=\"https:\/\/catalanfood.com\/wp-content\/uploads\/2025\/03\/Calcot-de-Valls-IGP-Gastroteca.jpg\" title=\"\" alt=\"\" loading=\"lazy\" \/>\t\t\t\t\t\t\t\t\t\t\t\t\t\t\t<\/div>\n\t\t\t\t<\/div>\n\t\t\t\t<div class=\"elementor-element elementor-element-9d20292 elementor-widget elementor-widget-heading\" data-id=\"9d20292\" data-element_type=\"widget\" data-e-type=\"widget\" data-widget_type=\"heading.default\">\n\t\t\t\t<div class=\"elementor-widget-container\">\n\t\t\t\t\t<h2 class=\"elementor-heading-title elementor-size-default\">IGP Cal\u00e7ot de Valls<\/h2>\t\t\t\t<\/div>\n\t\t\t\t<\/div>\n\t\t\t\t\t<\/div>\n\t\t\t\t<\/a>\n\t\t\t\t\t\t\t\t<\/div>\n\t\t\t\t\t\t\t\t\t\t\t<div class=\"swiper-slide\" data-slide=\"8\" role=\"group\" aria-roledescription=\"slide\" aria-label=\"8 of 32\">\n\t\t\t\t\t\t\t<a class=\"elementor-element elementor-element-cf11fe5 e-flex e-con-boxed e-con e-child\" data-id=\"cf11fe5\" data-element_type=\"container\" data-e-type=\"container\" href=\"https:\/\/www.gastroteca.cat\/en\/productes-agroalimentaris\/carquinyolis\/\" target=\"_blank\">\n\t\t\t\t\t<div class=\"e-con-inner\">\n\t\t\t\t<div class=\"elementor-element elementor-element-232c5be elementor-widget elementor-widget-image\" data-id=\"232c5be\" data-element_type=\"widget\" data-e-type=\"widget\" data-widget_type=\"image.default\">\n\t\t\t\t<div class=\"elementor-widget-container\">\n\t\t\t\t\t\t\t\t\t\t\t\t\t\t\t<img decoding=\"async\" src=\"https:\/\/catalanfood.com\/wp-content\/uploads\/2025\/03\/Carquinyolis-Gastroteca.jpg\" title=\"\" alt=\"\" loading=\"lazy\" \/>\t\t\t\t\t\t\t\t\t\t\t\t\t\t\t<\/div>\n\t\t\t\t<\/div>\n\t\t\t\t<div class=\"elementor-element elementor-element-0dbdcde elementor-widget elementor-widget-heading\" data-id=\"0dbdcde\" data-element_type=\"widget\" data-e-type=\"widget\" data-widget_type=\"heading.default\">\n\t\t\t\t<div class=\"elementor-widget-container\">\n\t\t\t\t\t<h2 class=\"elementor-heading-title elementor-size-default\">Carquinyoli\n<\/h2>\t\t\t\t<\/div>\n\t\t\t\t<\/div>\n\t\t\t\t\t<\/div>\n\t\t\t\t<\/a>\n\t\t\t\t\t\t\t\t<\/div>\n\t\t\t\t\t\t\t\t\t\t\t<div class=\"swiper-slide\" data-slide=\"9\" role=\"group\" aria-roledescription=\"slide\" aria-label=\"9 of 32\">\n\t\t\t\t\t\t\t<a class=\"elementor-element elementor-element-3e2ba8c e-flex e-con-boxed e-con e-child\" data-id=\"3e2ba8c\" data-element_type=\"container\" data-e-type=\"container\" href=\"https:\/\/www.gastroteca.cat\/en\/productes-agroalimentaris\/carxofa-prat\/\" target=\"_blank\">\n\t\t\t\t\t<div class=\"e-con-inner\">\n\t\t\t\t<div class=\"elementor-element elementor-element-b8a5a07 elementor-widget elementor-widget-image\" data-id=\"b8a5a07\" data-element_type=\"widget\" data-e-type=\"widget\" data-widget_type=\"image.default\">\n\t\t\t\t<div class=\"elementor-widget-container\">\n\t\t\t\t\t\t\t\t\t\t\t\t\t\t\t<img decoding=\"async\" src=\"https:\/\/catalanfood.com\/wp-content\/uploads\/2025\/03\/Carxofa-del-Prat-XPDT-Gastroteca.jpg\" title=\"\" alt=\"\" loading=\"lazy\" \/>\t\t\t\t\t\t\t\t\t\t\t\t\t\t\t<\/div>\n\t\t\t\t<\/div>\n\t\t\t\t<div class=\"elementor-element elementor-element-30bfc87 elementor-widget elementor-widget-heading\" data-id=\"30bfc87\" data-element_type=\"widget\" data-e-type=\"widget\" data-widget_type=\"heading.default\">\n\t\t\t\t<div class=\"elementor-widget-container\">\n\t\t\t\t\t<h2 class=\"elementor-heading-title elementor-size-default\">Alcachofa del Prat<\/h2>\t\t\t\t<\/div>\n\t\t\t\t<\/div>\n\t\t\t\t\t<\/div>\n\t\t\t\t<\/a>\n\t\t\t\t\t\t\t\t<\/div>\n\t\t\t\t\t\t\t\t\t\t\t<div class=\"swiper-slide\" data-slide=\"10\" role=\"group\" aria-roledescription=\"slide\" aria-label=\"10 of 32\">\n\t\t\t\t\t\t\t<a class=\"elementor-element elementor-element-96ba082 e-flex e-con-boxed e-con e-child\" data-id=\"96ba082\" data-element_type=\"container\" data-e-type=\"container\" href=\"https:\/\/www.gastroteca.cat\/en\/productes-agroalimentaris\/castanya\/\" target=\"_blank\">\n\t\t\t\t\t<div class=\"e-con-inner\">\n\t\t\t\t<div class=\"elementor-element elementor-element-8efcf5d elementor-widget elementor-widget-image\" data-id=\"8efcf5d\" data-element_type=\"widget\" data-e-type=\"widget\" data-widget_type=\"image.default\">\n\t\t\t\t<div class=\"elementor-widget-container\">\n\t\t\t\t\t\t\t\t\t\t\t\t\t\t\t<img decoding=\"async\" src=\"https:\/\/catalanfood.com\/wp-content\/uploads\/2025\/03\/Castanya-de-Viladrau-XPDT-Gastroteca.jpg\" title=\"\" alt=\"\" loading=\"lazy\" \/>\t\t\t\t\t\t\t\t\t\t\t\t\t\t\t<\/div>\n\t\t\t\t<\/div>\n\t\t\t\t<div class=\"elementor-element elementor-element-d6ec74a elementor-widget elementor-widget-heading\" data-id=\"d6ec74a\" data-element_type=\"widget\" data-e-type=\"widget\" data-widget_type=\"heading.default\">\n\t\t\t\t<div class=\"elementor-widget-container\">\n\t\t\t\t\t<h2 class=\"elementor-heading-title elementor-size-default\">Casta\u00f1a de Viladrau<\/h2>\t\t\t\t<\/div>\n\t\t\t\t<\/div>\n\t\t\t\t\t<\/div>\n\t\t\t\t<\/a>\n\t\t\t\t\t\t\t\t<\/div>\n\t\t\t\t\t\t\t\t\t\t\t<div class=\"swiper-slide\" data-slide=\"11\" role=\"group\" aria-roledescription=\"slide\" aria-label=\"11 of 32\">\n\t\t\t\t\t\t\t<a class=\"elementor-element elementor-element-f88846c e-flex e-con-boxed e-con e-child\" data-id=\"f88846c\" data-element_type=\"container\" data-e-type=\"container\" href=\"https:\/\/www.gastroteca.cat\/en\/productes-agroalimentaris\/cava-do-cava\/\" target=\"_blank\">\n\t\t\t\t\t<div class=\"e-con-inner\">\n\t\t\t\t<div class=\"elementor-element elementor-element-d1990de elementor-widget elementor-widget-image\" data-id=\"d1990de\" data-element_type=\"widget\" data-e-type=\"widget\" data-widget_type=\"image.default\">\n\t\t\t\t<div class=\"elementor-widget-container\">\n\t\t\t\t\t\t\t\t\t\t\t\t\t\t\t<img decoding=\"async\" src=\"https:\/\/catalanfood.com\/wp-content\/uploads\/2025\/03\/Cava-DO-Gastroteca.jpg\" title=\"\" alt=\"\" loading=\"lazy\" \/>\t\t\t\t\t\t\t\t\t\t\t\t\t\t\t<\/div>\n\t\t\t\t<\/div>\n\t\t\t\t<div class=\"elementor-element elementor-element-d8ad7d0 elementor-widget elementor-widget-heading\" data-id=\"d8ad7d0\" data-element_type=\"widget\" data-e-type=\"widget\" data-widget_type=\"heading.default\">\n\t\t\t\t<div class=\"elementor-widget-container\">\n\t\t\t\t\t<h2 class=\"elementor-heading-title elementor-size-default\">Cava DO Cava<\/h2>\t\t\t\t<\/div>\n\t\t\t\t<\/div>\n\t\t\t\t\t<\/div>\n\t\t\t\t<\/a>\n\t\t\t\t\t\t\t\t<\/div>\n\t\t\t\t\t\t\t\t\t\t\t<div class=\"swiper-slide\" data-slide=\"12\" role=\"group\" aria-roledescription=\"slide\" aria-label=\"12 of 32\">\n\t\t\t\t\t\t\t<a class=\"elementor-element elementor-element-ec35478 e-flex e-con-boxed e-con e-child\" data-id=\"ec35478\" data-element_type=\"container\" data-e-type=\"container\" href=\"https:\/\/www.gastroteca.cat\/en\/productes-agroalimentaris\/cervesa-artesana\/\" target=\"_blank\">\n\t\t\t\t\t<div class=\"e-con-inner\">\n\t\t\t\t<div class=\"elementor-element elementor-element-101e5b8 elementor-widget elementor-widget-image\" data-id=\"101e5b8\" data-element_type=\"widget\" data-e-type=\"widget\" data-widget_type=\"image.default\">\n\t\t\t\t<div class=\"elementor-widget-container\">\n\t\t\t\t\t\t\t\t\t\t\t\t\t\t\t<img decoding=\"async\" src=\"https:\/\/catalanfood.com\/wp-content\/uploads\/2025\/03\/Cervesa-artesana-Gastroteca.jpg\" title=\"\" alt=\"\" loading=\"lazy\" \/>\t\t\t\t\t\t\t\t\t\t\t\t\t\t\t<\/div>\n\t\t\t\t<\/div>\n\t\t\t\t<div class=\"elementor-element elementor-element-05771da elementor-widget elementor-widget-heading\" data-id=\"05771da\" data-element_type=\"widget\" data-e-type=\"widget\" data-widget_type=\"heading.default\">\n\t\t\t\t<div class=\"elementor-widget-container\">\n\t\t\t\t\t<h2 class=\"elementor-heading-title elementor-size-default\">Cerveza artesana<\/h2>\t\t\t\t<\/div>\n\t\t\t\t<\/div>\n\t\t\t\t\t<\/div>\n\t\t\t\t<\/a>\n\t\t\t\t\t\t\t\t<\/div>\n\t\t\t\t\t\t\t\t\t\t\t<div class=\"swiper-slide\" data-slide=\"13\" role=\"group\" aria-roledescription=\"slide\" aria-label=\"13 of 32\">\n\t\t\t\t\t\t\t<a class=\"elementor-element elementor-element-1afcf93 e-flex e-con-boxed e-con e-child\" data-id=\"1afcf93\" data-element_type=\"container\" data-e-type=\"container\" href=\"https:\/\/www.gastroteca.cat\/en\/productes-agroalimentaris\/clementina-de-les-terres-de-lebre\/\" target=\"_blank\">\n\t\t\t\t\t<div class=\"e-con-inner\">\n\t\t\t\t<div class=\"elementor-element elementor-element-bd7eb01 elementor-widget elementor-widget-image\" data-id=\"bd7eb01\" data-element_type=\"widget\" data-e-type=\"widget\" data-widget_type=\"image.default\">\n\t\t\t\t<div class=\"elementor-widget-container\">\n\t\t\t\t\t\t\t\t\t\t\t\t\t\t\t<img decoding=\"async\" src=\"https:\/\/catalanfood.com\/wp-content\/uploads\/2025\/03\/Clementina-IGP-Terres-de-l_Ebre-Gastroteca.jpg\" title=\"\" alt=\"\" loading=\"lazy\" \/>\t\t\t\t\t\t\t\t\t\t\t\t\t\t\t<\/div>\n\t\t\t\t<\/div>\n\t\t\t\t<div class=\"elementor-element elementor-element-53b4445 elementor-widget elementor-widget-heading\" data-id=\"53b4445\" data-element_type=\"widget\" data-e-type=\"widget\" data-widget_type=\"heading.default\">\n\t\t\t\t<div class=\"elementor-widget-container\">\n\t\t\t\t\t<h2 class=\"elementor-heading-title elementor-size-default\">PGI Clementina of Terres de l'Ebre<\/h2>\t\t\t\t<\/div>\n\t\t\t\t<\/div>\n\t\t\t\t\t<\/div>\n\t\t\t\t<\/a>\n\t\t\t\t\t\t\t\t<\/div>\n\t\t\t\t\t\t\t\t\t\t\t<div class=\"swiper-slide\" data-slide=\"14\" role=\"group\" aria-roledescription=\"slide\" aria-label=\"14 of 32\">\n\t\t\t\t\t\t\t<a class=\"elementor-element elementor-element-05acc8c e-flex e-con-boxed e-con e-child\" data-id=\"05acc8c\" data-element_type=\"container\" data-e-type=\"container\" href=\"https:\/\/www.gastroteca.cat\/en\/productes-agroalimentaris\/figa-dalguaire-coll-de-dama\/\" target=\"_blank\">\n\t\t\t\t\t<div class=\"e-con-inner\">\n\t\t\t\t<div class=\"elementor-element elementor-element-9da558d elementor-widget elementor-widget-image\" data-id=\"9da558d\" data-element_type=\"widget\" data-e-type=\"widget\" data-widget_type=\"image.default\">\n\t\t\t\t<div class=\"elementor-widget-container\">\n\t\t\t\t\t\t\t\t\t\t\t\t\t\t\t<img decoding=\"async\" src=\"https:\/\/catalanfood.com\/wp-content\/uploads\/2025\/03\/Figa-d_Alguaire-Gastroteca.jpg\" title=\"\" alt=\"\" loading=\"lazy\" \/>\t\t\t\t\t\t\t\t\t\t\t\t\t\t\t<\/div>\n\t\t\t\t<\/div>\n\t\t\t\t<div class=\"elementor-element elementor-element-0a62a3d elementor-widget elementor-widget-heading\" data-id=\"0a62a3d\" data-element_type=\"widget\" data-e-type=\"widget\" data-widget_type=\"heading.default\">\n\t\t\t\t<div class=\"elementor-widget-container\">\n\t\t\t\t\t<h2 class=\"elementor-heading-title elementor-size-default\">Figa de coll de dama d\u2019Alguaire<\/h2>\t\t\t\t<\/div>\n\t\t\t\t<\/div>\n\t\t\t\t\t<\/div>\n\t\t\t\t<\/a>\n\t\t\t\t\t\t\t\t<\/div>\n\t\t\t\t\t\t\t\t\t\t\t<div class=\"swiper-slide\" data-slide=\"15\" role=\"group\" aria-roledescription=\"slide\" aria-label=\"15 of 32\">\n\t\t\t\t\t\t\t<a class=\"elementor-element elementor-element-0291183 e-flex e-con-boxed e-con e-child\" data-id=\"0291183\" data-element_type=\"container\" data-e-type=\"container\" href=\"https:\/\/www.gastroteca.cat\/en\/productes-agroalimentaris\/formatge-dop-de-lalt-urgell-i-la-cerdanya\/\" target=\"_blank\">\n\t\t\t\t\t<div class=\"e-con-inner\">\n\t\t\t\t<div class=\"elementor-element elementor-element-095c3a8 elementor-widget elementor-widget-image\" data-id=\"095c3a8\" data-element_type=\"widget\" data-e-type=\"widget\" data-widget_type=\"image.default\">\n\t\t\t\t<div class=\"elementor-widget-container\">\n\t\t\t\t\t\t\t\t\t\t\t\t\t\t\t<img decoding=\"async\" src=\"https:\/\/catalanfood.com\/wp-content\/uploads\/2025\/03\/Formatge-DOP-Urgell-Gastroteca.jpg\" title=\"\" alt=\"\" loading=\"lazy\" \/>\t\t\t\t\t\t\t\t\t\t\t\t\t\t\t<\/div>\n\t\t\t\t<\/div>\n\t\t\t\t<div class=\"elementor-element elementor-element-6893b56 elementor-widget elementor-widget-heading\" data-id=\"6893b56\" data-element_type=\"widget\" data-e-type=\"widget\" data-widget_type=\"heading.default\">\n\t\t\t\t<div class=\"elementor-widget-container\">\n\t\t\t\t\t<h2 class=\"elementor-heading-title elementor-size-default\">DOP Queso de l'Alt Urgell y La Cerdanya<\/h2>\t\t\t\t<\/div>\n\t\t\t\t<\/div>\n\t\t\t\t\t<\/div>\n\t\t\t\t<\/a>\n\t\t\t\t\t\t\t\t<\/div>\n\t\t\t\t\t\t\t\t\t\t\t<div class=\"swiper-slide\" data-slide=\"16\" role=\"group\" aria-roledescription=\"slide\" aria-label=\"16 of 32\">\n\t\t\t\t\t\t\t<a class=\"elementor-element elementor-element-4d58701 e-flex e-con-boxed e-con e-child\" data-id=\"4d58701\" data-element_type=\"container\" data-e-type=\"container\" href=\"https:\/\/www.gastroteca.cat\/en\/productes-agroalimentaris\/formatge-garrotxa\/\" target=\"_blank\">\n\t\t\t\t\t<div class=\"e-con-inner\">\n\t\t\t\t<div class=\"elementor-element elementor-element-df5886a elementor-widget elementor-widget-image\" data-id=\"df5886a\" data-element_type=\"widget\" data-e-type=\"widget\" data-widget_type=\"image.default\">\n\t\t\t\t<div class=\"elementor-widget-container\">\n\t\t\t\t\t\t\t\t\t\t\t\t\t\t\t<img decoding=\"async\" src=\"https:\/\/catalanfood.com\/wp-content\/uploads\/2025\/03\/Formatge-Garrotxa-Gastroteca.jpg\" title=\"\" alt=\"\" loading=\"lazy\" \/>\t\t\t\t\t\t\t\t\t\t\t\t\t\t\t<\/div>\n\t\t\t\t<\/div>\n\t\t\t\t<div class=\"elementor-element elementor-element-d41f10c elementor-widget elementor-widget-heading\" data-id=\"d41f10c\" data-element_type=\"widget\" data-e-type=\"widget\" data-widget_type=\"heading.default\">\n\t\t\t\t<div class=\"elementor-widget-container\">\n\t\t\t\t\t<h2 class=\"elementor-heading-title elementor-size-default\">Queso de la Garrotxa<\/h2>\t\t\t\t<\/div>\n\t\t\t\t<\/div>\n\t\t\t\t\t<\/div>\n\t\t\t\t<\/a>\n\t\t\t\t\t\t\t\t<\/div>\n\t\t\t\t\t\t\t\t\t\t\t<div class=\"swiper-slide\" data-slide=\"17\" role=\"group\" aria-roledescription=\"slide\" aria-label=\"17 of 32\">\n\t\t\t\t\t\t\t<a class=\"elementor-element elementor-element-e5f2930 e-flex e-con-boxed e-con e-child\" data-id=\"e5f2930\" data-element_type=\"container\" data-e-type=\"container\" href=\"https:\/\/www.gastroteca.cat\/en\/productes-agroalimentaris\/fuet\/\" target=\"_blank\">\n\t\t\t\t\t<div class=\"e-con-inner\">\n\t\t\t\t<div class=\"elementor-element elementor-element-4f68d19 elementor-widget elementor-widget-image\" data-id=\"4f68d19\" data-element_type=\"widget\" data-e-type=\"widget\" data-widget_type=\"image.default\">\n\t\t\t\t<div class=\"elementor-widget-container\">\n\t\t\t\t\t\t\t\t\t\t\t\t\t\t\t<img decoding=\"async\" src=\"https:\/\/catalanfood.com\/wp-content\/uploads\/2025\/03\/Fuet-Gastroteca.jpg\" title=\"\" alt=\"\" loading=\"lazy\" \/>\t\t\t\t\t\t\t\t\t\t\t\t\t\t\t<\/div>\n\t\t\t\t<\/div>\n\t\t\t\t<div class=\"elementor-element elementor-element-94da325 elementor-widget elementor-widget-heading\" data-id=\"94da325\" data-element_type=\"widget\" data-e-type=\"widget\" data-widget_type=\"heading.default\">\n\t\t\t\t<div class=\"elementor-widget-container\">\n\t\t\t\t\t<h2 class=\"elementor-heading-title elementor-size-default\">Fuet<\/h2>\t\t\t\t<\/div>\n\t\t\t\t<\/div>\n\t\t\t\t\t<\/div>\n\t\t\t\t<\/a>\n\t\t\t\t\t\t\t\t<\/div>\n\t\t\t\t\t\t\t\t\t\t\t<div class=\"swiper-slide\" data-slide=\"18\" role=\"group\" aria-roledescription=\"slide\" aria-label=\"18 of 32\">\n\t\t\t\t\t\t\t<a class=\"elementor-element elementor-element-f207365 e-flex e-con-boxed e-con e-child\" data-id=\"f207365\" data-element_type=\"container\" data-e-type=\"container\" href=\"https:\/\/www.gastroteca.cat\/en\/productes-agroalimentaris\/gamba-de-palamos\/\" target=\"_blank\">\n\t\t\t\t\t<div class=\"e-con-inner\">\n\t\t\t\t<div class=\"elementor-element elementor-element-7697ae1 elementor-widget elementor-widget-image\" data-id=\"7697ae1\" data-element_type=\"widget\" data-e-type=\"widget\" data-widget_type=\"image.default\">\n\t\t\t\t<div class=\"elementor-widget-container\">\n\t\t\t\t\t\t\t\t\t\t\t\t\t\t\t<img decoding=\"async\" src=\"https:\/\/catalanfood.com\/wp-content\/uploads\/2025\/03\/Gamba-de-Palamos-Gastroteca.jpg\" title=\"\" alt=\"\" loading=\"lazy\" \/>\t\t\t\t\t\t\t\t\t\t\t\t\t\t\t<\/div>\n\t\t\t\t<\/div>\n\t\t\t\t<div class=\"elementor-element elementor-element-53746ca elementor-widget elementor-widget-heading\" data-id=\"53746ca\" data-element_type=\"widget\" data-e-type=\"widget\" data-widget_type=\"heading.default\">\n\t\t\t\t<div class=\"elementor-widget-container\">\n\t\t\t\t\t<h2 class=\"elementor-heading-title elementor-size-default\">Gamba de Palam\u00f3s<\/h2>\t\t\t\t<\/div>\n\t\t\t\t<\/div>\n\t\t\t\t\t<\/div>\n\t\t\t\t<\/a>\n\t\t\t\t\t\t\t\t<\/div>\n\t\t\t\t\t\t\t\t\t\t\t<div class=\"swiper-slide\" data-slide=\"19\" role=\"group\" aria-roledescription=\"slide\" aria-label=\"19 of 32\">\n\t\t\t\t\t\t\t<a class=\"elementor-element elementor-element-68ed5eb e-flex e-con-boxed e-con e-child\" data-id=\"68ed5eb\" data-element_type=\"container\" data-e-type=\"container\" href=\"https:\/\/www.gastroteca.cat\/en\/productes-agroalimentaris\/mel-del-perello\/\" target=\"_blank\">\n\t\t\t\t\t<div class=\"e-con-inner\">\n\t\t\t\t<div class=\"elementor-element elementor-element-52b9fbc elementor-widget elementor-widget-image\" data-id=\"52b9fbc\" data-element_type=\"widget\" data-e-type=\"widget\" data-widget_type=\"image.default\">\n\t\t\t\t<div class=\"elementor-widget-container\">\n\t\t\t\t\t\t\t\t\t\t\t\t\t\t\t<img decoding=\"async\" src=\"https:\/\/catalanfood.com\/wp-content\/uploads\/2025\/03\/Mel-del-Perello-Gastroteca.jpg\" title=\"\" alt=\"\" loading=\"lazy\" \/>\t\t\t\t\t\t\t\t\t\t\t\t\t\t\t<\/div>\n\t\t\t\t<\/div>\n\t\t\t\t<div class=\"elementor-element elementor-element-ffebcc4 elementor-widget elementor-widget-heading\" data-id=\"ffebcc4\" data-element_type=\"widget\" data-e-type=\"widget\" data-widget_type=\"heading.default\">\n\t\t\t\t<div class=\"elementor-widget-container\">\n\t\t\t\t\t<h2 class=\"elementor-heading-title elementor-size-default\">Miel del Perell\u00f3<\/h2>\t\t\t\t<\/div>\n\t\t\t\t<\/div>\n\t\t\t\t\t<\/div>\n\t\t\t\t<\/a>\n\t\t\t\t\t\t\t\t<\/div>\n\t\t\t\t\t\t\t\t\t\t\t<div class=\"swiper-slide\" data-slide=\"20\" role=\"group\" aria-roledescription=\"slide\" aria-label=\"20 of 32\">\n\t\t\t\t\t\t\t<a class=\"elementor-element elementor-element-7565e92 e-flex e-con-boxed e-con e-child\" data-id=\"7565e92\" data-element_type=\"container\" data-e-type=\"container\" href=\"https:\/\/www.gastroteca.cat\/en\/productes-agroalimentaris\/mona-de-pasqua\/\" target=\"_blank\">\n\t\t\t\t\t<div class=\"e-con-inner\">\n\t\t\t\t<div class=\"elementor-element elementor-element-a1e0971 elementor-widget elementor-widget-image\" data-id=\"a1e0971\" data-element_type=\"widget\" data-e-type=\"widget\" data-widget_type=\"image.default\">\n\t\t\t\t<div class=\"elementor-widget-container\">\n\t\t\t\t\t\t\t\t\t\t\t\t\t\t\t<img decoding=\"async\" src=\"https:\/\/catalanfood.com\/wp-content\/uploads\/2025\/03\/Mona-de-Pasqua-Gastroteca.jpg\" title=\"\" alt=\"\" loading=\"lazy\" \/>\t\t\t\t\t\t\t\t\t\t\t\t\t\t\t<\/div>\n\t\t\t\t<\/div>\n\t\t\t\t<div class=\"elementor-element elementor-element-fa22da1 elementor-widget elementor-widget-heading\" data-id=\"fa22da1\" data-element_type=\"widget\" data-e-type=\"widget\" data-widget_type=\"heading.default\">\n\t\t\t\t<div class=\"elementor-widget-container\">\n\t\t\t\t\t<h2 class=\"elementor-heading-title elementor-size-default\">Mona de Pascua<\/h2>\t\t\t\t<\/div>\n\t\t\t\t<\/div>\n\t\t\t\t\t<\/div>\n\t\t\t\t<\/a>\n\t\t\t\t\t\t\t\t<\/div>\n\t\t\t\t\t\t\t\t\t\t\t<div class=\"swiper-slide\" data-slide=\"21\" role=\"group\" aria-roledescription=\"slide\" aria-label=\"21 of 32\">\n\t\t\t\t\t\t\t<a class=\"elementor-element elementor-element-252f75d e-flex e-con-boxed e-con e-child\" data-id=\"252f75d\" data-element_type=\"container\" data-e-type=\"container\" href=\"https:\/\/www.gastroteca.cat\/en\/productes-agroalimentaris\/mongeta-dop-del-ganxet\/\" target=\"_blank\">\n\t\t\t\t\t<div class=\"e-con-inner\">\n\t\t\t\t<div class=\"elementor-element elementor-element-538d1b0 elementor-widget elementor-widget-image\" data-id=\"538d1b0\" data-element_type=\"widget\" data-e-type=\"widget\" data-widget_type=\"image.default\">\n\t\t\t\t<div class=\"elementor-widget-container\">\n\t\t\t\t\t\t\t\t\t\t\t\t\t\t\t<img decoding=\"async\" src=\"https:\/\/catalanfood.com\/wp-content\/uploads\/2025\/03\/Mongeta-DOP-del-Ganxet-Gastroteca.jpg\" title=\"\" alt=\"\" loading=\"lazy\" \/>\t\t\t\t\t\t\t\t\t\t\t\t\t\t\t<\/div>\n\t\t\t\t<\/div>\n\t\t\t\t<div class=\"elementor-element elementor-element-1c821d0 elementor-widget elementor-widget-heading\" data-id=\"1c821d0\" data-element_type=\"widget\" data-e-type=\"widget\" data-widget_type=\"heading.default\">\n\t\t\t\t<div class=\"elementor-widget-container\">\n\t\t\t\t\t<h2 class=\"elementor-heading-title elementor-size-default\">DOP Jud\u00eda del Ganxet<\/h2>\t\t\t\t<\/div>\n\t\t\t\t<\/div>\n\t\t\t\t\t<\/div>\n\t\t\t\t<\/a>\n\t\t\t\t\t\t\t\t<\/div>\n\t\t\t\t\t\t\t\t\t\t\t<div class=\"swiper-slide\" data-slide=\"22\" role=\"group\" aria-roledescription=\"slide\" aria-label=\"22 of 32\">\n\t\t\t\t\t\t\t<a class=\"elementor-element elementor-element-8a33d23 e-flex e-con-boxed e-con e-child\" data-id=\"8a33d23\" data-element_type=\"container\" data-e-type=\"container\" href=\"https:\/\/www.gastroteca.cat\/en\/productes-agroalimentaris\/musclos-del-delta-de-lebre\/\" target=\"_blank\">\n\t\t\t\t\t<div class=\"e-con-inner\">\n\t\t\t\t<div class=\"elementor-element elementor-element-e37bb0a elementor-widget elementor-widget-image\" data-id=\"e37bb0a\" data-element_type=\"widget\" data-e-type=\"widget\" data-widget_type=\"image.default\">\n\t\t\t\t<div class=\"elementor-widget-container\">\n\t\t\t\t\t\t\t\t\t\t\t\t\t\t\t<img decoding=\"async\" src=\"https:\/\/catalanfood.com\/wp-content\/uploads\/2025\/03\/Musclos-del-Delta-de-l_Ebre-Gastroteca.jpg\" title=\"\" alt=\"\" loading=\"lazy\" \/>\t\t\t\t\t\t\t\t\t\t\t\t\t\t\t<\/div>\n\t\t\t\t<\/div>\n\t\t\t\t<div class=\"elementor-element elementor-element-8dabf99 elementor-widget elementor-widget-heading\" data-id=\"8dabf99\" data-element_type=\"widget\" data-e-type=\"widget\" data-widget_type=\"heading.default\">\n\t\t\t\t<div class=\"elementor-widget-container\">\n\t\t\t\t\t<h2 class=\"elementor-heading-title elementor-size-default\">Mejill\u00f3n del Delta del Ebro<\/h2>\t\t\t\t<\/div>\n\t\t\t\t<\/div>\n\t\t\t\t\t<\/div>\n\t\t\t\t<\/a>\n\t\t\t\t\t\t\t\t<\/div>\n\t\t\t\t\t\t\t\t\t\t\t<div class=\"swiper-slide\" data-slide=\"23\" role=\"group\" aria-roledescription=\"slide\" aria-label=\"23 of 32\">\n\t\t\t\t\t\t\t<a class=\"elementor-element elementor-element-18a840d e-flex e-con-boxed e-con e-child\" data-id=\"18a840d\" data-element_type=\"container\" data-e-type=\"container\" href=\"https:\/\/www.gastroteca.cat\/en\/productes-agroalimentaris\/neules\/\" target=\"_blank\">\n\t\t\t\t\t<div class=\"e-con-inner\">\n\t\t\t\t<div class=\"elementor-element elementor-element-ed23d9b elementor-widget elementor-widget-image\" data-id=\"ed23d9b\" data-element_type=\"widget\" data-e-type=\"widget\" data-widget_type=\"image.default\">\n\t\t\t\t<div class=\"elementor-widget-container\">\n\t\t\t\t\t\t\t\t\t\t\t\t\t\t\t<img decoding=\"async\" src=\"https:\/\/catalanfood.com\/wp-content\/uploads\/2025\/03\/Neules-Gastroteca.jpg\" title=\"\" alt=\"\" loading=\"lazy\" \/>\t\t\t\t\t\t\t\t\t\t\t\t\t\t\t<\/div>\n\t\t\t\t<\/div>\n\t\t\t\t<div class=\"elementor-element elementor-element-7825e04 elementor-widget elementor-widget-heading\" data-id=\"7825e04\" data-element_type=\"widget\" data-e-type=\"widget\" data-widget_type=\"heading.default\">\n\t\t\t\t<div class=\"elementor-widget-container\">\n\t\t\t\t\t<h2 class=\"elementor-heading-title elementor-size-default\">Neula<\/h2>\t\t\t\t<\/div>\n\t\t\t\t<\/div>\n\t\t\t\t\t<\/div>\n\t\t\t\t<\/a>\n\t\t\t\t\t\t\t\t<\/div>\n\t\t\t\t\t\t\t\t\t\t\t<div class=\"swiper-slide\" data-slide=\"24\" role=\"group\" aria-roledescription=\"slide\" aria-label=\"24 of 32\">\n\t\t\t\t\t\t\t<a class=\"elementor-element elementor-element-5ca73b5 e-flex e-con-boxed e-con e-child\" data-id=\"5ca73b5\" data-element_type=\"container\" data-e-type=\"container\" href=\"https:\/\/www.gastroteca.cat\/en\/productes-agroalimentaris\/oli-dop-les-garrigues\/\" target=\"_blank\">\n\t\t\t\t\t<div class=\"e-con-inner\">\n\t\t\t\t<div class=\"elementor-element elementor-element-9fee18e elementor-widget elementor-widget-image\" data-id=\"9fee18e\" data-element_type=\"widget\" data-e-type=\"widget\" data-widget_type=\"image.default\">\n\t\t\t\t<div class=\"elementor-widget-container\">\n\t\t\t\t\t\t\t\t\t\t\t\t\t\t\t<img decoding=\"async\" src=\"https:\/\/catalanfood.com\/wp-content\/uploads\/2025\/03\/Oli-DOP-Les-Garrigues-Gastroteca.jpg\" title=\"\" alt=\"\" loading=\"lazy\" \/>\t\t\t\t\t\t\t\t\t\t\t\t\t\t\t<\/div>\n\t\t\t\t<\/div>\n\t\t\t\t<div class=\"elementor-element elementor-element-576c0fd elementor-widget elementor-widget-heading\" data-id=\"576c0fd\" data-element_type=\"widget\" data-e-type=\"widget\" data-widget_type=\"heading.default\">\n\t\t\t\t<div class=\"elementor-widget-container\">\n\t\t\t\t\t<h2 class=\"elementor-heading-title elementor-size-default\">DOP Aceite de Oliva Virgen Extra Les Garrigues<\/h2>\t\t\t\t<\/div>\n\t\t\t\t<\/div>\n\t\t\t\t\t<\/div>\n\t\t\t\t<\/a>\n\t\t\t\t\t\t\t\t<\/div>\n\t\t\t\t\t\t\t\t\t\t\t<div class=\"swiper-slide\" data-slide=\"25\" role=\"group\" aria-roledescription=\"slide\" aria-label=\"25 of 32\">\n\t\t\t\t\t\t\t<a class=\"elementor-element elementor-element-f955db5 e-flex e-con-boxed e-con e-child\" data-id=\"f955db5\" data-element_type=\"container\" data-e-type=\"container\" href=\"https:\/\/www.gastroteca.cat\/en\/productes-agroalimentaris\/pa-de-pages-catala-igp\/\" target=\"_blank\">\n\t\t\t\t\t<div class=\"e-con-inner\">\n\t\t\t\t<div class=\"elementor-element elementor-element-f944592 elementor-widget elementor-widget-image\" data-id=\"f944592\" data-element_type=\"widget\" data-e-type=\"widget\" data-widget_type=\"image.default\">\n\t\t\t\t<div class=\"elementor-widget-container\">\n\t\t\t\t\t\t\t\t\t\t\t\t\t\t\t<img decoding=\"async\" src=\"https:\/\/catalanfood.com\/wp-content\/uploads\/2025\/03\/Pa-de-pages-catala-IGP-Gastroteca.jpg\" title=\"\" alt=\"\" loading=\"lazy\" \/>\t\t\t\t\t\t\t\t\t\t\t\t\t\t\t<\/div>\n\t\t\t\t<\/div>\n\t\t\t\t<div class=\"elementor-element elementor-element-82cf43c elementor-widget elementor-widget-heading\" data-id=\"82cf43c\" data-element_type=\"widget\" data-e-type=\"widget\" data-widget_type=\"heading.default\">\n\t\t\t\t<div class=\"elementor-widget-container\">\n\t\t\t\t\t<h2 class=\"elementor-heading-title elementor-size-default\">IGP Pan de pay\u00e9s catal\u00e1n<\/h2>\t\t\t\t<\/div>\n\t\t\t\t<\/div>\n\t\t\t\t\t<\/div>\n\t\t\t\t<\/a>\n\t\t\t\t\t\t\t\t<\/div>\n\t\t\t\t\t\t\t\t\t\t\t<div class=\"swiper-slide\" data-slide=\"26\" role=\"group\" aria-roledescription=\"slide\" aria-label=\"26 of 32\">\n\t\t\t\t\t\t\t<a class=\"elementor-element elementor-element-d8ec548 e-flex e-con-boxed e-con e-child\" data-id=\"d8ec548\" data-element_type=\"container\" data-e-type=\"container\" href=\"https:\/\/www.gastroteca.cat\/en\/productes-agroalimentaris\/panellets\/\" target=\"_blank\">\n\t\t\t\t\t<div class=\"e-con-inner\">\n\t\t\t\t<div class=\"elementor-element elementor-element-cd141cc elementor-widget elementor-widget-image\" data-id=\"cd141cc\" data-element_type=\"widget\" data-e-type=\"widget\" data-widget_type=\"image.default\">\n\t\t\t\t<div class=\"elementor-widget-container\">\n\t\t\t\t\t\t\t\t\t\t\t\t\t\t\t<img decoding=\"async\" src=\"https:\/\/catalanfood.com\/wp-content\/uploads\/2025\/03\/Panellets-Gastroteca.jpg\" title=\"\" alt=\"\" loading=\"lazy\" \/>\t\t\t\t\t\t\t\t\t\t\t\t\t\t\t<\/div>\n\t\t\t\t<\/div>\n\t\t\t\t<div class=\"elementor-element elementor-element-622a5ee elementor-widget elementor-widget-heading\" data-id=\"622a5ee\" data-element_type=\"widget\" data-e-type=\"widget\" data-widget_type=\"heading.default\">\n\t\t\t\t<div class=\"elementor-widget-container\">\n\t\t\t\t\t<h2 class=\"elementor-heading-title elementor-size-default\">Panellet<\/h2>\t\t\t\t<\/div>\n\t\t\t\t<\/div>\n\t\t\t\t\t<\/div>\n\t\t\t\t<\/a>\n\t\t\t\t\t\t\t\t<\/div>\n\t\t\t\t\t\t\t\t\t\t\t<div class=\"swiper-slide\" data-slide=\"27\" role=\"group\" aria-roledescription=\"slide\" aria-label=\"27 of 32\">\n\t\t\t\t\t\t\t<a class=\"elementor-element elementor-element-a45836d e-flex e-con-boxed e-con e-child\" data-id=\"a45836d\" data-element_type=\"container\" data-e-type=\"container\" href=\"https:\/\/www.gastroteca.cat\/en\/productes-agroalimentaris\/poma-de-girona\/\" target=\"_blank\">\n\t\t\t\t\t<div class=\"e-con-inner\">\n\t\t\t\t<div class=\"elementor-element elementor-element-34d07b5 elementor-widget elementor-widget-image\" data-id=\"34d07b5\" data-element_type=\"widget\" data-e-type=\"widget\" data-widget_type=\"image.default\">\n\t\t\t\t<div class=\"elementor-widget-container\">\n\t\t\t\t\t\t\t\t\t\t\t\t\t\t\t<img decoding=\"async\" src=\"https:\/\/catalanfood.com\/wp-content\/uploads\/2025\/03\/Poma-de-Girona-IGP-Gastroteca.jpg\" title=\"\" alt=\"\" loading=\"lazy\" \/>\t\t\t\t\t\t\t\t\t\t\t\t\t\t\t<\/div>\n\t\t\t\t<\/div>\n\t\t\t\t<div class=\"elementor-element elementor-element-c03a7b9 elementor-widget elementor-widget-heading\" data-id=\"c03a7b9\" data-element_type=\"widget\" data-e-type=\"widget\" data-widget_type=\"heading.default\">\n\t\t\t\t<div class=\"elementor-widget-container\">\n\t\t\t\t\t<h2 class=\"elementor-heading-title elementor-size-default\">IGP Manzana de Girona<\/h2>\t\t\t\t<\/div>\n\t\t\t\t<\/div>\n\t\t\t\t\t<\/div>\n\t\t\t\t<\/a>\n\t\t\t\t\t\t\t\t<\/div>\n\t\t\t\t\t\t\t\t\t\t\t<div class=\"swiper-slide\" data-slide=\"28\" role=\"group\" aria-roledescription=\"slide\" aria-label=\"28 of 32\">\n\t\t\t\t\t\t\t<a class=\"elementor-element elementor-element-2bdefd4 e-flex e-con-boxed e-con e-child\" data-id=\"2bdefd4\" data-element_type=\"container\" data-e-type=\"container\" href=\"https:\/\/www.gastroteca.cat\/en\/productes-agroalimentaris\/pressec-de-la-ribera-debre\/\" target=\"_blank\">\n\t\t\t\t\t<div class=\"e-con-inner\">\n\t\t\t\t<div class=\"elementor-element elementor-element-59c9444 elementor-widget elementor-widget-image\" data-id=\"59c9444\" data-element_type=\"widget\" data-e-type=\"widget\" data-widget_type=\"image.default\">\n\t\t\t\t<div class=\"elementor-widget-container\">\n\t\t\t\t\t\t\t\t\t\t\t\t\t\t\t<img decoding=\"async\" src=\"https:\/\/catalanfood.com\/wp-content\/uploads\/2025\/03\/Pressec-de-la-Ribera-d_Ebre-Gastroteca.jpg\" title=\"\" alt=\"\" loading=\"lazy\" \/>\t\t\t\t\t\t\t\t\t\t\t\t\t\t\t<\/div>\n\t\t\t\t<\/div>\n\t\t\t\t<div class=\"elementor-element elementor-element-cfa047b elementor-widget elementor-widget-heading\" data-id=\"cfa047b\" data-element_type=\"widget\" data-e-type=\"widget\" data-widget_type=\"heading.default\">\n\t\t\t\t<div class=\"elementor-widget-container\">\n\t\t\t\t\t<h2 class=\"elementor-heading-title elementor-size-default\">Ribera d'Ebre peach<\/h2>\t\t\t\t<\/div>\n\t\t\t\t<\/div>\n\t\t\t\t\t<\/div>\n\t\t\t\t<\/a>\n\t\t\t\t\t\t\t\t<\/div>\n\t\t\t\t\t\t\t\t\t\t\t<div class=\"swiper-slide\" data-slide=\"29\" role=\"group\" aria-roledescription=\"slide\" aria-label=\"29 of 32\">\n\t\t\t\t\t\t\t<a class=\"elementor-element elementor-element-ad43bd2 e-flex e-con-boxed e-con e-child\" data-id=\"ad43bd2\" data-element_type=\"container\" data-e-type=\"container\" href=\"https:\/\/www.gastroteca.cat\/en\/productes-agroalimentaris\/ratafia-catalana\/\" target=\"_blank\">\n\t\t\t\t\t<div class=\"e-con-inner\">\n\t\t\t\t<div class=\"elementor-element elementor-element-54595b8 elementor-widget elementor-widget-image\" data-id=\"54595b8\" data-element_type=\"widget\" data-e-type=\"widget\" data-widget_type=\"image.default\">\n\t\t\t\t<div class=\"elementor-widget-container\">\n\t\t\t\t\t\t\t\t\t\t\t\t\t\t\t<img decoding=\"async\" src=\"https:\/\/catalanfood.com\/wp-content\/uploads\/2025\/03\/Ratafia-IGP-Gastroteca.png\" title=\"\" alt=\"\" loading=\"lazy\" \/>\t\t\t\t\t\t\t\t\t\t\t\t\t\t\t<\/div>\n\t\t\t\t<\/div>\n\t\t\t\t<div class=\"elementor-element elementor-element-05446c5 elementor-widget elementor-widget-heading\" data-id=\"05446c5\" data-element_type=\"widget\" data-e-type=\"widget\" data-widget_type=\"heading.default\">\n\t\t\t\t<div class=\"elementor-widget-container\">\n\t\t\t\t\t<h2 class=\"elementor-heading-title elementor-size-default\">IGP Ratafia Catalana<\/h2>\t\t\t\t<\/div>\n\t\t\t\t<\/div>\n\t\t\t\t\t<\/div>\n\t\t\t\t<\/a>\n\t\t\t\t\t\t\t\t<\/div>\n\t\t\t\t\t\t\t\t\t\t\t<div class=\"swiper-slide\" data-slide=\"30\" role=\"group\" aria-roledescription=\"slide\" aria-label=\"30 of 32\">\n\t\t\t\t\t\t\t<a class=\"elementor-element elementor-element-784f973 e-flex e-con-boxed e-con e-child\" data-id=\"784f973\" data-element_type=\"container\" data-e-type=\"container\" href=\"https:\/\/www.gastroteca.cat\/en\/productes-agroalimentaris\/tomaquets-del-valles-oriental\/\" target=\"_blank\">\n\t\t\t\t\t<div class=\"e-con-inner\">\n\t\t\t\t<div class=\"elementor-element elementor-element-84ae5f0 elementor-widget elementor-widget-image\" data-id=\"84ae5f0\" data-element_type=\"widget\" data-e-type=\"widget\" data-widget_type=\"image.default\">\n\t\t\t\t<div class=\"elementor-widget-container\">\n\t\t\t\t\t\t\t\t\t\t\t\t\t\t\t<img decoding=\"async\" src=\"https:\/\/catalanfood.com\/wp-content\/uploads\/2025\/03\/Tomaquets-del-Valles-Oriental-XPDT-Gastroteca.jpg\" title=\"\" alt=\"\" loading=\"lazy\" \/>\t\t\t\t\t\t\t\t\t\t\t\t\t\t\t<\/div>\n\t\t\t\t<\/div>\n\t\t\t\t<div class=\"elementor-element elementor-element-55282aa elementor-widget elementor-widget-heading\" data-id=\"55282aa\" data-element_type=\"widget\" data-e-type=\"widget\" data-widget_type=\"heading.default\">\n\t\t\t\t<div class=\"elementor-widget-container\">\n\t\t\t\t\t<h2 class=\"elementor-heading-title elementor-size-default\">Tomate del Vall\u00e8s Oriental<\/h2>\t\t\t\t<\/div>\n\t\t\t\t<\/div>\n\t\t\t\t\t<\/div>\n\t\t\t\t<\/a>\n\t\t\t\t\t\t\t\t<\/div>\n\t\t\t\t\t\t\t\t\t\t\t<div class=\"swiper-slide\" data-slide=\"31\" role=\"group\" aria-roledescription=\"slide\" aria-label=\"31 of 32\">\n\t\t\t\t\t\t\t<a class=\"elementor-element elementor-element-42e9bed e-flex e-con-boxed e-con e-child\" data-id=\"42e9bed\" data-element_type=\"container\" data-e-type=\"container\" href=\"https:\/\/www.gastroteca.cat\/en\/productes-agroalimentaris\/torro-dagramunt\/\" target=\"_blank\">\n\t\t\t\t\t<div class=\"e-con-inner\">\n\t\t\t\t<div class=\"elementor-element elementor-element-4a61df8 elementor-widget elementor-widget-image\" data-id=\"4a61df8\" data-element_type=\"widget\" data-e-type=\"widget\" data-widget_type=\"image.default\">\n\t\t\t\t<div class=\"elementor-widget-container\">\n\t\t\t\t\t\t\t\t\t\t\t\t\t\t\t<img decoding=\"async\" src=\"https:\/\/catalanfood.com\/wp-content\/uploads\/2025\/03\/Torro-d_Agramunt-IGP-Gastroteca.jpg\" title=\"\" alt=\"\" loading=\"lazy\" \/>\t\t\t\t\t\t\t\t\t\t\t\t\t\t\t<\/div>\n\t\t\t\t<\/div>\n\t\t\t\t<div class=\"elementor-element elementor-element-c26259d elementor-widget elementor-widget-heading\" data-id=\"c26259d\" data-element_type=\"widget\" data-e-type=\"widget\" data-widget_type=\"heading.default\">\n\t\t\t\t<div class=\"elementor-widget-container\">\n\t\t\t\t\t<h2 class=\"elementor-heading-title elementor-size-default\">IGP Turr\u00f3n de Agramunt<\/h2>\t\t\t\t<\/div>\n\t\t\t\t<\/div>\n\t\t\t\t\t<\/div>\n\t\t\t\t<\/a>\n\t\t\t\t\t\t\t\t<\/div>\n\t\t\t\t\t\t\t\t\t\t\t<div class=\"swiper-slide\" data-slide=\"32\" role=\"group\" aria-roledescription=\"slide\" aria-label=\"32 of 32\">\n\t\t\t\t\t\t\t<a class=\"elementor-element elementor-element-27a41ea e-flex e-con-boxed e-con e-child\" data-id=\"27a41ea\" data-element_type=\"container\" data-e-type=\"container\" href=\"https:\/\/www.gastroteca.cat\/en\/productes-agroalimentaris\/vi-doq-priorat\/\" target=\"_blank\">\n\t\t\t\t\t<div class=\"e-con-inner\">\n\t\t\t\t<div class=\"elementor-element elementor-element-d181e3f elementor-widget elementor-widget-image\" data-id=\"d181e3f\" data-element_type=\"widget\" data-e-type=\"widget\" data-widget_type=\"image.default\">\n\t\t\t\t<div class=\"elementor-widget-container\">\n\t\t\t\t\t\t\t\t\t\t\t\t\t\t\t<img decoding=\"async\" src=\"https:\/\/catalanfood.com\/wp-content\/uploads\/2025\/03\/Vi-DOQ-Priorat-Gastroteca.jpg\" title=\"\" alt=\"\" loading=\"lazy\" \/>\t\t\t\t\t\t\t\t\t\t\t\t\t\t\t<\/div>\n\t\t\t\t<\/div>\n\t\t\t\t<div class=\"elementor-element elementor-element-cc22fac elementor-widget elementor-widget-heading\" data-id=\"cc22fac\" data-element_type=\"widget\" data-e-type=\"widget\" data-widget_type=\"heading.default\">\n\t\t\t\t<div class=\"elementor-widget-container\">\n\t\t\t\t\t<h2 class=\"elementor-heading-title elementor-size-default\">DOC Vino del Priorat<\/h2>\t\t\t\t<\/div>\n\t\t\t\t<\/div>\n\t\t\t\t\t<\/div>\n\t\t\t\t<\/a>\n\t\t\t\t\t\t\t\t<\/div>\n\t\t\t\t\t\t\t\t<\/div>\n\t\t<\/div>\n\t\t\t\t\t<div class=\"elementor-swiper-button elementor-swiper-button-prev\" role=\"button\" tabindex=\"0\" aria-label=\"Anterior\">\n\t\t\t\t<svg aria-hidden=\"true\" class=\"e-font-icon-svg e-eicon-chevron-left\" viewBox=\"0 0 1000 1000\" xmlns=\"http:\/\/www.w3.org\/2000\/svg\"><path d=\"M646 125C629 125 613 133 604 142L308 442C296 454 292 471 292 487 292 504 296 521 308 533L604 854C617 867 629 875 646 875 663 875 679 871 692 858 704 846 713 829 713 812 713 796 708 779 692 767L438 487 692 225C700 217 708 204 708 187 708 171 704 154 692 142 675 129 663 125 646 125Z\"><\/path><\/svg>\t\t\t<\/div>\n\t\t\t<div class=\"elementor-swiper-button elementor-swiper-button-next\" role=\"button\" tabindex=\"0\" aria-label=\"Siguiente\">\n\t\t\t\t<svg aria-hidden=\"true\" class=\"e-font-icon-svg e-eicon-chevron-right\" viewBox=\"0 0 1000 1000\" xmlns=\"http:\/\/www.w3.org\/2000\/svg\"><path d=\"M696 533C708 521 713 504 713 487 713 471 708 454 696 446L400 146C388 133 375 125 354 125 338 125 325 129 313 142 300 154 292 171 292 187 292 204 296 221 308 233L563 492 304 771C292 783 288 800 288 817 288 833 296 850 308 863 321 871 338 875 354 875 371 875 388 867 400 854L696 533Z\"><\/path><\/svg>\t\t\t<\/div>\n\t\t\t\t\t\t<\/div>\n\t\t\t\t<\/div>\n\t\t\t\t<div class=\"elementor-element elementor-element-c7ed705 elementor-align-center elementor-mobile-align-center elementor-widget elementor-widget-button\" data-id=\"c7ed705\" data-element_type=\"widget\" data-e-type=\"widget\" data-widget_type=\"button.default\">\n\t\t\t\t<div class=\"elementor-widget-container\">\n\t\t\t\t\t\t\t\t\t<div class=\"elementor-button-wrapper\">\n\t\t\t\t\t<a class=\"elementor-button elementor-button-link elementor-size-sm\" href=\"https:\/\/www.gastroteca.cat\/en\/productes-agroalimentaris\/\" target=\"_blank\">\n\t\t\t\t\t\t<span class=\"elementor-button-content-wrapper\">\n\t\t\t\t\t\t\t\t\t<span class=\"elementor-button-text\">Ver todos los productos<\/span>\n\t\t\t\t\t<\/span>\n\t\t\t\t\t<\/a>\n\t\t\t\t<\/div>\n\t\t\t\t\t\t\t\t<\/div>\n\t\t\t\t<\/div>\n\t\t\t\t\t<\/div>\n\t\t\t\t<\/div>\n\t\t\t\t<\/section>\n\t\t<section class=\"elementor-element elementor-element-453669e e-con-full e-flex e-con e-parent\" data-id=\"453669e\" data-element_type=\"container\" data-e-type=\"container\" data-settings=\"{&quot;background_background&quot;:&quot;classic&quot;}\">\n\t\t<div class=\"elementor-element elementor-element-2fad647 e-flex e-con-boxed e-con e-child\" data-id=\"2fad647\" data-element_type=\"container\" data-e-type=\"container\" data-settings=\"{&quot;background_background&quot;:&quot;classic&quot;}\">\n\t\t\t\t\t<div class=\"e-con-inner\">\n\t\t\t\t<div class=\"elementor-element elementor-element-84c6081 heading-rosa elementor-widget elementor-widget-heading\" data-id=\"84c6081\" data-element_type=\"widget\" data-e-type=\"widget\" data-widget_type=\"heading.default\">\n\t\t\t\t<div class=\"elementor-widget-container\">\n\t\t\t\t\t<h2 class=\"elementor-heading-title elementor-size-default\">Recetas<\/h2>\t\t\t\t<\/div>\n\t\t\t\t<\/div>\n\t\t\t\t<div class=\"elementor-element elementor-element-bdca163 elementor-widget-divider--view-line elementor-widget elementor-widget-divider\" data-id=\"bdca163\" data-element_type=\"widget\" data-e-type=\"widget\" data-widget_type=\"divider.default\">\n\t\t\t\t<div class=\"elementor-widget-container\">\n\t\t\t\t\t\t\t<div class=\"elementor-divider\">\n\t\t\t<span class=\"elementor-divider-separator\">\n\t\t\t\t\t\t<\/span>\n\t\t<\/div>\n\t\t\t\t\t\t<\/div>\n\t\t\t\t<\/div>\n\t\t\t\t<div class=\"elementor-element elementor-element-708f631 elementor-grid-3 elementor-grid-tablet-2 elementor-grid-mobile-1 elementor-widget elementor-widget-loop-grid\" data-id=\"708f631\" data-element_type=\"widget\" data-e-type=\"widget\" data-settings=\"{&quot;template_id&quot;:5169,&quot;_skin&quot;:&quot;post&quot;,&quot;columns&quot;:&quot;3&quot;,&quot;columns_tablet&quot;:&quot;2&quot;,&quot;columns_mobile&quot;:&quot;1&quot;,&quot;edit_handle_selector&quot;:&quot;[data-elementor-type=\\&quot;loop-item\\&quot;]&quot;,&quot;row_gap&quot;:{&quot;unit&quot;:&quot;px&quot;,&quot;size&quot;:&quot;&quot;,&quot;sizes&quot;:[]},&quot;row_gap_widescreen&quot;:{&quot;unit&quot;:&quot;px&quot;,&quot;size&quot;:&quot;&quot;,&quot;sizes&quot;:[]},&quot;row_gap_tablet&quot;:{&quot;unit&quot;:&quot;px&quot;,&quot;size&quot;:&quot;&quot;,&quot;sizes&quot;:[]},&quot;row_gap_mobile&quot;:{&quot;unit&quot;:&quot;px&quot;,&quot;size&quot;:&quot;&quot;,&quot;sizes&quot;:[]}}\" data-widget_type=\"loop-grid.post\">\n\t\t\t\t<div class=\"elementor-widget-container\">\n\t\t\t\t\t\t\t<div class=\"elementor-loop-container elementor-grid\" role=\"list\">\n\t\t<style id=\"loop-5169\">.elementor-5169 .elementor-element.elementor-element-7c846ce{--display:flex;--padding-top:0px;--padding-bottom:0px;--padding-left:0px;--padding-right:0px;}.elementor-widget-image .widget-image-caption{color:var( --e-global-color-text );font-family:var( --e-global-typography-text-font-family ), Sans-serif;font-weight:var( --e-global-typography-text-font-weight );}.elementor-widget-heading .elementor-heading-title{font-family:var( --e-global-typography-primary-font-family ), Sans-serif;font-weight:var( --e-global-typography-primary-font-weight );color:var( --e-global-color-primary );}.elementor-5169 .elementor-element.elementor-element-16cb5d5{text-align:start;}.elementor-5169 .elementor-element.elementor-element-16cb5d5 .elementor-heading-title{font-family:\"DM Serif Display\", Sans-serif;font-size:20px;font-weight:500;line-height:24px;color:#171717;}.elementor-widget-text-editor{font-family:var( --e-global-typography-text-font-family ), Sans-serif;font-weight:var( --e-global-typography-text-font-weight );color:var( --e-global-color-text );}.elementor-widget-text-editor.elementor-drop-cap-view-stacked .elementor-drop-cap{background-color:var( --e-global-color-primary );}.elementor-widget-text-editor.elementor-drop-cap-view-framed .elementor-drop-cap, .elementor-widget-text-editor.elementor-drop-cap-view-default .elementor-drop-cap{color:var( --e-global-color-primary );border-color:var( --e-global-color-primary );}.elementor-5169 .elementor-element.elementor-element-c20cfa2{font-family:\"Open Sans\", Sans-serif;font-size:16px;font-weight:500;line-height:26px;color:#171717;}.elementor-5169 .elementor-element.elementor-element-c20cfa2 > .elementor-widget-container{padding:0px 0px 0px 0px;}.elementor-widget-button .elementor-button{font-family:var( --e-global-typography-accent-font-family ), Sans-serif;font-weight:var( --e-global-typography-accent-font-weight );background-color:var( --e-global-color-accent );}.elementor-5169 .elementor-element.elementor-element-c49b7a2 .elementor-button{font-family:\"Open Sans\", Sans-serif;font-size:14px;font-weight:600;line-height:24px;fill:#171717;color:#171717;background-color:#61CE7000;transition-duration:0.3s;border-style:solid;border-width:1px 1px 1px 1px;border-color:#171717;border-radius:0px 0px 0px 0px;padding:8px 15px 8px 15px;}.elementor-5169 .elementor-element.elementor-element-c49b7a2 .elementor-button:hover, .elementor-5169 .elementor-element.elementor-element-c49b7a2 .elementor-button:focus{color:#FFFFFF;background-color:#BA1F2E;border-color:#BA1F2E;}.elementor-5169 .elementor-element.elementor-element-c49b7a2 .elementor-button:hover svg, .elementor-5169 .elementor-element.elementor-element-c49b7a2 .elementor-button:focus svg{fill:#FFFFFF;}.elementor-5169 .elementor-element.elementor-element-c49b7a2 > .elementor-widget-container{margin:0px 0px 0px 0px;}@media(max-width:1024px){.elementor-5169 .elementor-element.elementor-element-16cb5d5 .elementor-heading-title{font-size:21px;line-height:21px;}.elementor-5169 .elementor-element.elementor-element-c20cfa2{font-size:14px;line-height:22px;}.elementor-5169 .elementor-element.elementor-element-c49b7a2 .elementor-button{font-size:13px;line-height:22px;}.elementor-5169 .elementor-element.elementor-element-c49b7a2 > .elementor-widget-container{margin:0px 0px 0px 0px;}}@media(min-width:1280px){.elementor-5169 .elementor-element.elementor-element-7c846ce{--gap:15px 15px;--row-gap:15px;--column-gap:15px;--padding-top:0px;--padding-bottom:0px;--padding-left:0px;--padding-right:0px;}.elementor-5169 .elementor-element.elementor-element-c3cd1d6 img{height:200px;object-fit:cover;}.elementor-5169 .elementor-element.elementor-element-16cb5d5{text-align:start;}.elementor-5169 .elementor-element.elementor-element-16cb5d5 .elementor-heading-title{font-size:23px;line-height:26px;}.elementor-5169 .elementor-element.elementor-element-c20cfa2{font-size:16px;line-height:26px;}}@media(max-width:767px){.elementor-5169 .elementor-element.elementor-element-7c846ce{--padding-top:0px;--padding-bottom:0px;--padding-left:0px;--padding-right:0px;}.elementor-5169 .elementor-element.elementor-element-c3cd1d6 img{height:200px;object-fit:cover;}.elementor-5169 .elementor-element.elementor-element-16cb5d5{text-align:start;}.elementor-5169 .elementor-element.elementor-element-16cb5d5 .elementor-heading-title{font-size:22px;line-height:24px;}.elementor-5169 .elementor-element.elementor-element-c20cfa2{text-align:start;font-size:14px;line-height:20px;}.elementor-5169 .elementor-element.elementor-element-c49b7a2 .elementor-button{font-size:13px;line-height:24px;padding:7px 15px 7px 15px;}.elementor-5169 .elementor-element.elementor-element-c49b7a2 > .elementor-widget-container{margin:0px 0px 0px 0px;}}<\/style>\t\t<div data-elementor-type=\"loop-item\" data-elementor-id=\"5169\" class=\"elementor elementor-5169 e-loop-item e-loop-item-1806 post-1806 recipe type-recipe status-publish has-post-thumbnail hentry\" data-elementor-post-type=\"elementor_library\" data-custom-edit-handle=\"1\">\n\t\t\t<div class=\"elementor-element elementor-element-7c846ce e-con-full e-flex e-con e-child\" data-id=\"7c846ce\" data-element_type=\"container\" data-e-type=\"container\">\n\t\t\t\t<div class=\"elementor-element elementor-element-c3cd1d6 elementor-widget elementor-widget-image\" data-id=\"c3cd1d6\" data-element_type=\"widget\" data-e-type=\"widget\" data-widget_type=\"image.default\">\n\t\t\t\t<div class=\"elementor-widget-container\">\n\t\t\t\t\t\t\t\t\t\t\t\t\t\t\t<img loading=\"lazy\" decoding=\"async\" width=\"800\" height=\"600\" src=\"https:\/\/catalanfood.com\/latam\/wp-content\/uploads\/sites\/6\/2023\/11\/pa-amb-tomaquet-catalan-tomato-bread-catalanfood.webp\" class=\"attachment-large size-large wp-image-4828\" alt=\"Recipes Pa amb tomaquet catalan tomato bread by catalanfood\" srcset=\"https:\/\/catalanfood.com\/latam\/wp-content\/uploads\/sites\/6\/2023\/11\/pa-amb-tomaquet-catalan-tomato-bread-catalanfood.webp 800w, https:\/\/catalanfood.com\/latam\/wp-content\/uploads\/sites\/6\/2023\/11\/pa-amb-tomaquet-catalan-tomato-bread-catalanfood-300x225.webp 300w, https:\/\/catalanfood.com\/latam\/wp-content\/uploads\/sites\/6\/2023\/11\/pa-amb-tomaquet-catalan-tomato-bread-catalanfood-768x576.webp 768w\" sizes=\"(max-width: 800px) 100vw, 800px\" \/>\t\t\t\t\t\t\t\t\t\t\t\t\t\t\t<\/div>\n\t\t\t\t<\/div>\n\t\t\t\t<div class=\"elementor-element elementor-element-16cb5d5 elementor-widget elementor-widget-heading\" data-id=\"16cb5d5\" data-element_type=\"widget\" data-e-type=\"widget\" data-widget_type=\"heading.default\">\n\t\t\t\t<div class=\"elementor-widget-container\">\n\t\t\t\t\t<h2 class=\"elementor-heading-title elementor-size-default\">Pa Amb Tom\u00e0quet<\/h2>\t\t\t\t<\/div>\n\t\t\t\t<\/div>\n\t\t\t\t<div class=\"elementor-element elementor-element-c20cfa2 elementor-widget elementor-widget-text-editor\" data-id=\"c20cfa2\" data-element_type=\"widget\" data-e-type=\"widget\" data-widget_type=\"text-editor.default\">\n\t\t\t\t<div class=\"elementor-widget-container\">\n\t\t\t\t\t\t\t\t\tHay ciertos elementos de la cocina catalana que hablan de qui\u00e9nes somos y de d\u00f3nde venimos, y pa amb tom\u00e0quet lo dice todo.\t\t\t\t\t\t\t\t<\/div>\n\t\t\t\t<\/div>\n\t\t\t\t<div class=\"elementor-element elementor-element-c49b7a2 elementor-align-left elementor-mobile-align-left elementor-widget elementor-widget-button\" data-id=\"c49b7a2\" data-element_type=\"widget\" data-e-type=\"widget\" data-widget_type=\"button.default\">\n\t\t\t\t<div class=\"elementor-widget-container\">\n\t\t\t\t\t\t\t\t\t<div class=\"elementor-button-wrapper\">\n\t\t\t\t\t<a class=\"elementor-button elementor-button-link elementor-size-sm\" href=\"https:\/\/catalanfood.com\/latam\/recipe\/pa-amb-tomaquet\/\">\n\t\t\t\t\t\t<span class=\"elementor-button-content-wrapper\">\n\t\t\t\t\t\t\t\t\t<span class=\"elementor-button-text\">LEER M\u00c1S<\/span>\n\t\t\t\t\t<\/span>\n\t\t\t\t\t<\/a>\n\t\t\t\t<\/div>\n\t\t\t\t\t\t\t\t<\/div>\n\t\t\t\t<\/div>\n\t\t\t\t<\/div>\n\t\t\t\t<\/div>\n\t\t\t\t<div data-elementor-type=\"loop-item\" data-elementor-id=\"5169\" class=\"elementor elementor-5169 e-loop-item e-loop-item-1805 post-1805 recipe type-recipe status-publish has-post-thumbnail hentry\" data-elementor-post-type=\"elementor_library\" data-custom-edit-handle=\"1\">\n\t\t\t<div class=\"elementor-element elementor-element-7c846ce e-con-full e-flex e-con e-child\" data-id=\"7c846ce\" data-element_type=\"container\" data-e-type=\"container\">\n\t\t\t\t<div class=\"elementor-element elementor-element-c3cd1d6 elementor-widget elementor-widget-image\" data-id=\"c3cd1d6\" data-element_type=\"widget\" data-e-type=\"widget\" data-widget_type=\"image.default\">\n\t\t\t\t<div class=\"elementor-widget-container\">\n\t\t\t\t\t\t\t\t\t\t\t\t\t\t\t<img loading=\"lazy\" decoding=\"async\" width=\"800\" height=\"600\" src=\"https:\/\/catalanfood.com\/latam\/wp-content\/uploads\/sites\/6\/2024\/04\/recipes-bacalao-a-la-llauna-catalan-food.webp\" class=\"attachment-large size-large wp-image-4846\" alt=\"Recipes bacalao a la llauna catalan food\" srcset=\"https:\/\/catalanfood.com\/latam\/wp-content\/uploads\/sites\/6\/2024\/04\/recipes-bacalao-a-la-llauna-catalan-food.webp 800w, https:\/\/catalanfood.com\/latam\/wp-content\/uploads\/sites\/6\/2024\/04\/recipes-bacalao-a-la-llauna-catalan-food-300x225.webp 300w, https:\/\/catalanfood.com\/latam\/wp-content\/uploads\/sites\/6\/2024\/04\/recipes-bacalao-a-la-llauna-catalan-food-768x576.webp 768w\" sizes=\"(max-width: 800px) 100vw, 800px\" \/>\t\t\t\t\t\t\t\t\t\t\t\t\t\t\t<\/div>\n\t\t\t\t<\/div>\n\t\t\t\t<div class=\"elementor-element elementor-element-16cb5d5 elementor-widget elementor-widget-heading\" data-id=\"16cb5d5\" data-element_type=\"widget\" data-e-type=\"widget\" data-widget_type=\"heading.default\">\n\t\t\t\t<div class=\"elementor-widget-container\">\n\t\t\t\t\t<h2 class=\"elementor-heading-title elementor-size-default\">Bacall\u00e0 a la llauna<\/h2>\t\t\t\t<\/div>\n\t\t\t\t<\/div>\n\t\t\t\t<div class=\"elementor-element elementor-element-c20cfa2 elementor-widget elementor-widget-text-editor\" data-id=\"c20cfa2\" data-element_type=\"widget\" data-e-type=\"widget\" data-widget_type=\"text-editor.default\">\n\t\t\t\t<div class=\"elementor-widget-container\">\n\t\t\t\t\t\t\t\t\tComo tantos otros platos de todo el mundo, el bacall\u00e0 a la llauna toma su nombre del recipiente en el que se prepara.\t\t\t\t\t\t\t\t<\/div>\n\t\t\t\t<\/div>\n\t\t\t\t<div class=\"elementor-element elementor-element-c49b7a2 elementor-align-left elementor-mobile-align-left elementor-widget elementor-widget-button\" data-id=\"c49b7a2\" data-element_type=\"widget\" data-e-type=\"widget\" data-widget_type=\"button.default\">\n\t\t\t\t<div class=\"elementor-widget-container\">\n\t\t\t\t\t\t\t\t\t<div class=\"elementor-button-wrapper\">\n\t\t\t\t\t<a class=\"elementor-button elementor-button-link elementor-size-sm\" href=\"https:\/\/catalanfood.com\/latam\/recipe\/bacalla-a-la-llauna-tin-baked-salt-cod\/\">\n\t\t\t\t\t\t<span class=\"elementor-button-content-wrapper\">\n\t\t\t\t\t\t\t\t\t<span class=\"elementor-button-text\">LEER M\u00c1S<\/span>\n\t\t\t\t\t<\/span>\n\t\t\t\t\t<\/a>\n\t\t\t\t<\/div>\n\t\t\t\t\t\t\t\t<\/div>\n\t\t\t\t<\/div>\n\t\t\t\t<\/div>\n\t\t\t\t<\/div>\n\t\t\t\t<div data-elementor-type=\"loop-item\" data-elementor-id=\"5169\" class=\"elementor elementor-5169 e-loop-item e-loop-item-4973 post-4973 recipe type-recipe status-publish has-post-thumbnail hentry\" data-elementor-post-type=\"elementor_library\" data-custom-edit-handle=\"1\">\n\t\t\t<div class=\"elementor-element elementor-element-7c846ce e-con-full e-flex e-con e-child\" data-id=\"7c846ce\" data-element_type=\"container\" data-e-type=\"container\">\n\t\t\t\t<div class=\"elementor-element elementor-element-c3cd1d6 elementor-widget elementor-widget-image\" data-id=\"c3cd1d6\" data-element_type=\"widget\" data-e-type=\"widget\" data-widget_type=\"image.default\">\n\t\t\t\t<div class=\"elementor-widget-container\">\n\t\t\t\t\t\t\t\t\t\t\t\t\t\t\t<img loading=\"lazy\" decoding=\"async\" width=\"800\" height=\"600\" src=\"https:\/\/catalanfood.com\/latam\/wp-content\/uploads\/sites\/6\/2024\/06\/fricando-catalanfood.webp\" class=\"attachment-large size-large wp-image-4991\" alt=\"Fricando catalanfood\" srcset=\"https:\/\/catalanfood.com\/latam\/wp-content\/uploads\/sites\/6\/2024\/06\/fricando-catalanfood.webp 800w, https:\/\/catalanfood.com\/latam\/wp-content\/uploads\/sites\/6\/2024\/06\/fricando-catalanfood-300x225.webp 300w, https:\/\/catalanfood.com\/latam\/wp-content\/uploads\/sites\/6\/2024\/06\/fricando-catalanfood-768x576.webp 768w\" sizes=\"(max-width: 800px) 100vw, 800px\" \/>\t\t\t\t\t\t\t\t\t\t\t\t\t\t\t<\/div>\n\t\t\t\t<\/div>\n\t\t\t\t<div class=\"elementor-element elementor-element-16cb5d5 elementor-widget elementor-widget-heading\" data-id=\"16cb5d5\" data-element_type=\"widget\" data-e-type=\"widget\" data-widget_type=\"heading.default\">\n\t\t\t\t<div class=\"elementor-widget-container\">\n\t\t\t\t\t<h2 class=\"elementor-heading-title elementor-size-default\">Fricand\u00f3<\/h2>\t\t\t\t<\/div>\n\t\t\t\t<\/div>\n\t\t\t\t<div class=\"elementor-element elementor-element-c20cfa2 elementor-widget elementor-widget-text-editor\" data-id=\"c20cfa2\" data-element_type=\"widget\" data-e-type=\"widget\" data-widget_type=\"text-editor.default\">\n\t\t\t\t<div class=\"elementor-widget-container\">\n\t\t\t\t\t\t\t\t\tLa cocina catalana no es conocida por grandes aportaciones a la cocina de la carne de buey, sin recetas como el boeuf bourguignon que pasen a la historia.\t\t\t\t\t\t\t\t<\/div>\n\t\t\t\t<\/div>\n\t\t\t\t<div class=\"elementor-element elementor-element-c49b7a2 elementor-align-left elementor-mobile-align-left elementor-widget elementor-widget-button\" data-id=\"c49b7a2\" data-element_type=\"widget\" data-e-type=\"widget\" data-widget_type=\"button.default\">\n\t\t\t\t<div class=\"elementor-widget-container\">\n\t\t\t\t\t\t\t\t\t<div class=\"elementor-button-wrapper\">\n\t\t\t\t\t<a class=\"elementor-button elementor-button-link elementor-size-sm\" href=\"https:\/\/catalanfood.com\/latam\/recipe\/fricando\/\">\n\t\t\t\t\t\t<span class=\"elementor-button-content-wrapper\">\n\t\t\t\t\t\t\t\t\t<span class=\"elementor-button-text\">LEER M\u00c1S<\/span>\n\t\t\t\t\t<\/span>\n\t\t\t\t\t<\/a>\n\t\t\t\t<\/div>\n\t\t\t\t\t\t\t\t<\/div>\n\t\t\t\t<\/div>\n\t\t\t\t<\/div>\n\t\t\t\t<\/div>\n\t\t\t\t<div data-elementor-type=\"loop-item\" data-elementor-id=\"5169\" class=\"elementor elementor-5169 e-loop-item e-loop-item-4985 post-4985 recipe type-recipe status-publish has-post-thumbnail hentry\" data-elementor-post-type=\"elementor_library\" data-custom-edit-handle=\"1\">\n\t\t\t<div class=\"elementor-element elementor-element-7c846ce e-con-full e-flex e-con e-child\" data-id=\"7c846ce\" data-element_type=\"container\" data-e-type=\"container\">\n\t\t\t\t<div class=\"elementor-element elementor-element-c3cd1d6 elementor-widget elementor-widget-image\" data-id=\"c3cd1d6\" data-element_type=\"widget\" data-e-type=\"widget\" data-widget_type=\"image.default\">\n\t\t\t\t<div class=\"elementor-widget-container\">\n\t\t\t\t\t\t\t\t\t\t\t\t\t\t\t<img loading=\"lazy\" decoding=\"async\" width=\"800\" height=\"600\" src=\"https:\/\/catalanfood.com\/latam\/wp-content\/uploads\/sites\/6\/2024\/06\/st-joseps-crema-catalana-catalanfood.webp\" class=\"attachment-large size-large wp-image-4992\" alt=\"St joseps crema catalana catalanfood\" srcset=\"https:\/\/catalanfood.com\/latam\/wp-content\/uploads\/sites\/6\/2024\/06\/st-joseps-crema-catalana-catalanfood.webp 800w, https:\/\/catalanfood.com\/latam\/wp-content\/uploads\/sites\/6\/2024\/06\/st-joseps-crema-catalana-catalanfood-300x225.webp 300w, https:\/\/catalanfood.com\/latam\/wp-content\/uploads\/sites\/6\/2024\/06\/st-joseps-crema-catalana-catalanfood-768x576.webp 768w\" sizes=\"(max-width: 800px) 100vw, 800px\" \/>\t\t\t\t\t\t\t\t\t\t\t\t\t\t\t<\/div>\n\t\t\t\t<\/div>\n\t\t\t\t<div class=\"elementor-element elementor-element-16cb5d5 elementor-widget elementor-widget-heading\" data-id=\"16cb5d5\" data-element_type=\"widget\" data-e-type=\"widget\" data-widget_type=\"heading.default\">\n\t\t\t\t<div class=\"elementor-widget-container\">\n\t\t\t\t\t<h2 class=\"elementor-heading-title elementor-size-default\">Crema de Sant Josep<\/h2>\t\t\t\t<\/div>\n\t\t\t\t<\/div>\n\t\t\t\t<div class=\"elementor-element elementor-element-c20cfa2 elementor-widget elementor-widget-text-editor\" data-id=\"c20cfa2\" data-element_type=\"widget\" data-e-type=\"widget\" data-widget_type=\"text-editor.default\">\n\t\t\t\t<div class=\"elementor-widget-container\">\n\t\t\t\t\t\t\t\t\tEn los siglos XVIII y XIX, la crema catalana, elaborada con az\u00facar, leche y huevos, s\u00f3lo estaba al alcance de las clases m\u00e1s altas en determinadas fiestas.\t\t\t\t\t\t\t\t<\/div>\n\t\t\t\t<\/div>\n\t\t\t\t<div class=\"elementor-element elementor-element-c49b7a2 elementor-align-left elementor-mobile-align-left elementor-widget elementor-widget-button\" data-id=\"c49b7a2\" data-element_type=\"widget\" data-e-type=\"widget\" data-widget_type=\"button.default\">\n\t\t\t\t<div class=\"elementor-widget-container\">\n\t\t\t\t\t\t\t\t\t<div class=\"elementor-button-wrapper\">\n\t\t\t\t\t<a class=\"elementor-button elementor-button-link elementor-size-sm\" href=\"https:\/\/catalanfood.com\/latam\/recipe\/st-joseps-crema-catalana\/\">\n\t\t\t\t\t\t<span class=\"elementor-button-content-wrapper\">\n\t\t\t\t\t\t\t\t\t<span class=\"elementor-button-text\">LEER M\u00c1S<\/span>\n\t\t\t\t\t<\/span>\n\t\t\t\t\t<\/a>\n\t\t\t\t<\/div>\n\t\t\t\t\t\t\t\t<\/div>\n\t\t\t\t<\/div>\n\t\t\t\t<\/div>\n\t\t\t\t<\/div>\n\t\t\t\t<div data-elementor-type=\"loop-item\" data-elementor-id=\"5169\" class=\"elementor elementor-5169 e-loop-item e-loop-item-4998 post-4998 recipe type-recipe status-publish has-post-thumbnail hentry\" data-elementor-post-type=\"elementor_library\" data-custom-edit-handle=\"1\">\n\t\t\t<div class=\"elementor-element elementor-element-7c846ce e-con-full e-flex e-con e-child\" data-id=\"7c846ce\" data-element_type=\"container\" data-e-type=\"container\">\n\t\t\t\t<div class=\"elementor-element elementor-element-c3cd1d6 elementor-widget elementor-widget-image\" data-id=\"c3cd1d6\" data-element_type=\"widget\" data-e-type=\"widget\" data-widget_type=\"image.default\">\n\t\t\t\t<div class=\"elementor-widget-container\">\n\t\t\t\t\t\t\t\t\t\t\t\t\t\t\t<img loading=\"lazy\" decoding=\"async\" width=\"800\" height=\"600\" src=\"https:\/\/catalanfood.com\/latam\/wp-content\/uploads\/sites\/6\/2024\/06\/xato-catalanfood.webp\" class=\"attachment-large size-large wp-image-5015\" alt=\"Xato catalanfood\" srcset=\"https:\/\/catalanfood.com\/latam\/wp-content\/uploads\/sites\/6\/2024\/06\/xato-catalanfood.webp 800w, https:\/\/catalanfood.com\/latam\/wp-content\/uploads\/sites\/6\/2024\/06\/xato-catalanfood-300x225.webp 300w, https:\/\/catalanfood.com\/latam\/wp-content\/uploads\/sites\/6\/2024\/06\/xato-catalanfood-768x576.webp 768w\" sizes=\"(max-width: 800px) 100vw, 800px\" \/>\t\t\t\t\t\t\t\t\t\t\t\t\t\t\t<\/div>\n\t\t\t\t<\/div>\n\t\t\t\t<div class=\"elementor-element elementor-element-16cb5d5 elementor-widget elementor-widget-heading\" data-id=\"16cb5d5\" data-element_type=\"widget\" data-e-type=\"widget\" data-widget_type=\"heading.default\">\n\t\t\t\t<div class=\"elementor-widget-container\">\n\t\t\t\t\t<h2 class=\"elementor-heading-title elementor-size-default\">Xat\u00f3<\/h2>\t\t\t\t<\/div>\n\t\t\t\t<\/div>\n\t\t\t\t<div class=\"elementor-element elementor-element-c20cfa2 elementor-widget elementor-widget-text-editor\" data-id=\"c20cfa2\" data-element_type=\"widget\" data-e-type=\"widget\" data-widget_type=\"text-editor.default\">\n\t\t\t\t<div class=\"elementor-widget-container\">\n\t\t\t\t\t\t\t\t\tLa palabra xat\u00f3 designa una ensalada de frisuelos aderezada con una salsa romesco de invierno elaborada con ingredientes secos de origen local. Es una salsa que tambi\u00e9n combina muy bien con el pescado.\t\t\t\t\t\t\t\t<\/div>\n\t\t\t\t<\/div>\n\t\t\t\t<div class=\"elementor-element elementor-element-c49b7a2 elementor-align-left elementor-mobile-align-left elementor-widget elementor-widget-button\" data-id=\"c49b7a2\" data-element_type=\"widget\" data-e-type=\"widget\" data-widget_type=\"button.default\">\n\t\t\t\t<div class=\"elementor-widget-container\">\n\t\t\t\t\t\t\t\t\t<div class=\"elementor-button-wrapper\">\n\t\t\t\t\t<a class=\"elementor-button elementor-button-link elementor-size-sm\" href=\"https:\/\/catalanfood.com\/latam\/recipe\/xato\/\">\n\t\t\t\t\t\t<span class=\"elementor-button-content-wrapper\">\n\t\t\t\t\t\t\t\t\t<span class=\"elementor-button-text\">LEER M\u00c1S<\/span>\n\t\t\t\t\t<\/span>\n\t\t\t\t\t<\/a>\n\t\t\t\t<\/div>\n\t\t\t\t\t\t\t\t<\/div>\n\t\t\t\t<\/div>\n\t\t\t\t<\/div>\n\t\t\t\t<\/div>\n\t\t\t\t<\/div>\n\t\t\n\t\t\t\t\t\t<\/div>\n\t\t\t\t<\/div>\n\t\t\t\t<div class=\"elementor-element elementor-element-32710a8 elementor-align-center elementor-mobile-align-center elementor-widget elementor-widget-button\" data-id=\"32710a8\" data-element_type=\"widget\" data-e-type=\"widget\" data-widget_type=\"button.default\">\n\t\t\t\t<div class=\"elementor-widget-container\">\n\t\t\t\t\t\t\t\t\t<div class=\"elementor-button-wrapper\">\n\t\t\t\t\t<a class=\"elementor-button elementor-button-link elementor-size-sm\" href=\"https:\/\/catalanfood.com\/latam\/recetas\/\" target=\"_blank\">\n\t\t\t\t\t\t<span class=\"elementor-button-content-wrapper\">\n\t\t\t\t\t\t\t\t\t<span class=\"elementor-button-text\">Descubrir todas las recetas<\/span>\n\t\t\t\t\t<\/span>\n\t\t\t\t\t<\/a>\n\t\t\t\t<\/div>\n\t\t\t\t\t\t\t\t<\/div>\n\t\t\t\t<\/div>\n\t\t\t\t\t<\/div>\n\t\t\t\t<\/div>\n\t\t\t\t<\/section>\n\t\t<section class=\"elementor-element elementor-element-f45d226 elementor-hidden-widescreen elementor-hidden-desktop elementor-hidden-tablet elementor-hidden-mobile e-flex e-con-boxed e-con e-parent\" data-id=\"f45d226\" data-element_type=\"container\" data-e-type=\"container\">\n\t\t\t\t\t<div class=\"e-con-inner\">\n\t\t<div class=\"elementor-element elementor-element-aa3a431 e-grid e-con-full e-con e-child\" data-id=\"aa3a431\" data-element_type=\"container\" data-e-type=\"container\">\n\t\t<div class=\"elementor-element elementor-element-18c1f81 e-con-full e-flex e-con e-child\" data-id=\"18c1f81\" data-element_type=\"container\" data-e-type=\"container\">\n\t\t\t\t<div class=\"elementor-element elementor-element-e34a014 elementor-widget elementor-widget-heading\" data-id=\"e34a014\" data-element_type=\"widget\" data-e-type=\"widget\" data-widget_type=\"heading.default\">\n\t\t\t\t<div class=\"elementor-widget-container\">\n\t\t\t\t\t<h2 class=\"elementor-heading-title elementor-size-default\">Encuentra la cocina y productos catalanes en Gastroteca.cat<\/h2>\t\t\t\t<\/div>\n\t\t\t\t<\/div>\n\t\t\t\t<div class=\"elementor-element elementor-element-27eb066 elementor-align-left elementor-mobile-align-center elementor-hidden-mobile elementor-widget elementor-widget-button\" data-id=\"27eb066\" data-element_type=\"widget\" data-e-type=\"widget\" data-widget_type=\"button.default\">\n\t\t\t\t<div class=\"elementor-widget-container\">\n\t\t\t\t\t\t\t\t\t<div class=\"elementor-button-wrapper\">\n\t\t\t\t\t<a class=\"elementor-button elementor-button-link elementor-size-sm\" href=\"https:\/\/www.gastroteca.cat\/\" target=\"_blank\">\n\t\t\t\t\t\t<span class=\"elementor-button-content-wrapper\">\n\t\t\t\t\t\t\t\t\t<span class=\"elementor-button-text\">M\u00c1S INFORMACI\u00d3N<\/span>\n\t\t\t\t\t<\/span>\n\t\t\t\t\t<\/a>\n\t\t\t\t<\/div>\n\t\t\t\t\t\t\t\t<\/div>\n\t\t\t\t<\/div>\n\t\t\t\t<\/div>\n\t\t\t\t<div class=\"elementor-element elementor-element-3bb9ffa elementor-widget elementor-widget-image\" data-id=\"3bb9ffa\" data-element_type=\"widget\" data-e-type=\"widget\" data-widget_type=\"image.default\">\n\t\t\t\t<div class=\"elementor-widget-container\">\n\t\t\t\t\t\t\t\t\t\t\t\t\t\t\t<img loading=\"lazy\" decoding=\"async\" width=\"800\" height=\"508\" src=\"https:\/\/catalanfood.com\/latam\/wp-content\/uploads\/sites\/6\/2024\/12\/gastroteca-1024x650.png\" class=\"attachment-large size-large wp-image-988\" alt=\"\" srcset=\"https:\/\/catalanfood.com\/latam\/wp-content\/uploads\/sites\/6\/2024\/12\/gastroteca-1024x650.png 1024w, https:\/\/catalanfood.com\/latam\/wp-content\/uploads\/sites\/6\/2024\/12\/gastroteca-300x190.png 300w, https:\/\/catalanfood.com\/latam\/wp-content\/uploads\/sites\/6\/2024\/12\/gastroteca-768x488.png 768w, https:\/\/catalanfood.com\/latam\/wp-content\/uploads\/sites\/6\/2024\/12\/gastroteca.png 1282w\" sizes=\"(max-width: 800px) 100vw, 800px\" \/>\t\t\t\t\t\t\t\t\t\t\t\t\t\t\t<\/div>\n\t\t\t\t<\/div>\n\t\t\t\t<div class=\"elementor-element elementor-element-e27dc40 elementor-align-left elementor-mobile-align-center elementor-hidden-widescreen elementor-hidden-desktop elementor-hidden-tablet elementor-widget elementor-widget-button\" data-id=\"e27dc40\" data-element_type=\"widget\" data-e-type=\"widget\" data-widget_type=\"button.default\">\n\t\t\t\t<div class=\"elementor-widget-container\">\n\t\t\t\t\t\t\t\t\t<div class=\"elementor-button-wrapper\">\n\t\t\t\t\t<a class=\"elementor-button elementor-button-link elementor-size-sm\" href=\"https:\/\/www.gastroteca.cat\/\" target=\"_blank\">\n\t\t\t\t\t\t<span class=\"elementor-button-content-wrapper\">\n\t\t\t\t\t\t\t\t\t<span class=\"elementor-button-text\">M\u00c1S INFORMACI\u00d3N<\/span>\n\t\t\t\t\t<\/span>\n\t\t\t\t\t<\/a>\n\t\t\t\t<\/div>\n\t\t\t\t\t\t\t\t<\/div>\n\t\t\t\t<\/div>\n\t\t\t\t<\/div>\n\t\t\t\t\t<\/div>\n\t\t\t\t<\/section>\n\t\t<div class=\"elementor-element elementor-element-1823399 elementor-hidden-widescreen elementor-hidden-desktop elementor-hidden-tablet elementor-hidden-mobile e-flex e-con-boxed e-con e-parent\" data-id=\"1823399\" data-element_type=\"container\" data-e-type=\"container\" data-settings=\"{&quot;background_background&quot;:&quot;classic&quot;}\">\n\t\t\t\t\t<div class=\"e-con-inner\">\n\t\t<div class=\"elementor-element elementor-element-09ab652 e-flex e-con-boxed e-con e-child\" data-id=\"09ab652\" data-element_type=\"container\" data-e-type=\"container\">\n\t\t\t\t\t<div class=\"e-con-inner\">\n\t\t\t\t<div class=\"elementor-element elementor-element-fc90345 elementor-widget elementor-widget-heading\" data-id=\"fc90345\" data-element_type=\"widget\" data-e-type=\"widget\" data-widget_type=\"heading.default\">\n\t\t\t\t<div class=\"elementor-widget-container\">\n\t\t\t\t\t<h2 class=\"elementor-heading-title elementor-size-default\">Descubre las empresas catalanas que exportan alimentos<\/h2>\t\t\t\t<\/div>\n\t\t\t\t<\/div>\n\t\t\t\t<div class=\"elementor-element elementor-element-adc98fa elementor-align-left elementor-mobile-align-left elementor-widescreen-align-left elementor-widget elementor-widget-button\" data-id=\"adc98fa\" data-element_type=\"widget\" data-e-type=\"widget\" data-widget_type=\"button.default\">\n\t\t\t\t<div class=\"elementor-widget-container\">\n\t\t\t\t\t\t\t\t\t<div class=\"elementor-button-wrapper\">\n\t\t\t\t\t<a class=\"elementor-button elementor-button-link elementor-size-sm\" href=\"https:\/\/catalanfood.us\/companies\/all\/\" target=\"_blank\">\n\t\t\t\t\t\t<span class=\"elementor-button-content-wrapper\">\n\t\t\t\t\t\t\t\t\t<span class=\"elementor-button-text\">Descubre<\/span>\n\t\t\t\t\t<\/span>\n\t\t\t\t\t<\/a>\n\t\t\t\t<\/div>\n\t\t\t\t\t\t\t\t<\/div>\n\t\t\t\t<\/div>\n\t\t\t\t\t<\/div>\n\t\t\t\t<\/div>\n\t\t\t\t\t<\/div>\n\t\t\t\t<\/div>\n\t\t<div class=\"elementor-element elementor-element-32e0da4 e-con-full elementor-hidden-widescreen elementor-hidden-desktop elementor-hidden-tablet elementor-hidden-mobile e-flex e-con e-parent\" data-id=\"32e0da4\" data-element_type=\"container\" data-e-type=\"container\" data-settings=\"{&quot;background_background&quot;:&quot;classic&quot;}\">\n\t\t\t\t<div class=\"elementor-element elementor-element-4cf1054 elementor-hidden-tablet elementor-hidden-mobile elementor-widget elementor-widget-spacer\" data-id=\"4cf1054\" data-element_type=\"widget\" data-e-type=\"widget\" data-widget_type=\"spacer.default\">\n\t\t\t\t<div class=\"elementor-widget-container\">\n\t\t\t\t\t\t\t<div class=\"elementor-spacer\">\n\t\t\t<div class=\"elementor-spacer-inner\"><\/div>\n\t\t<\/div>\n\t\t\t\t\t\t<\/div>\n\t\t\t\t<\/div>\n\t\t<div class=\"elementor-element elementor-element-9ae7722 e-flex e-con-boxed e-con e-child\" data-id=\"9ae7722\" data-element_type=\"container\" data-e-type=\"container\">\n\t\t\t\t\t<div class=\"e-con-inner\">\n\t\t<div class=\"elementor-element elementor-element-d6b4b07 e-con-full e-flex e-con e-child\" data-id=\"d6b4b07\" data-element_type=\"container\" data-e-type=\"container\">\n\t\t\t\t<div class=\"elementor-element elementor-element-a4d95ae elementor-widget elementor-widget-heading\" data-id=\"a4d95ae\" data-element_type=\"widget\" data-e-type=\"widget\" data-widget_type=\"heading.default\">\n\t\t\t\t<div class=\"elementor-widget-container\">\n\t\t\t\t\t<h2 class=\"elementor-heading-title elementor-size-default\">Descubre la gastronom\u00eda catalana<\/h2>\t\t\t\t<\/div>\n\t\t\t\t<\/div>\n\t\t\t\t<div class=\"elementor-element elementor-element-1666176 elementor-widescreen-button-align-start elementor-button-align-stretch elementor-widget elementor-widget-form\" data-id=\"1666176\" data-element_type=\"widget\" data-e-type=\"widget\" data-settings=\"{&quot;button_width_widescreen&quot;:&quot;20&quot;,&quot;step_next_label&quot;:&quot;Next&quot;,&quot;step_previous_label&quot;:&quot;Previous&quot;,&quot;button_width&quot;:&quot;100&quot;,&quot;step_type&quot;:&quot;number_text&quot;,&quot;step_icon_shape&quot;:&quot;circle&quot;}\" data-widget_type=\"form.default\">\n\t\t\t\t<div class=\"elementor-widget-container\">\n\t\t\t\t\t\t\t<form class=\"elementor-form\" method=\"post\" name=\"Newsletter\" aria-label=\"Newsletter\">\n\t\t\t<input type=\"hidden\" name=\"post_id\" value=\"921\"\/>\n\t\t\t<input type=\"hidden\" name=\"form_id\" value=\"1666176\"\/>\n\t\t\t<input type=\"hidden\" name=\"referer_title\" value=\"Nuestra Comida | Catalan Food Latam\" \/>\n\n\t\t\t\t\t\t\t<input type=\"hidden\" name=\"queried_id\" value=\"921\"\/>\n\t\t\t\n\t\t\t<div class=\"elementor-form-fields-wrapper elementor-labels-\">\n\t\t\t\t\t\t\t\t<div class=\"elementor-field-type-email elementor-field-group elementor-column elementor-field-group-email elementor-col-100 elementor-field-required\">\n\t\t\t\t\t\t\t\t\t\t\t\t<label for=\"form-field-email\" class=\"elementor-field-label elementor-screen-only\">\n\t\t\t\t\t\t\t\tEmail\t\t\t\t\t\t\t<\/label>\n\t\t\t\t\t\t\t\t\t\t\t\t\t\t<input size=\"1\" type=\"email\" name=\"form_fields[email]\" id=\"form-field-email\" class=\"elementor-field elementor-size-sm  elementor-field-textual\" placeholder=\"example@gmail.com\" required=\"required\">\n\t\t\t\t\t\t\t\t\t\t\t<\/div>\n\t\t\t\t\t\t\t\t<div class=\"elementor-field-type-acceptance elementor-field-group elementor-column elementor-field-group-field_5bdd717 elementor-col-100\">\n\t\t\t\t\t\t\t<div class=\"elementor-field-subgroup\">\n\t\t\t<span class=\"elementor-field-option\">\n\t\t\t\t<input type=\"checkbox\" name=\"form_fields[field_5bdd717]\" id=\"form-field-field_5bdd717\" class=\"elementor-field elementor-size-sm  elementor-acceptance-field\">\n\t\t\t\t<label for=\"form-field-field_5bdd717\">I have read and accept the privacy policy.<\/label>\t\t\t<\/span>\n\t\t<\/div>\n\t\t\t\t\t\t<\/div>\n\t\t\t\t\t\t\t\t<div class=\"elementor-field-type-html elementor-field-group elementor-column elementor-field-group-field_8a56732 elementor-col-100\">\n\t\t\t\t\t<p style=\"font-size: 11px; line-height:14px;\">If you want to be informed of our international activities and follow the news of the most desirable gastronomic Catalonia, leave us your email and become part of our community.<\/p>\t\t\t\t<\/div>\n\t\t\t\t\t\t\t\t<div class=\"elementor-field-group elementor-column elementor-field-type-submit elementor-col-100 e-form__buttons\">\n\t\t\t\t\t<button class=\"elementor-button elementor-size-sm\" type=\"submit\">\n\t\t\t\t\t\t<span class=\"elementor-button-content-wrapper\">\n\t\t\t\t\t\t\t\t\t\t\t\t\t\t\t\t\t\t\t\t\t\t<span class=\"elementor-button-text\">SUSCR\u00cdBETE A NUESTRO BOLET\u00cdN<\/span>\n\t\t\t\t\t\t\t\t\t\t\t\t\t<\/span>\n\t\t\t\t\t<\/button>\n\t\t\t\t<\/div>\n\t\t\t<\/div>\n\t\t<\/form>\n\t\t\t\t\t\t<\/div>\n\t\t\t\t<\/div>\n\t\t\t\t<\/div>\n\t\t<div class=\"elementor-element elementor-element-047248a e-con-full e-flex e-con e-child\" data-id=\"047248a\" data-element_type=\"container\" data-e-type=\"container\">\n\t\t\t\t<div class=\"elementor-element elementor-element-5f7fd9a elementor-widget elementor-widget-image\" data-id=\"5f7fd9a\" data-element_type=\"widget\" data-e-type=\"widget\" data-widget_type=\"image.default\">\n\t\t\t\t<div class=\"elementor-widget-container\">\n\t\t\t\t\t\t\t\t\t\t\t\t\t\t\t<img loading=\"lazy\" decoding=\"async\" width=\"800\" height=\"792\" src=\"https:\/\/catalanfood.com\/latam\/wp-content\/uploads\/sites\/6\/2024\/12\/3-iPad-Pro-Mockup-copia2-1024x1014.png\" class=\"attachment-large size-large wp-image-1424\" alt=\"\" srcset=\"https:\/\/catalanfood.com\/latam\/wp-content\/uploads\/sites\/6\/2024\/12\/3-iPad-Pro-Mockup-copia2-1024x1014.png 1024w, https:\/\/catalanfood.com\/latam\/wp-content\/uploads\/sites\/6\/2024\/12\/3-iPad-Pro-Mockup-copia2-300x297.png 300w, https:\/\/catalanfood.com\/latam\/wp-content\/uploads\/sites\/6\/2024\/12\/3-iPad-Pro-Mockup-copia2-150x150.png 150w, https:\/\/catalanfood.com\/latam\/wp-content\/uploads\/sites\/6\/2024\/12\/3-iPad-Pro-Mockup-copia2-768x761.png 768w, https:\/\/catalanfood.com\/latam\/wp-content\/uploads\/sites\/6\/2024\/12\/3-iPad-Pro-Mockup-copia2.png 1157w\" sizes=\"(max-width: 800px) 100vw, 800px\" \/>\t\t\t\t\t\t\t\t\t\t\t\t\t\t\t<\/div>\n\t\t\t\t<\/div>\n\t\t\t\t<\/div>\n\t\t\t\t\t<\/div>\n\t\t\t\t<\/div>\n\t\t\t\t<\/div>\n\t\t\t\t<\/div>\n\t\t","protected":false},"excerpt":{"rendered":"<p>Nuestra Comida Una despensa rica Catalu\u00f1a es la regi\u00f3n con la mayor biodiversidad de Europa, debido a su rica variedad de climas y paisajes. Produce muchos productos: aceite de oliva, vino, arroz, frutas (naranjas, melocotones, peras, manzanas, cerezas, fresas, almendras, etc.), todo tipo de carnes, productos l\u00e1cteos, pescado, verduras, etc. Productos ic\u00f3nicos catalanes Ajo de [&hellip;]<\/p>\n","protected":false},"author":1,"featured_media":0,"parent":0,"menu_order":0,"comment_status":"closed","ping_status":"closed","template":"elementor_header_footer","meta":{"_acf_changed":false,"footnotes":""},"class_list":["post-921","page","type-page","status-publish","hentry"],"acf":[],"yoast_head":"<!-- This site is optimized with the Yoast SEO plugin v27.1.1 - https:\/\/yoast.com\/product\/yoast-seo-wordpress\/ -->\n<title>Nuestra Comida | Catalan Food Latam<\/title>\n<meta name=\"robots\" content=\"index, follow, max-snippet:-1, max-image-preview:large, max-video-preview:-1\" \/>\n<link rel=\"canonical\" href=\"https:\/\/catalanfood.com\/latam\/nuestra-comida\/\" \/>\n<meta property=\"og:locale\" content=\"es_ES\" \/>\n<meta property=\"og:type\" content=\"article\" \/>\n<meta property=\"og:title\" content=\"Nuestra Comida | Catalan Food Latam\" \/>\n<meta property=\"og:description\" content=\"Nuestra Comida Una despensa rica Catalu\u00f1a es la regi\u00f3n con la mayor biodiversidad de Europa, debido a su rica variedad de climas y paisajes. Produce muchos productos: aceite de oliva, vino, arroz, frutas (naranjas, melocotones, peras, manzanas, cerezas, fresas, almendras, etc.), todo tipo de carnes, productos l\u00e1cteos, pescado, verduras, etc. Productos ic\u00f3nicos catalanes Ajo de [&hellip;]\" \/>\n<meta property=\"og:url\" content=\"https:\/\/catalanfood.com\/latam\/nuestra-comida\/\" \/>\n<meta property=\"og:site_name\" content=\"Catalan Food Latam\" \/>\n<meta property=\"article:modified_time\" content=\"2026-04-23T23:58:24+00:00\" \/>\n<meta name=\"twitter:card\" content=\"summary_large_image\" \/>\n<meta name=\"twitter:label1\" content=\"Tiempo de lectura\" \/>\n\t<meta name=\"twitter:data1\" content=\"20 minutos\" \/>\n<script type=\"application\/ld+json\" class=\"yoast-schema-graph\">{\"@context\":\"https:\/\/schema.org\",\"@graph\":[{\"@type\":\"WebPage\",\"@id\":\"https:\/\/catalanfood.com\/latam\/nuestra-comida\/\",\"url\":\"https:\/\/catalanfood.com\/latam\/nuestra-comida\/\",\"name\":\"Nuestra Comida | Catalan Food Latam\",\"isPartOf\":{\"@id\":\"https:\/\/catalanfood.com\/latam\/#website\"},\"primaryImageOfPage\":{\"@id\":\"https:\/\/catalanfood.com\/latam\/nuestra-comida\/#primaryimage\"},\"image\":{\"@id\":\"https:\/\/catalanfood.com\/latam\/nuestra-comida\/#primaryimage\"},\"thumbnailUrl\":\"https:\/\/catalanfood.com\/latam\/wp-content\/uploads\/sites\/6\/2024\/12\/detail-09-ico.svg\",\"datePublished\":\"2024-12-01T11:41:39+00:00\",\"dateModified\":\"2026-04-23T23:58:24+00:00\",\"breadcrumb\":{\"@id\":\"https:\/\/catalanfood.com\/latam\/nuestra-comida\/#breadcrumb\"},\"inLanguage\":\"es\",\"potentialAction\":[{\"@type\":\"ReadAction\",\"target\":[\"https:\/\/catalanfood.com\/latam\/nuestra-comida\/\"]}]},{\"@type\":\"ImageObject\",\"inLanguage\":\"es\",\"@id\":\"https:\/\/catalanfood.com\/latam\/nuestra-comida\/#primaryimage\",\"url\":\"https:\/\/catalanfood.com\/latam\/wp-content\/uploads\/sites\/6\/2024\/12\/detail-09-ico.svg\",\"contentUrl\":\"https:\/\/catalanfood.com\/latam\/wp-content\/uploads\/sites\/6\/2024\/12\/detail-09-ico.svg\"},{\"@type\":\"BreadcrumbList\",\"@id\":\"https:\/\/catalanfood.com\/latam\/nuestra-comida\/#breadcrumb\",\"itemListElement\":[{\"@type\":\"ListItem\",\"position\":1,\"name\":\"Home\",\"item\":\"https:\/\/catalanfood.com\/latam\/\"},{\"@type\":\"ListItem\",\"position\":2,\"name\":\"Nuestra Comida\"}]},{\"@type\":\"WebSite\",\"@id\":\"https:\/\/catalanfood.com\/latam\/#website\",\"url\":\"https:\/\/catalanfood.com\/latam\/\",\"name\":\"Catalan Food Latam\",\"description\":\"\",\"potentialAction\":[{\"@type\":\"SearchAction\",\"target\":{\"@type\":\"EntryPoint\",\"urlTemplate\":\"https:\/\/catalanfood.com\/latam\/?s={search_term_string}\"},\"query-input\":{\"@type\":\"PropertyValueSpecification\",\"valueRequired\":true,\"valueName\":\"search_term_string\"}}],\"inLanguage\":\"es\"}]}<\/script>\n<!-- \/ Yoast SEO plugin. -->","yoast_head_json":{"title":"Nuestra Comida | Catalan Food Latam","robots":{"index":"index","follow":"follow","max-snippet":"max-snippet:-1","max-image-preview":"max-image-preview:large","max-video-preview":"max-video-preview:-1"},"canonical":"https:\/\/catalanfood.com\/latam\/nuestra-comida\/","og_locale":"es_ES","og_type":"article","og_title":"Nuestra Comida | Catalan Food Latam","og_description":"Nuestra Comida Una despensa rica Catalu\u00f1a es la regi\u00f3n con la mayor biodiversidad de Europa, debido a su rica variedad de climas y paisajes. Produce muchos productos: aceite de oliva, vino, arroz, frutas (naranjas, melocotones, peras, manzanas, cerezas, fresas, almendras, etc.), todo tipo de carnes, productos l\u00e1cteos, pescado, verduras, etc. Productos ic\u00f3nicos catalanes Ajo de [&hellip;]","og_url":"https:\/\/catalanfood.com\/latam\/nuestra-comida\/","og_site_name":"Catalan Food Latam","article_modified_time":"2026-04-23T23:58:24+00:00","twitter_card":"summary_large_image","twitter_misc":{"Tiempo de lectura":"20 minutos"},"schema":{"@context":"https:\/\/schema.org","@graph":[{"@type":"WebPage","@id":"https:\/\/catalanfood.com\/latam\/nuestra-comida\/","url":"https:\/\/catalanfood.com\/latam\/nuestra-comida\/","name":"Nuestra Comida | Catalan Food Latam","isPartOf":{"@id":"https:\/\/catalanfood.com\/latam\/#website"},"primaryImageOfPage":{"@id":"https:\/\/catalanfood.com\/latam\/nuestra-comida\/#primaryimage"},"image":{"@id":"https:\/\/catalanfood.com\/latam\/nuestra-comida\/#primaryimage"},"thumbnailUrl":"https:\/\/catalanfood.com\/latam\/wp-content\/uploads\/sites\/6\/2024\/12\/detail-09-ico.svg","datePublished":"2024-12-01T11:41:39+00:00","dateModified":"2026-04-23T23:58:24+00:00","breadcrumb":{"@id":"https:\/\/catalanfood.com\/latam\/nuestra-comida\/#breadcrumb"},"inLanguage":"es","potentialAction":[{"@type":"ReadAction","target":["https:\/\/catalanfood.com\/latam\/nuestra-comida\/"]}]},{"@type":"ImageObject","inLanguage":"es","@id":"https:\/\/catalanfood.com\/latam\/nuestra-comida\/#primaryimage","url":"https:\/\/catalanfood.com\/latam\/wp-content\/uploads\/sites\/6\/2024\/12\/detail-09-ico.svg","contentUrl":"https:\/\/catalanfood.com\/latam\/wp-content\/uploads\/sites\/6\/2024\/12\/detail-09-ico.svg"},{"@type":"BreadcrumbList","@id":"https:\/\/catalanfood.com\/latam\/nuestra-comida\/#breadcrumb","itemListElement":[{"@type":"ListItem","position":1,"name":"Home","item":"https:\/\/catalanfood.com\/latam\/"},{"@type":"ListItem","position":2,"name":"Nuestra Comida"}]},{"@type":"WebSite","@id":"https:\/\/catalanfood.com\/latam\/#website","url":"https:\/\/catalanfood.com\/latam\/","name":"Catalan Food Latam","description":"","potentialAction":[{"@type":"SearchAction","target":{"@type":"EntryPoint","urlTemplate":"https:\/\/catalanfood.com\/latam\/?s={search_term_string}"},"query-input":{"@type":"PropertyValueSpecification","valueRequired":true,"valueName":"search_term_string"}}],"inLanguage":"es"}]}},"_links":{"self":[{"href":"https:\/\/catalanfood.com\/latam\/wp-json\/wp\/v2\/pages\/921","targetHints":{"allow":["GET"]}}],"collection":[{"href":"https:\/\/catalanfood.com\/latam\/wp-json\/wp\/v2\/pages"}],"about":[{"href":"https:\/\/catalanfood.com\/latam\/wp-json\/wp\/v2\/types\/page"}],"author":[{"embeddable":true,"href":"https:\/\/catalanfood.com\/latam\/wp-json\/wp\/v2\/users\/1"}],"replies":[{"embeddable":true,"href":"https:\/\/catalanfood.com\/latam\/wp-json\/wp\/v2\/comments?post=921"}],"version-history":[{"count":104,"href":"https:\/\/catalanfood.com\/latam\/wp-json\/wp\/v2\/pages\/921\/revisions"}],"predecessor-version":[{"id":7537,"href":"https:\/\/catalanfood.com\/latam\/wp-json\/wp\/v2\/pages\/921\/revisions\/7537"}],"wp:attachment":[{"href":"https:\/\/catalanfood.com\/latam\/wp-json\/wp\/v2\/media?parent=921"}],"curies":[{"name":"wp","href":"https:\/\/api.w.org\/{rel}","templated":true}]}}